{"id":9722,"date":"2021-01-24T21:55:18","date_gmt":"2021-01-24T19:55:18","guid":{"rendered":"http:\/\/www.trabajodeprocesos.net\/?post_type=tdp_event&#038;p=9722"},"modified":"2021-02-19T23:22:31","modified_gmt":"2021-02-19T21:22:31","slug":"tu-cuerpo-te-habla","status":"publish","type":"tdp_event","link":"https:\/\/www.trabajodeprocesos.net\/es\/event\/tu-cuerpo-te-habla\/","title":{"rendered":"TU CUERPO TE HABLA"},"content":{"rendered":"\n<p>A trav\u00e9s de este taller te invitamos a explorar las <strong>se\u00f1ales<\/strong> que emite tu cuerpo en forma de <strong>s\u00edntomas f\u00edsicos o sensaciones<\/strong>. Iremos <strong>m\u00e1s all\u00e1 de la incomodidad<\/strong> o el dolor para poder aprender los mensajes que traen. Al igual que nuestra mente o nuestras emociones, el cuerpo contiene informaci\u00f3n sobre nuestro<strong> proceso personal<\/strong> que podemos entender y utilizar en nuestro d\u00eda a d\u00eda.<\/p>\n\n\n\n<p>Usando la metodolog\u00eda de <strong>Trabajo de Procesos<\/strong> te acompa\u00f1aremos en la exploraci\u00f3n de tu proceso, a trav\u00e9s del cuerpo. Crearemos un espacio de <strong>seguridad e intimidad<\/strong> que te permita abrirte a la experiencia y <strong>disfrutar de las din\u00e1micas<\/strong> vivenciales que hemos preparado.<\/p>\n\n\n\n<h2 class=\"wp-block-heading\"><\/h2>\n\n\n\n<p class=\"has-text-align-center\"><strong>LA PROPUESTA<\/strong><\/p>\n\n\n\n<p>\u00bfAlguna vez te ha interesado conocer m\u00e1s sobre c\u00f3mo se comunica tu cuerpo? \u00bfHas pasado por enfermedades y quieres entender qu\u00e9 significado tienen en tu vida? \u00bfSientes cansancio u otras sensaciones inc\u00f3modas y quieres saber m\u00e1s acerca de ellas? Con esta propuesta intentaremos dar respuesta a estas y otras preguntas que tengan que ver con las se\u00f1ales f\u00edsicas que nos lanza el cuerpo.<\/p>\n\n\n\n<p>Te proponemos un taller dividido en dos sesiones los s\u00e1bados por la ma\u00f1ana. Las realizaremos de forma virtual a trav\u00e9s de Zoom. Durante el taller te ofreceremos un marco te\u00f3rico en el que moverte, para entrar a la parte pr\u00e1ctica\/vivencial y profundizar en ella.<\/p>\n\n\n\n<h2 class=\"wp-block-heading\"><\/h2>\n\n\n\n<p><strong>Fechas, horarios y precio<\/strong><\/p>\n\n\n\n<p>S\u00e1bados 6 y 13 de Marzo de 10:30 a 14:00<\/p>\n\n\n\n<p>25 euros por sesi\u00f3n (45 euros si haces las dos sesiones)<\/p>\n\n\n\n<h2 class=\"wp-block-heading\"><\/h2>\n\n\n\n<p><strong><a href=\"https:\/\/docs.google.com\/forms\/d\/e\/1FAIpQLSf20w6dDE6CG0B-dwMKLS5D1MK9Et0d-eZqEARFUqj1pUUavA\/viewform?usp=sf_link\">Inscripciones<\/a><\/strong><\/p>\n\n\n\n<h2 class=\"wp-block-heading\"><\/h2>\n\n\n\n<p>Fecha l\u00edmite: Mi\u00e9rcoles 3 de Marzo<\/p>\n\n\n\n<h2 class=\"wp-block-heading\"><\/h2>\n\n\n\n<p><strong>Informaci\u00f3n: <a href=\"mailto:susanafacilitacion@gmail.com\">susanafacilitacion@gmail.com<\/a> <\/strong><\/p>\n\n\n\n<h2 class=\"wp-block-heading\"><\/h2>\n\n\n\n<p class=\"has-text-align-center\"><strong>\u00bfQUI\u00c9NES SOMOS?<\/strong><\/p>\n\n\n\n<p><strong>Ra\u00fal Ram\u00edrez Lagar<\/strong><\/p>\n\n\n\n<p>Soy facilitador de grupos, tallerista y terapeuta. La comprensi\u00f3n del cuerpo es uno de los temas que m\u00e1s me interesan en mi estudio del ser humano. Creo que las se\u00f1ales f\u00edsicas nos traen una informaci\u00f3n muy novedosa e importante para nuestro proceso. Soy estudiante avanzado de la Escuela de Trabajo de Procesos y estudiante de Grado de Psicolog\u00eda. Tambi\u00e9n tengo un M\u00e1ster en PNL remodelada.<\/p>\n\n\n\n<p><strong>Susana Castro Le\u00f3n<\/strong><\/p>\n\n\n\n<p>Soy facilitadora de grupos y terapeuta estudiante avanzada de Trabajo de procesos, y estudiante del Grado Superior de Integraci\u00f3n social. Formadora por vocaci\u00f3n y pasi\u00f3n, he trabajado diferentes tem\u00e1ticas sobre facilitaci\u00f3n, emociones y relaciones. Actualmente trabajo como educadora en Centros Educativos con adolescencia con tema de Prevenci\u00f3n de violencia y Educaci\u00f3n Sexual.<\/p>\n\n\n\n<h2 class=\"wp-block-heading\"><\/h2>\n\n\n\n<p><em><strong>Estos talleres est\u00e1n impartidos por estudiantes avanzados de la Escuela de Trabajo de Procesos. <\/strong><\/em><\/p>\n","protected":false},"featured_media":9723,"template":"","class_list":["post-9722","tdp_event","type-tdp_event","status-publish","has-post-thumbnail","hentry"],"yoast_head":"<!-- This site is optimized with the Yoast SEO plugin v15.4 - https:\/\/yoast.com\/wordpress\/plugins\/seo\/ -->\n<title>TU CUERPO TE HABLA - Trabajo de Procesos<\/title>\n<meta name=\"robots\" content=\"index, follow, max-snippet:-1, max-image-preview:large, max-video-preview:-1\" \/>\n<link rel=\"canonical\" href=\"https:\/\/www.trabajodeprocesos.net\/es\/event\/tu-cuerpo-te-habla\/\" \/>\n<meta property=\"og:locale\" content=\"es_ES\" \/>\n<meta property=\"og:type\" content=\"article\" \/>\n<meta property=\"og:title\" content=\"TU CUERPO TE HABLA - Trabajo de Procesos\" \/>\n<meta property=\"og:description\" content=\"A trav\u00e9s de este taller te invitamos a explorar las se\u00f1ales que emite tu cuerpo en forma de s\u00edntomas f\u00edsicos o sensaciones. Iremos m\u00e1s all\u00e1 de la incomodidad o el dolor para poder aprender los mensajes que traen. Al igual que nuestra mente o nuestras emociones, el cuerpo contiene informaci\u00f3n sobre nuestro proceso personal que [&hellip;]\" \/>\n<meta property=\"og:url\" content=\"https:\/\/www.trabajodeprocesos.net\/es\/event\/tu-cuerpo-te-habla\/\" \/>\n<meta property=\"og:site_name\" content=\"Trabajo de Procesos\" \/>\n<meta property=\"article:modified_time\" content=\"2021-02-19T21:22:31+00:00\" \/>\n<meta property=\"og:image\" content=\"https:\/\/www.trabajodeprocesos.net\/wp-content\/uploads\/2021\/01\/tu-cuerpo-te-habla-HORIZONTAL.jpg\" \/>\n\t<meta property=\"og:image:width\" content=\"900\" \/>\n\t<meta property=\"og:image:height\" content=\"600\" \/>\n<meta name=\"twitter:card\" content=\"summary_large_image\" \/>\n<meta name=\"twitter:label1\" content=\"Escrito por\">\n\t<meta name=\"twitter:data1\" content=\"Admin\">\n\t<meta name=\"twitter:label2\" content=\"Tiempo de lectura\">\n\t<meta name=\"twitter:data2\" content=\"2 minutos\">\n<script type=\"application\/ld+json\" class=\"yoast-schema-graph\">{\"@context\":\"https:\/\/schema.org\",\"@graph\":[{\"@type\":\"WebSite\",\"@id\":\"https:\/\/www.trabajodeprocesos.net\/es\/#website\",\"url\":\"https:\/\/www.trabajodeprocesos.net\/es\/\",\"name\":\"Trabajo de Procesos\",\"description\":\"\",\"potentialAction\":[{\"@type\":\"SearchAction\",\"target\":\"https:\/\/www.trabajodeprocesos.net\/es\/?s={search_term_string}\",\"query-input\":\"required name=search_term_string\"}],\"inLanguage\":\"es\"},{\"@type\":\"ImageObject\",\"@id\":\"https:\/\/www.trabajodeprocesos.net\/es\/event\/tu-cuerpo-te-habla\/#primaryimage\",\"inLanguage\":\"es\",\"url\":\"https:\/\/www.trabajodeprocesos.net\/wp-content\/uploads\/2021\/01\/tu-cuerpo-te-habla-HORIZONTAL.jpg\",\"width\":900,\"height\":600},{\"@type\":\"WebPage\",\"@id\":\"https:\/\/www.trabajodeprocesos.net\/es\/event\/tu-cuerpo-te-habla\/#webpage\",\"url\":\"https:\/\/www.trabajodeprocesos.net\/es\/event\/tu-cuerpo-te-habla\/\",\"name\":\"TU CUERPO TE HABLA - Trabajo de Procesos\",\"isPartOf\":{\"@id\":\"https:\/\/www.trabajodeprocesos.net\/es\/#website\"},\"primaryImageOfPage\":{\"@id\":\"https:\/\/www.trabajodeprocesos.net\/es\/event\/tu-cuerpo-te-habla\/#primaryimage\"},\"datePublished\":\"2021-01-24T19:55:18+00:00\",\"dateModified\":\"2021-02-19T21:22:31+00:00\",\"inLanguage\":\"es\",\"potentialAction\":[{\"@type\":\"ReadAction\",\"target\":[\"https:\/\/www.trabajodeprocesos.net\/es\/event\/tu-cuerpo-te-habla\/\"]}]}]}<\/script>\n<!-- \/ Yoast SEO plugin. -->","_links":{"self":[{"href":"https:\/\/www.trabajodeprocesos.net\/es\/wp-json\/wp\/v2\/tdp_event\/9722","targetHints":{"allow":["GET"]}}],"collection":[{"href":"https:\/\/www.trabajodeprocesos.net\/es\/wp-json\/wp\/v2\/tdp_event"}],"about":[{"href":"https:\/\/www.trabajodeprocesos.net\/es\/wp-json\/wp\/v2\/types\/tdp_event"}],"version-history":[{"count":7,"href":"https:\/\/www.trabajodeprocesos.net\/es\/wp-json\/wp\/v2\/tdp_event\/9722\/revisions"}],"predecessor-version":[{"id":10176,"href":"https:\/\/www.trabajodeprocesos.net\/es\/wp-json\/wp\/v2\/tdp_event\/9722\/revisions\/10176"}],"wp:featuredmedia":[{"embeddable":true,"href":"https:\/\/www.trabajodeprocesos.net\/es\/wp-json\/wp\/v2\/media\/9723"}],"wp:attachment":[{"href":"https:\/\/www.trabajodeprocesos.net\/es\/wp-json\/wp\/v2\/media?parent=9722"}],"curies":[{"name":"wp","href":"https:\/\/api.w.org\/{rel}","templated":true}]}}