{"id":7386,"date":"2020-10-31T14:24:07","date_gmt":"2020-10-31T12:24:07","guid":{"rendered":"http:\/\/www.trabajodeprocesos.net\/?post_type=tdp_event&#038;p=7386"},"modified":"2020-10-31T14:24:08","modified_gmt":"2020-10-31T12:24:08","slug":"fundamentos-ano-base-2021","status":"publish","type":"tdp_event","link":"https:\/\/www.trabajodeprocesos.net\/es\/event\/fundamentos-ano-base-2021\/","title":{"rendered":"Fundamentos &#8211; A\u00f1o Base 2021"},"content":{"rendered":"\n<p>Este seminario marca el comienzo de la formaci\u00f3n y proporciona los fundamentos te\u00f3ricos b\u00e1sicos del Trabajo de Procesos, as\u00ed como la posibilidad de discutir un modelo orientado a procesos aplicado al individuo y la mente. <\/p>\n\n\n\n<p>Ser\u00e1 online debido a la situaci\u00f3n de restricciones actuales derivadas por la pandemia de la Covid 19. <\/p>\n\n\n\n<p>INSCRIPCIONES: <\/p>\n","protected":false},"featured_media":7387,"template":"","class_list":["post-7386","tdp_event","type-tdp_event","status-publish","has-post-thumbnail","hentry"],"yoast_head":"<!-- This site is optimized with the Yoast SEO plugin v15.4 - https:\/\/yoast.com\/wordpress\/plugins\/seo\/ -->\n<title>Fundamentos - A\u00f1o Base 2021 - Trabajo de Procesos<\/title>\n<meta name=\"robots\" content=\"index, follow, max-snippet:-1, max-image-preview:large, max-video-preview:-1\" \/>\n<link rel=\"canonical\" href=\"https:\/\/www.trabajodeprocesos.net\/es\/event\/fundamentos-ano-base-2021\/\" \/>\n<meta property=\"og:locale\" content=\"es_ES\" \/>\n<meta property=\"og:type\" content=\"article\" \/>\n<meta property=\"og:title\" content=\"Fundamentos - A\u00f1o Base 2021 - Trabajo de Procesos\" \/>\n<meta property=\"og:description\" content=\"Este seminario marca el comienzo de la formaci\u00f3n y proporciona los fundamentos te\u00f3ricos b\u00e1sicos del Trabajo de Procesos, as\u00ed como la posibilidad de discutir un modelo orientado a procesos aplicado al individuo y la mente. Ser\u00e1 online debido a la situaci\u00f3n de restricciones actuales derivadas por la pandemia de la Covid 19. INSCRIPCIONES:\" \/>\n<meta property=\"og:url\" content=\"https:\/\/www.trabajodeprocesos.net\/es\/event\/fundamentos-ano-base-2021\/\" \/>\n<meta property=\"og:site_name\" content=\"Trabajo de Procesos\" \/>\n<meta property=\"article:modified_time\" content=\"2020-10-31T12:24:08+00:00\" \/>\n<meta property=\"og:image\" content=\"https:\/\/www.trabajodeprocesos.net\/wp-content\/uploads\/2020\/10\/FUNDAMENTOS.jpg\" \/>\n\t<meta property=\"og:image:width\" content=\"967\" \/>\n\t<meta property=\"og:image:height\" content=\"725\" \/>\n<meta name=\"twitter:card\" content=\"summary_large_image\" \/>\n<meta name=\"twitter:label1\" content=\"Escrito por\">\n\t<meta name=\"twitter:data1\" content=\"Admin\">\n\t<meta name=\"twitter:label2\" content=\"Tiempo de lectura\">\n\t<meta name=\"twitter:data2\" content=\"0 minutos\">\n<script type=\"application\/ld+json\" class=\"yoast-schema-graph\">{\"@context\":\"https:\/\/schema.org\",\"@graph\":[{\"@type\":\"WebSite\",\"@id\":\"https:\/\/www.trabajodeprocesos.net\/es\/#website\",\"url\":\"https:\/\/www.trabajodeprocesos.net\/es\/\",\"name\":\"Trabajo de Procesos\",\"description\":\"\",\"potentialAction\":[{\"@type\":\"SearchAction\",\"target\":\"https:\/\/www.trabajodeprocesos.net\/es\/?s={search_term_string}\",\"query-input\":\"required name=search_term_string\"}],\"inLanguage\":\"es\"},{\"@type\":\"ImageObject\",\"@id\":\"https:\/\/www.trabajodeprocesos.net\/es\/event\/fundamentos-ano-base-2021\/#primaryimage\",\"inLanguage\":\"es\",\"url\":\"https:\/\/www.trabajodeprocesos.net\/wp-content\/uploads\/2020\/10\/FUNDAMENTOS.jpg\",\"width\":967,\"height\":725},{\"@type\":\"WebPage\",\"@id\":\"https:\/\/www.trabajodeprocesos.net\/es\/event\/fundamentos-ano-base-2021\/#webpage\",\"url\":\"https:\/\/www.trabajodeprocesos.net\/es\/event\/fundamentos-ano-base-2021\/\",\"name\":\"Fundamentos - A\\u00f1o Base 2021 - Trabajo de Procesos\",\"isPartOf\":{\"@id\":\"https:\/\/www.trabajodeprocesos.net\/es\/#website\"},\"primaryImageOfPage\":{\"@id\":\"https:\/\/www.trabajodeprocesos.net\/es\/event\/fundamentos-ano-base-2021\/#primaryimage\"},\"datePublished\":\"2020-10-31T12:24:07+00:00\",\"dateModified\":\"2020-10-31T12:24:08+00:00\",\"inLanguage\":\"es\",\"potentialAction\":[{\"@type\":\"ReadAction\",\"target\":[\"https:\/\/www.trabajodeprocesos.net\/es\/event\/fundamentos-ano-base-2021\/\"]}]}]}<\/script>\n<!-- \/ Yoast SEO plugin. -->","_links":{"self":[{"href":"https:\/\/www.trabajodeprocesos.net\/es\/wp-json\/wp\/v2\/tdp_event\/7386","targetHints":{"allow":["GET"]}}],"collection":[{"href":"https:\/\/www.trabajodeprocesos.net\/es\/wp-json\/wp\/v2\/tdp_event"}],"about":[{"href":"https:\/\/www.trabajodeprocesos.net\/es\/wp-json\/wp\/v2\/types\/tdp_event"}],"version-history":[{"count":3,"href":"https:\/\/www.trabajodeprocesos.net\/es\/wp-json\/wp\/v2\/tdp_event\/7386\/revisions"}],"predecessor-version":[{"id":11531,"href":"https:\/\/www.trabajodeprocesos.net\/es\/wp-json\/wp\/v2\/tdp_event\/7386\/revisions\/11531"}],"wp:featuredmedia":[{"embeddable":true,"href":"https:\/\/www.trabajodeprocesos.net\/es\/wp-json\/wp\/v2\/media\/7387"}],"wp:attachment":[{"href":"https:\/\/www.trabajodeprocesos.net\/es\/wp-json\/wp\/v2\/media?parent=7386"}],"curies":[{"name":"wp","href":"https:\/\/api.w.org\/{rel}","templated":true}]}}