{"id":16844,"date":"2023-02-03T19:26:02","date_gmt":"2023-02-03T17:26:02","guid":{"rendered":"http:\/\/www.trabajodeprocesos.net\/?post_type=tdp_event&#038;p=16844"},"modified":"2023-02-07T20:07:56","modified_gmt":"2023-02-07T18:07:56","slug":"maternidades-suenos-que-se-desbordan","status":"publish","type":"tdp_event","link":"https:\/\/www.trabajodeprocesos.net\/es\/event\/maternidades-suenos-que-se-desbordan\/","title":{"rendered":"\u201cMaternidades, sue\u00f1os que se desbordan\u201d"},"content":{"rendered":"\n<p>20\/02\/2023<\/p>\n\n\n\n<p>ONLINE<\/p>\n\n\n\n<p>ACTIVIDAD ORGANIZADA POR Eva S\u00e1nchez D\u00edaz y Mar\u00eda Samperio Zorraquino, Diplomada y Estudiante de TP, respectivamente,\u00a0 y socias del INSTITUTO DE TRABAJO DE PROCESOS<\/p>\n\n\n\n<p>\u201cMaternidades, sue\u00f1os que se desbordan\u201d es un espacio online de encuentro y compartires facilitado desde la mirada de Trabajo de Procesos. Un foro donde explorar colectivamente la diversidad de sue\u00f1os y l\u00edmites alrededor de las maternidades.<\/p>\n\n\n\n<p>Un lugar libre de juicio donde compartir, descubrir y apoyar diferentes caminos, sue\u00f1os, maneras de ser madres porque\u2026 \u00bfQu\u00e9 es ser madre? \u00bfC\u00f3mo te imaginabas, imaginas o sue\u00f1as tu maternidad? \u00bfQu\u00e9 modelos y referencias tenemos? \u00bfQu\u00e9 pasa cuando ese modelo no me encaja o no encajo en \u00e9l? \u00bfCu\u00e1l es la caja? \u00bfCu\u00e1les los sue\u00f1os?<\/p>\n\n\n\n<p>Con el deseo de ensanchar, ahondar y subvertir las maneras establecidas y normativas de ser madres.<\/p>\n\n\n\n<p>LA SESI\u00d3N SER\u00c1 A TRAV\u00c9S DE LA PLATAFORMA ZOOM<\/p>\n\n\n\n<p>HORARIO: 18:00-20:00<\/p>\n\n\n\n<p>PRECIO ESPECIAL: 5\u20ac<\/p>\n\n\n\n<p>+info: sanchezdiazeva@gmail.com \/\/ <a href=\"mailto:yensanchaelalma@gmail.com\">yensanchaelalma@gmail.com<\/a> \/\/ ig: @eva_sanchez_diaz<\/p>\n\n\n\n<p>Para participar, inscripci\u00f3n aqu\u00ed: <a href=\"https:\/\/forms.gle\/my28HLHesJNeWHSL9\">https:\/\/forms.gle\/my28HLHesJNeWHSL9<\/a><\/p>\n\n\n\n<p>\u00bfQUIENES SOMOS?<\/p>\n\n\n\n<p><strong>Eva Sanchez Diaz<\/strong><\/p>\n\n\n\n<p>Diplomada en Trabajo de Procesos y Democracia Profunda y actualmente parte del equipo de la Escuela de TP. Terapeuta individual, pareja y familias, as\u00ed como facilitadora de grupos y formadora. Doula, acompa\u00f1ante de procesos entorno a las maternidades desde una mirada de acompa\u00f1amiento terapeutico. Madre monomarental aut\u00f3noma. Curiosa, aventurera, amante de la creatividad, del movimiento y la danza. Larga experiencia en temas de violencia de g\u00e9nero, din\u00e1micas de poder y rango, trauma. En momento de abrirme a nuevos territorios en en el \u00e1mbito profesional<\/p>\n\n\n\n<p><strong>Mar\u00eda Samperio Zorraquino<\/strong><\/p>\n\n\n\n<p>Facilitadora de grupos y terapeuta. Estudiante avanzada de Trabajo de Procesos.<\/p>\n\n\n\n<p>Preocupada por lo que se queda en los m\u00e1rgenes, estudi\u00e9 Educaci\u00f3n Social y Psicopedagog\u00eda. Vivo en el campo y estoy implicada en proyectos colectivos agroecol\u00f3gicos y autogestionados. Madre. He acompa\u00f1ado, en grupo, a mi hija y a otres ni\u00f1es durante sus primeros a\u00f1os de infancia no escolarizada. En b\u00fasqueda de mayor libertad interna y desde la necesidad de herramientas para construir comunidad y apoyar los procesos colectivos, me acerqu\u00e9 a <em>Trabajo de Procesos<\/em>. Para celebrar (y no perder) la alegr\u00eda de vivir, bailo.<\/p>\n","protected":false},"featured_media":16845,"template":"","class_list":["post-16844","tdp_event","type-tdp_event","status-publish","has-post-thumbnail","hentry"],"yoast_head":"<!-- This site is optimized with the Yoast SEO plugin v15.4 - https:\/\/yoast.com\/wordpress\/plugins\/seo\/ -->\n<title>\u201cMaternidades, sue\u00f1os que se desbordan\u201d - Trabajo de Procesos<\/title>\n<meta name=\"robots\" content=\"index, follow, max-snippet:-1, max-image-preview:large, max-video-preview:-1\" \/>\n<link rel=\"canonical\" href=\"https:\/\/www.trabajodeprocesos.net\/es\/event\/maternidades-suenos-que-se-desbordan\/\" \/>\n<meta property=\"og:locale\" content=\"es_ES\" \/>\n<meta property=\"og:type\" content=\"article\" \/>\n<meta property=\"og:title\" content=\"\u201cMaternidades, sue\u00f1os que se desbordan\u201d - Trabajo de Procesos\" \/>\n<meta property=\"og:description\" content=\"20\/02\/2023 ONLINE ACTIVIDAD ORGANIZADA POR Eva S\u00e1nchez D\u00edaz y Mar\u00eda Samperio Zorraquino, Diplomada y Estudiante de TP, respectivamente,\u00a0 y socias del INSTITUTO DE TRABAJO DE PROCESOS \u201cMaternidades, sue\u00f1os que se desbordan\u201d es un espacio online de encuentro y compartires facilitado desde la mirada de Trabajo de Procesos. Un foro donde explorar colectivamente la diversidad de [&hellip;]\" \/>\n<meta property=\"og:url\" content=\"https:\/\/www.trabajodeprocesos.net\/es\/event\/maternidades-suenos-que-se-desbordan\/\" \/>\n<meta property=\"og:site_name\" content=\"Trabajo de Procesos\" \/>\n<meta property=\"article:modified_time\" content=\"2023-02-07T18:07:56+00:00\" \/>\n<meta property=\"og:image\" content=\"https:\/\/www.trabajodeprocesos.net\/wp-content\/uploads\/2023\/02\/Maternidades.-sue\u00f1os-que-se-desbordan-900-\u00d7-600-px.png\" \/>\n\t<meta property=\"og:image:width\" content=\"900\" \/>\n\t<meta property=\"og:image:height\" content=\"600\" \/>\n<meta name=\"twitter:card\" content=\"summary_large_image\" \/>\n<meta name=\"twitter:label1\" content=\"Escrito por\">\n\t<meta name=\"twitter:data1\" content=\"Instituto\">\n\t<meta name=\"twitter:label2\" content=\"Tiempo de lectura\">\n\t<meta name=\"twitter:data2\" content=\"2 minutos\">\n<script type=\"application\/ld+json\" class=\"yoast-schema-graph\">{\"@context\":\"https:\/\/schema.org\",\"@graph\":[{\"@type\":\"WebSite\",\"@id\":\"https:\/\/www.trabajodeprocesos.net\/es\/#website\",\"url\":\"https:\/\/www.trabajodeprocesos.net\/es\/\",\"name\":\"Trabajo de Procesos\",\"description\":\"\",\"potentialAction\":[{\"@type\":\"SearchAction\",\"target\":\"https:\/\/www.trabajodeprocesos.net\/es\/?s={search_term_string}\",\"query-input\":\"required name=search_term_string\"}],\"inLanguage\":\"es\"},{\"@type\":\"ImageObject\",\"@id\":\"https:\/\/www.trabajodeprocesos.net\/es\/event\/maternidades-suenos-que-se-desbordan\/#primaryimage\",\"inLanguage\":\"es\",\"url\":\"https:\/\/www.trabajodeprocesos.net\/wp-content\/uploads\/2023\/02\/Maternidades.-sue\\u00f1os-que-se-desbordan-900-\\u00d7-600-px.png\",\"width\":900,\"height\":600},{\"@type\":\"WebPage\",\"@id\":\"https:\/\/www.trabajodeprocesos.net\/es\/event\/maternidades-suenos-que-se-desbordan\/#webpage\",\"url\":\"https:\/\/www.trabajodeprocesos.net\/es\/event\/maternidades-suenos-que-se-desbordan\/\",\"name\":\"\\u201cMaternidades, sue\\u00f1os que se desbordan\\u201d - Trabajo de Procesos\",\"isPartOf\":{\"@id\":\"https:\/\/www.trabajodeprocesos.net\/es\/#website\"},\"primaryImageOfPage\":{\"@id\":\"https:\/\/www.trabajodeprocesos.net\/es\/event\/maternidades-suenos-que-se-desbordan\/#primaryimage\"},\"datePublished\":\"2023-02-03T17:26:02+00:00\",\"dateModified\":\"2023-02-07T18:07:56+00:00\",\"inLanguage\":\"es\",\"potentialAction\":[{\"@type\":\"ReadAction\",\"target\":[\"https:\/\/www.trabajodeprocesos.net\/es\/event\/maternidades-suenos-que-se-desbordan\/\"]}]}]}<\/script>\n<!-- \/ Yoast SEO plugin. -->","_links":{"self":[{"href":"https:\/\/www.trabajodeprocesos.net\/es\/wp-json\/wp\/v2\/tdp_event\/16844","targetHints":{"allow":["GET"]}}],"collection":[{"href":"https:\/\/www.trabajodeprocesos.net\/es\/wp-json\/wp\/v2\/tdp_event"}],"about":[{"href":"https:\/\/www.trabajodeprocesos.net\/es\/wp-json\/wp\/v2\/types\/tdp_event"}],"version-history":[{"count":5,"href":"https:\/\/www.trabajodeprocesos.net\/es\/wp-json\/wp\/v2\/tdp_event\/16844\/revisions"}],"predecessor-version":[{"id":16858,"href":"https:\/\/www.trabajodeprocesos.net\/es\/wp-json\/wp\/v2\/tdp_event\/16844\/revisions\/16858"}],"wp:featuredmedia":[{"embeddable":true,"href":"https:\/\/www.trabajodeprocesos.net\/es\/wp-json\/wp\/v2\/media\/16845"}],"wp:attachment":[{"href":"https:\/\/www.trabajodeprocesos.net\/es\/wp-json\/wp\/v2\/media?parent=16844"}],"curies":[{"name":"wp","href":"https:\/\/api.w.org\/{rel}","templated":true}]}}