{"id":16151,"date":"2022-11-18T11:17:17","date_gmt":"2022-11-18T09:17:17","guid":{"rendered":"http:\/\/www.trabajodeprocesos.net\/?post_type=tdp_event&#038;p=16151"},"modified":"2023-03-24T17:36:04","modified_gmt":"2023-03-24T15:36:04","slug":"curando-el-racismo","status":"publish","type":"tdp_event","link":"https:\/\/www.trabajodeprocesos.net\/es\/event\/curando-el-racismo\/","title":{"rendered":"Estar presente en la discriminaci\u00f3n sist\u00e9mica del racismo como aparece en nosotros mismos, en nuestras relaciones y en nuestra comunidad"},"content":{"rendered":"\n<p>16 a 19:30h<\/p>\n\n\n\n<p><strong>Sawubon<\/strong><strong>a<\/strong><\/p>\n\n\n\n<p><br><strong>Te damos la bienvenida <\/strong>a esta formaci\u00f3n de 2 clases creada para nuestra comunidad de aprendizaje (estudiantes del Programa del Diploma, estudiantes del Trianual, profesorado de la Facultad, profesorado m\u00e1s amplio, profesorado en formaci\u00f3n y todas las graduadas) con la visi\u00f3n de apoyarnos unos a otros, y a todos nosotros como comunidad, para estar presentes con todas las experiencias que surgen dentro nuestro, y entre nosotros, cuando nos encontramos cara a cara con la manifestaci\u00f3n de la discriminaci\u00f3n sist\u00e9mica del racismo en nosotros mismos, en nuestras relaciones y en nuestra comunidad.<\/p>\n\n\n\n<p><strong>Esperamos<\/strong> que ya est\u00e9s familiarizada con los diferentes t\u00e9rminos utilizados por Robin Di Angelo en sus libros sobre la fragilidad blanca y por Layla Saad en su cuaderno de trabajo sobre la supremac\u00eda blanca.<\/p>\n","protected":false},"featured_media":16145,"template":"","class_list":["post-16151","tdp_event","type-tdp_event","status-publish","has-post-thumbnail","hentry"],"yoast_head":"<!-- This site is optimized with the Yoast SEO plugin v15.4 - https:\/\/yoast.com\/wordpress\/plugins\/seo\/ -->\n<title>Estar presente en la discriminaci\u00f3n sist\u00e9mica del racismo como aparece en nosotros mismos, en nuestras relaciones y en nuestra comunidad - Trabajo de Procesos<\/title>\n<meta name=\"robots\" content=\"index, follow, max-snippet:-1, max-image-preview:large, max-video-preview:-1\" \/>\n<link rel=\"canonical\" href=\"https:\/\/www.trabajodeprocesos.net\/es\/event\/curando-el-racismo\/\" \/>\n<meta property=\"og:locale\" content=\"es_ES\" \/>\n<meta property=\"og:type\" content=\"article\" \/>\n<meta property=\"og:title\" content=\"Estar presente en la discriminaci\u00f3n sist\u00e9mica del racismo como aparece en nosotros mismos, en nuestras relaciones y en nuestra comunidad - Trabajo de Procesos\" \/>\n<meta property=\"og:description\" content=\"16 a 19:30h Sawubona Te damos la bienvenida a esta formaci\u00f3n de 2 clases creada para nuestra comunidad de aprendizaje (estudiantes del Programa del Diploma, estudiantes del Trianual, profesorado de la Facultad, profesorado m\u00e1s amplio, profesorado en formaci\u00f3n y todas las graduadas) con la visi\u00f3n de apoyarnos unos a otros, y a todos nosotros como [&hellip;]\" \/>\n<meta property=\"og:url\" content=\"https:\/\/www.trabajodeprocesos.net\/es\/event\/curando-el-racismo\/\" \/>\n<meta property=\"og:site_name\" content=\"Trabajo de Procesos\" \/>\n<meta property=\"article:modified_time\" content=\"2023-03-24T15:36:04+00:00\" \/>\n<meta property=\"og:image\" content=\"https:\/\/www.trabajodeprocesos.net\/wp-content\/uploads\/2022\/11\/Fundamentos.jpg\" \/>\n\t<meta property=\"og:image:width\" content=\"1000\" \/>\n\t<meta property=\"og:image:height\" content=\"600\" \/>\n<meta name=\"twitter:card\" content=\"summary_large_image\" \/>\n<meta name=\"twitter:label1\" content=\"Escrito por\">\n\t<meta name=\"twitter:data1\" content=\"Admin\">\n\t<meta name=\"twitter:label2\" content=\"Tiempo de lectura\">\n\t<meta name=\"twitter:data2\" content=\"1 minuto\">\n<script type=\"application\/ld+json\" class=\"yoast-schema-graph\">{\"@context\":\"https:\/\/schema.org\",\"@graph\":[{\"@type\":\"WebSite\",\"@id\":\"https:\/\/www.trabajodeprocesos.net\/es\/#website\",\"url\":\"https:\/\/www.trabajodeprocesos.net\/es\/\",\"name\":\"Trabajo de Procesos\",\"description\":\"\",\"potentialAction\":[{\"@type\":\"SearchAction\",\"target\":\"https:\/\/www.trabajodeprocesos.net\/es\/?s={search_term_string}\",\"query-input\":\"required name=search_term_string\"}],\"inLanguage\":\"es\"},{\"@type\":\"ImageObject\",\"@id\":\"https:\/\/www.trabajodeprocesos.net\/es\/event\/curando-el-racismo\/#primaryimage\",\"inLanguage\":\"es\",\"url\":\"https:\/\/www.trabajodeprocesos.net\/wp-content\/uploads\/2022\/11\/Fundamentos.jpg\",\"width\":1000,\"height\":600},{\"@type\":\"WebPage\",\"@id\":\"https:\/\/www.trabajodeprocesos.net\/es\/event\/curando-el-racismo\/#webpage\",\"url\":\"https:\/\/www.trabajodeprocesos.net\/es\/event\/curando-el-racismo\/\",\"name\":\"Estar presente en la discriminaci\\u00f3n sist\\u00e9mica del racismo como aparece en nosotros mismos, en nuestras relaciones y en nuestra comunidad - Trabajo de Procesos\",\"isPartOf\":{\"@id\":\"https:\/\/www.trabajodeprocesos.net\/es\/#website\"},\"primaryImageOfPage\":{\"@id\":\"https:\/\/www.trabajodeprocesos.net\/es\/event\/curando-el-racismo\/#primaryimage\"},\"datePublished\":\"2022-11-18T09:17:17+00:00\",\"dateModified\":\"2023-03-24T15:36:04+00:00\",\"inLanguage\":\"es\",\"potentialAction\":[{\"@type\":\"ReadAction\",\"target\":[\"https:\/\/www.trabajodeprocesos.net\/es\/event\/curando-el-racismo\/\"]}]}]}<\/script>\n<!-- \/ Yoast SEO plugin. -->","_links":{"self":[{"href":"https:\/\/www.trabajodeprocesos.net\/es\/wp-json\/wp\/v2\/tdp_event\/16151","targetHints":{"allow":["GET"]}}],"collection":[{"href":"https:\/\/www.trabajodeprocesos.net\/es\/wp-json\/wp\/v2\/tdp_event"}],"about":[{"href":"https:\/\/www.trabajodeprocesos.net\/es\/wp-json\/wp\/v2\/types\/tdp_event"}],"version-history":[{"count":13,"href":"https:\/\/www.trabajodeprocesos.net\/es\/wp-json\/wp\/v2\/tdp_event\/16151\/revisions"}],"predecessor-version":[{"id":17160,"href":"https:\/\/www.trabajodeprocesos.net\/es\/wp-json\/wp\/v2\/tdp_event\/16151\/revisions\/17160"}],"wp:featuredmedia":[{"embeddable":true,"href":"https:\/\/www.trabajodeprocesos.net\/es\/wp-json\/wp\/v2\/media\/16145"}],"wp:attachment":[{"href":"https:\/\/www.trabajodeprocesos.net\/es\/wp-json\/wp\/v2\/media?parent=16151"}],"curies":[{"name":"wp","href":"https:\/\/api.w.org\/{rel}","templated":true}]}}