{"id":12111,"date":"2021-09-14T12:28:22","date_gmt":"2021-09-14T10:28:22","guid":{"rendered":"http:\/\/www.trabajodeprocesos.net\/?post_type=tdp_event&#038;p=12111"},"modified":"2022-05-13T09:38:26","modified_gmt":"2022-05-13T07:38:26","slug":"seminario-worldwork-unidad-en-la-diversidad-2","status":"publish","type":"tdp_event","link":"https:\/\/www.trabajodeprocesos.net\/es\/event\/seminario-worldwork-unidad-en-la-diversidad-2\/","title":{"rendered":"Seminario: \u201cWorldwork\u201d -Sanaci\u00f3n y acci\u00f3n, dos caras de la misma moneda"},"content":{"rendered":"\n<h1 class=\"wp-block-heading\"><\/h1>\n\n\n\n<p class=\"has-text-align-center\"><strong>con Gill Emslie y Neus Andreu<\/strong><\/p>\n\n\n\n<p class=\"has-text-align-center\">El Caus de Mura &#8211; Mura, Barcelona<\/p>\n\n\n\n<p><strong>Sanaci\u00f3n y acci\u00f3n dos caras de la misma moneda. <em>Una formaci\u00f3n &nbsp;en \u201dWorldwork\u201d<\/em><\/strong><\/p>\n\n\n\n<p><em>\u00a0\u00a0\u00a0<\/em>En estos momentos de la historia todas somos necesarias. Debemos ir a fondo, enfrentar la dificultad y nuestros miedos m\u00e1s profundos, as\u00ed como nuestra rabia y nuestra desesperanza. Al mismo tiempo, debemos tomar partido y emprender acciones para promover cambios que hagan la vida en la tierra posible. No hay tiempo que perder.\u00a0 Hace falta profundizar y accionar.\u00a0<\/p>\n\n\n\n<figure class=\"wp-block-embed-youtube wp-block-embed is-type-video is-provider-youtube wp-embed-aspect-16-9 wp-has-aspect-ratio\"><div class=\"wp-block-embed__wrapper\">\n<iframe loading=\"lazy\" title=\"Seminario: \u201cWorldwork\u201d -Sanaci\u00f3n y acci\u00f3n, dos caras de la misma moneda\" width=\"1337\" height=\"752\" src=\"https:\/\/www.youtube.com\/embed\/FDjFeW-kDko?feature=oembed\" frameborder=\"0\" allow=\"accelerometer; autoplay; clipboard-write; encrypted-media; gyroscope; picture-in-picture\" allowfullscreen><\/iframe>\n<\/div><\/figure>\n\n\n\n<p>Durante el retiro vamos a ofrecer, por un lado, experiencias y herramientas para poder, de forma colectiva,ir a la ra\u00edz de las experiencias m\u00e1s dif\u00edciles a trav\u00e9s del ritual y la conexi\u00f3n con la naturaleza. Y por el otro, ofreceremos marcos que nos ayuden a creer en la necesidad de nuestra aportaci\u00f3n al cambio y nuestra capacidad de hacerlo efectivo.&nbsp;<\/p>\n\n\n\n<p>Para todo ello es fundamental la comunidad y romper el aislamiento. Y es por ello que este seminario est\u00e1 pensado en forma de retiro en la naturaleza para fomentar la conexi\u00f3n con el grupo y con la propia naturaleza.&nbsp;<\/p>\n\n\n\n<p>En este retiro utilizaremos herramientas del Trabajo de Procesos as\u00ed como la inspiraci\u00f3n de otras miradas y paradigmas, de nuestras propias experiencias de vida y las de las personas participantes todo ello con el prop\u00f3sito de activar la sabidur\u00eda que hay en nosotras y la inspiraci\u00f3n y la fuerza necesaria para ponerla al servicio del bien com\u00fan.<\/p>\n\n\n\n<p>\u00bfQu\u00e9 es worldwork?<\/p>\n\n\n\n<figure class=\"wp-block-embed-wordpress wp-block-embed is-type-wp-embed is-provider-trabajo-de-procesos\"><div class=\"wp-block-embed__wrapper\">\n<blockquote class=\"wp-embedded-content\" data-secret=\"zwx6N8rQnQ\"><a href=\"http:\/\/www.trabajodeprocesos.net\/es\/trabajo-de-procesos\/grupos-worldwork-y-foros-abiertos\/\">Grupos, WorldWork y Foros Abiertos<\/a><\/blockquote><iframe loading=\"lazy\" class=\"wp-embedded-content\" sandbox=\"allow-scripts\" security=\"restricted\" style=\"position: absolute; clip: rect(1px, 1px, 1px, 1px);\" title=\"\u00abGrupos, WorldWork y Foros Abiertos\u00bb \u2014 Trabajo de Procesos\" src=\"http:\/\/www.trabajodeprocesos.net\/es\/trabajo-de-procesos\/grupos-worldwork-y-foros-abiertos\/embed\/#?secret=zwx6N8rQnQ\" data-secret=\"zwx6N8rQnQ\" width=\"600\" height=\"338\" frameborder=\"0\" marginwidth=\"0\" marginheight=\"0\" scrolling=\"no\"><\/iframe>\n<\/div><\/figure>\n\n\n\n<p><\/p>\n\n\n\n<p><strong>SOBRE LAS FORMADORAS:<\/strong><\/p>\n\n\n\n<div class=\"wp-block-image\"><figure class=\"alignleft size-large is-resized\"><img loading=\"lazy\" decoding=\"async\" src=\"https:\/\/www.trabajodeprocesos.net\/wp-content\/uploads\/2022\/03\/Neus-7-1-1024x684.jpg\" alt=\"\" class=\"wp-image-13246\" width=\"178\" height=\"119\" srcset=\"https:\/\/www.trabajodeprocesos.net\/wp-content\/uploads\/2022\/03\/Neus-7-1-1024x684.jpg 1024w, https:\/\/www.trabajodeprocesos.net\/wp-content\/uploads\/2022\/03\/Neus-7-1-300x200.jpg 300w, https:\/\/www.trabajodeprocesos.net\/wp-content\/uploads\/2022\/03\/Neus-7-1-768x513.jpg 768w, https:\/\/www.trabajodeprocesos.net\/wp-content\/uploads\/2022\/03\/Neus-7-1-1536x1026.jpg 1536w, https:\/\/www.trabajodeprocesos.net\/wp-content\/uploads\/2022\/03\/Neus-7-1-2048x1368.jpg 2048w\" sizes=\"auto, (max-width: 178px) 100vw, 178px\" \/><\/figure><\/div>\n\n\n\n<p><strong>Neus Andreu<\/strong><\/p>\n\n\n\n<p>Facilitadora de grupos, formadora y consultora de organizaciones, tambi\u00e9n acompa\u00f1o a personas y parejas en su camino. Mi pasi\u00f3n es apoyar a organizaciones, comunidades, grupos e individuos en tiempos de cambio o crisis. Creo en los momentos dif\u00edciles y conf\u00edo en que, con el apoyo necesario, pueden convertirse en fuentes \u00fanicas de aprendizaje y desarrollo. Me fascina cuando la facilitaci\u00f3n convierte las tensiones en momentos de creatividad, llevando a las personas y a las organizaciones a avanzar y a acercarse a lo que realmente son.<\/p>\n\n\n\n<div class=\"wp-block-image\"><figure class=\"alignleft size-large is-resized\"><img loading=\"lazy\" decoding=\"async\" src=\"https:\/\/www.trabajodeprocesos.net\/wp-content\/uploads\/2022\/03\/gill-emslie-150x150-1.jpg\" alt=\"\" class=\"wp-image-13249\" width=\"168\" height=\"168\"\/><\/figure><\/div>\n\n\n\n<p><strong>Gill Emslie<\/strong><\/p>\n\n\n\n<p>Facilitadora, formadora y consultora internacional que trabaja en entornos que van desde las ONG, los sectores de la justicia social y medioambiental, hasta las empresas y el gobierno local. Trabaja a nivel internacional dirigiendo programas de formaci\u00f3n en profundidad y facilitando equipos de liderazgo. Su trabajo est\u00e1 orientado al proceso y es sist\u00e9mico, fomentando el cambio en individuos, equipos y organizaciones. Gill es miembro fundador del instituto para el trabajo de procesos y la democracia profunda en Barcelona.<\/p>\n\n\n\n<p><strong>Horario seminario:<\/strong><\/p>\n\n\n\n<p>Viernes 16-19:30h<\/p>\n\n\n\n<p>S\u00e1bado 10-14 Y 16-19:30h<\/p>\n\n\n\n<p>Domingo&nbsp; 10-14 Y 16-18h<\/p>\n\n\n\n<p><strong>Precio del seminario:<\/strong> 300 \u20ac <\/p>\n\n\n\n<p>(*) EARLY BIRD: 265\u20ac HASTA EL 8 DE MAYO INCLUIDO PARA ISNCRIPCIONES Y PAGOS HASTA ESTE D\u00cdA &#8211; SOLO PARA ESTUDIANTES FORMALES DE CENTROS ASOCIADOS A IAPOP)<\/p>\n\n\n\n<p>(**) Precio no incluye alojamiento ni comidas que han de gestionarse directamente con EL CAUS DE MURA o el alojamiento escogido por la persona participante.<\/p>\n\n\n\n<p><strong>Actividad presencial \/ residencial en <a href=\"http:\/\/elscaus.org\">El caus de Mura<\/a><\/strong> con opci\u00f3n a quedarse a dormir. <\/p>\n\n\n\n<p><\/p>\n\n\n\n<p><strong>Seminario bonificable&nbsp; para trabajadores en activo por cuenta ajena a trav\u00e9s de la&nbsp;<a href=\"http:\/\/www.fundae.es\/\">Fundae (FUNDACI\u00d3N TRIPARTITA).<\/a><\/strong><\/p>\n\n\n\n<p>(Para gestionarlo contactar con&nbsp;<a href=\"http:\/\/www.trabajodeprocesos.net\/webinar-resiliencia-interna-para-las-personas-y-el-planeta-4-6-de-diciembre-de-2020\/jgil@vfp.es\">Javier Gil&nbsp;<\/a>&nbsp;de&nbsp; la empresa EN CLAVE DE LUZ que se encarga de gestionarlo \u2013&nbsp;<a href=\"http:\/\/www.trabajodeprocesos.net\/wp-content\/uploads\/2021\/12\/Bonificaciones.pdf\">M\u00c1S INFORMACI\u00d3N EN ESTE PDF-DESC\u00c1RGALO<\/a><a href=\"http:\/\/www.trabajodeprocesos.net\/wp-content\/uploads\/2020\/01\/Bonificaciones.pdf\">)<\/a><\/p>\n\n\n\n<p><strong>IDIOMA DEL SEMINARIO:<\/strong><\/p>\n\n\n\n<p>Castellano sin traducci\u00f3n.<\/p>\n\n\n\n<p><strong>Ayudas <\/strong><\/p>\n\n\n\n<p>Si no puedes pagar la tarifa completa, puede registrarse pagando la cantidad que puedas pagar . Env\u00eda un correo electr\u00f3nico a Mar a info@trabajodeprocesos.net con una breve descripci\u00f3n de tus circunstancias y la cantidad que puedes pagar y para gestionar un intercambio.<\/p>\n\n\n\n<p>Co-organizado con Fil a l&#8217;Agulla Cooperativa &#8211; Forma parte del curso trienal de Facilitaci\u00f3n que co-organizamos con esta entidad.<\/p>\n\n\n\n<p>POL\u00cdTICAS DE CONTRATACI\u00d3N \/ CANCELACI\u00d3N: <a href=\"https:\/\/www.trabajodeprocesos.net\/es\/politica-de-pagos\/\">https:\/\/www.trabajodeprocesos.net\/es\/politica-de-pagos\/<\/a><\/p>\n\n\n\n<p><\/p>\n\n\n\n<p><\/p>\n\n\n\n<p><\/p>\n\n\n\n<p><strong>EL CAUS DE MURA Carrer del Sol, 1&nbsp;&nbsp;\u2013 08278&nbsp;&nbsp;MURA (5o km de Barcelona)<\/strong> web: <a href=\"http:\/\/elscaus.org\/\">http:\/\/elscaus.org\/<\/a><\/p>\n\n\n\n<p>FECHA L\u00cdMITE RESERVAS ALOJAMIENTO Y COMIDAS: 17 DE MAYO DE 2022<\/p>\n\n\n\n<figure class=\"wp-block-image size-large\"><img loading=\"lazy\" decoding=\"async\" width=\"600\" height=\"528\" src=\"https:\/\/www.trabajodeprocesos.net\/wp-content\/uploads\/2022\/03\/els-caus-de-mura-alberg-general-1.jpg\" alt=\"\" class=\"wp-image-13356\" srcset=\"https:\/\/www.trabajodeprocesos.net\/wp-content\/uploads\/2022\/03\/els-caus-de-mura-alberg-general-1.jpg 600w, https:\/\/www.trabajodeprocesos.net\/wp-content\/uploads\/2022\/03\/els-caus-de-mura-alberg-general-1-300x264.jpg 300w\" sizes=\"auto, (max-width: 600px) 100vw, 600px\" \/><\/figure>\n\n\n\n<p>REGISTRO Y CONTRATACI\u00d3N ALOJAMIENTO Y COMIDAS GESTIONADO POR EL CAUS DE MURA SOLAMENTE A TRAV\u00c9S DE <a href=\"https:\/\/docs.google.com\/forms\/d\/e\/1FAIpQLSchRMWXbWzNSnSgrDZfiPKNyWewTzQ1EPS18TyPqPFM4h_Yvg\/viewform?vc=0&amp;c=0&amp;w=1&amp;flr=0\">en este enlace<\/a>. <\/p>\n\n\n\n<p><strong>PRECIOS EL CAUS DE MURA: <\/strong><\/p>\n\n\n\n<p>El precio de la pensi\u00f3n completa es de 45\u20ac por adulto y d\u00eda. Las cenas y almuerzos \u00absueltos\u00bb est\u00e1n a 13\u20ac por persona, y los desayunos a 6\u20ac por persona. La tasa tur\u00edstica son 0,50 \u20ac por persona y noche a <strong>cargo de la persona participante. <\/strong><\/p>\n\n\n\n<p>NOTA: La Escuela solo gestiona la reserva y pago del SEMINARIO. Gracias<\/p>\n\n\n\n<figure class=\"wp-block-image size-large\"><img loading=\"lazy\" decoding=\"async\" width=\"724\" height=\"1024\" src=\"https:\/\/www.trabajodeprocesos.net\/wp-content\/uploads\/2022\/03\/1-724x1024.jpg\" alt=\"\" class=\"wp-image-13498\" srcset=\"https:\/\/www.trabajodeprocesos.net\/wp-content\/uploads\/2022\/03\/1-724x1024.jpg 724w, https:\/\/www.trabajodeprocesos.net\/wp-content\/uploads\/2022\/03\/1-212x300.jpg 212w, https:\/\/www.trabajodeprocesos.net\/wp-content\/uploads\/2022\/03\/1-768x1086.jpg 768w, https:\/\/www.trabajodeprocesos.net\/wp-content\/uploads\/2022\/03\/1-1086x1536.jpg 1086w, https:\/\/www.trabajodeprocesos.net\/wp-content\/uploads\/2022\/03\/1.jpg 1414w\" sizes=\"auto, (max-width: 724px) 100vw, 724px\" \/><\/figure>\n\n\n\n<p>DESCARGAR PDF <\/p>\n\n\n\n<p>Actualizado: 29 de marzo de 2022<\/p>\n","protected":false},"featured_media":13495,"template":"","class_list":["post-12111","tdp_event","type-tdp_event","status-publish","has-post-thumbnail","hentry"],"yoast_head":"<!-- This site is optimized with the Yoast SEO plugin v15.4 - https:\/\/yoast.com\/wordpress\/plugins\/seo\/ -->\n<title>Seminario: \u201cWorldwork\u201d -Sanaci\u00f3n y acci\u00f3n, dos caras de la misma moneda - Trabajo de Procesos<\/title>\n<meta name=\"robots\" content=\"index, follow, max-snippet:-1, max-image-preview:large, max-video-preview:-1\" \/>\n<link rel=\"canonical\" href=\"https:\/\/www.trabajodeprocesos.net\/es\/event\/seminario-worldwork-unidad-en-la-diversidad-2\/\" \/>\n<meta property=\"og:locale\" content=\"es_ES\" \/>\n<meta property=\"og:type\" content=\"article\" \/>\n<meta property=\"og:title\" content=\"Seminario: \u201cWorldwork\u201d -Sanaci\u00f3n y acci\u00f3n, dos caras de la misma moneda - Trabajo de Procesos\" \/>\n<meta property=\"og:description\" content=\"con Gill Emslie y Neus Andreu El Caus de Mura &#8211; Mura, Barcelona Sanaci\u00f3n y acci\u00f3n dos caras de la misma moneda. Una formaci\u00f3n &nbsp;en \u201dWorldwork\u201d \u00a0\u00a0\u00a0En estos momentos de la historia todas somos necesarias. Debemos ir a fondo, enfrentar la dificultad y nuestros miedos m\u00e1s profundos, as\u00ed como nuestra rabia y nuestra desesperanza. Al [&hellip;]\" \/>\n<meta property=\"og:url\" content=\"https:\/\/www.trabajodeprocesos.net\/es\/event\/seminario-worldwork-unidad-en-la-diversidad-2\/\" \/>\n<meta property=\"og:site_name\" content=\"Trabajo de Procesos\" \/>\n<meta property=\"article:modified_time\" content=\"2022-05-13T07:38:26+00:00\" \/>\n<meta property=\"og:image\" content=\"https:\/\/www.trabajodeprocesos.net\/wp-content\/uploads\/2021\/09\/seminar-es-2.png\" \/>\n\t<meta property=\"og:image:width\" content=\"412\" \/>\n\t<meta property=\"og:image:height\" content=\"235\" \/>\n<meta name=\"twitter:card\" content=\"summary_large_image\" \/>\n<meta name=\"twitter:label1\" content=\"Escrito por\">\n\t<meta name=\"twitter:data1\" content=\"Admin\">\n\t<meta name=\"twitter:label2\" content=\"Tiempo de lectura\">\n\t<meta name=\"twitter:data2\" content=\"3 minutos\">\n<script type=\"application\/ld+json\" class=\"yoast-schema-graph\">{\"@context\":\"https:\/\/schema.org\",\"@graph\":[{\"@type\":\"WebSite\",\"@id\":\"https:\/\/www.trabajodeprocesos.net\/es\/#website\",\"url\":\"https:\/\/www.trabajodeprocesos.net\/es\/\",\"name\":\"Trabajo de Procesos\",\"description\":\"\",\"potentialAction\":[{\"@type\":\"SearchAction\",\"target\":\"https:\/\/www.trabajodeprocesos.net\/es\/?s={search_term_string}\",\"query-input\":\"required name=search_term_string\"}],\"inLanguage\":\"es\"},{\"@type\":\"ImageObject\",\"@id\":\"https:\/\/www.trabajodeprocesos.net\/es\/event\/seminario-worldwork-unidad-en-la-diversidad-2\/#primaryimage\",\"inLanguage\":\"es\",\"url\":\"https:\/\/www.trabajodeprocesos.net\/wp-content\/uploads\/2021\/09\/seminar-es-2.png\",\"width\":412,\"height\":235},{\"@type\":\"WebPage\",\"@id\":\"https:\/\/www.trabajodeprocesos.net\/es\/event\/seminario-worldwork-unidad-en-la-diversidad-2\/#webpage\",\"url\":\"https:\/\/www.trabajodeprocesos.net\/es\/event\/seminario-worldwork-unidad-en-la-diversidad-2\/\",\"name\":\"Seminario: \\u201cWorldwork\\u201d -Sanaci\\u00f3n y acci\\u00f3n, dos caras de la misma moneda - Trabajo de Procesos\",\"isPartOf\":{\"@id\":\"https:\/\/www.trabajodeprocesos.net\/es\/#website\"},\"primaryImageOfPage\":{\"@id\":\"https:\/\/www.trabajodeprocesos.net\/es\/event\/seminario-worldwork-unidad-en-la-diversidad-2\/#primaryimage\"},\"datePublished\":\"2021-09-14T10:28:22+00:00\",\"dateModified\":\"2022-05-13T07:38:26+00:00\",\"inLanguage\":\"es\",\"potentialAction\":[{\"@type\":\"ReadAction\",\"target\":[\"https:\/\/www.trabajodeprocesos.net\/es\/event\/seminario-worldwork-unidad-en-la-diversidad-2\/\"]}]}]}<\/script>\n<!-- \/ Yoast SEO plugin. -->","_links":{"self":[{"href":"https:\/\/www.trabajodeprocesos.net\/es\/wp-json\/wp\/v2\/tdp_event\/12111","targetHints":{"allow":["GET"]}}],"collection":[{"href":"https:\/\/www.trabajodeprocesos.net\/es\/wp-json\/wp\/v2\/tdp_event"}],"about":[{"href":"https:\/\/www.trabajodeprocesos.net\/es\/wp-json\/wp\/v2\/types\/tdp_event"}],"version-history":[{"count":18,"href":"https:\/\/www.trabajodeprocesos.net\/es\/wp-json\/wp\/v2\/tdp_event\/12111\/revisions"}],"predecessor-version":[{"id":14025,"href":"https:\/\/www.trabajodeprocesos.net\/es\/wp-json\/wp\/v2\/tdp_event\/12111\/revisions\/14025"}],"wp:featuredmedia":[{"embeddable":true,"href":"https:\/\/www.trabajodeprocesos.net\/es\/wp-json\/wp\/v2\/media\/13495"}],"wp:attachment":[{"href":"https:\/\/www.trabajodeprocesos.net\/es\/wp-json\/wp\/v2\/media?parent=12111"}],"curies":[{"name":"wp","href":"https:\/\/api.w.org\/{rel}","templated":true}]}}