{"id":830,"date":"2020-02-26T17:32:24","date_gmt":"2020-02-26T15:32:24","guid":{"rendered":"http:\/\/www.trabajodeprocesos.net\/?page_id=830"},"modified":"2020-11-25T13:13:30","modified_gmt":"2020-11-25T11:13:30","slug":"gill-emslie","status":"publish","type":"page","link":"https:\/\/www.trabajodeprocesos.net\/es\/profesorado\/gill-emslie\/","title":{"rendered":"Gill Emslie"},"content":{"rendered":"\t\t<div data-elementor-type=\"wp-page\" data-elementor-id=\"830\" class=\"elementor elementor-830\" data-elementor-settings=\"[]\">\n\t\t\t\t\t\t<div class=\"elementor-inner\">\n\t\t\t\t\t\t\t<div class=\"elementor-section-wrap\">\n\t\t\t\t\t\t\t<section class=\"elementor-section elementor-top-section elementor-element elementor-element-4d0e1db elementor-section-boxed elementor-section-height-default elementor-section-height-default\" data-id=\"4d0e1db\" data-element_type=\"section\">\n\t\t\t\t\t\t<div class=\"elementor-container elementor-column-gap-default\">\n\t\t\t\t\t\t\t<div class=\"elementor-row\">\n\t\t\t\t\t<div class=\"elementor-column elementor-col-100 elementor-top-column elementor-element elementor-element-525c3e6\" data-id=\"525c3e6\" data-element_type=\"column\">\n\t\t\t<div class=\"elementor-column-wrap elementor-element-populated\">\n\t\t\t\t\t\t\t<div class=\"elementor-widget-wrap\">\n\t\t\t\t\t\t<div class=\"elementor-element elementor-element-a3417f7 elementor-widget elementor-widget-image\" data-id=\"a3417f7\" data-element_type=\"widget\" data-widget_type=\"image.default\">\n\t\t\t\t<div class=\"elementor-widget-container\">\n\t\t\t\t\t<div class=\"elementor-image\">\n\t\t\t\t\t\t\t\t\t\t<img loading=\"lazy\" decoding=\"async\" width=\"258\" height=\"258\" src=\"https:\/\/www.trabajodeprocesos.net\/wp-content\/uploads\/2019\/12\/gill-emslie.jpg\" class=\"attachment-large size-large\" alt=\"\" srcset=\"https:\/\/www.trabajodeprocesos.net\/wp-content\/uploads\/2019\/12\/gill-emslie.jpg 258w, https:\/\/www.trabajodeprocesos.net\/wp-content\/uploads\/2019\/12\/gill-emslie-150x150.jpg 150w\" sizes=\"auto, (max-width: 258px) 100vw, 258px\" \/>\t\t\t\t\t\t\t\t\t\t\t<\/div>\n\t\t\t\t<\/div>\n\t\t\t\t<\/div>\n\t\t\t\t\t\t<\/div>\n\t\t\t\t\t<\/div>\n\t\t<\/div>\n\t\t\t\t\t\t\t\t<\/div>\n\t\t\t\t\t<\/div>\n\t\t<\/section>\n\t\t\t\t<section class=\"elementor-section elementor-top-section elementor-element elementor-element-30d7032 elementor-section-narrow_boxed elementor-section-height-default elementor-section-height-default\" data-id=\"30d7032\" data-element_type=\"section\">\n\t\t\t\t\t\t<div class=\"elementor-container elementor-column-gap-default\">\n\t\t\t\t\t\t\t<div class=\"elementor-row\">\n\t\t\t\t\t<div class=\"elementor-column elementor-col-100 elementor-top-column elementor-element elementor-element-de91e3f\" data-id=\"de91e3f\" data-element_type=\"column\">\n\t\t\t<div class=\"elementor-column-wrap elementor-element-populated\">\n\t\t\t\t\t\t\t<div class=\"elementor-widget-wrap\">\n\t\t\t\t\t\t<div class=\"elementor-element elementor-element-ad3a448 elementor-widget__width-inherit elementor-widget elementor-widget-text-editor\" data-id=\"ad3a448\" data-element_type=\"widget\" data-widget_type=\"text-editor.default\">\n\t\t\t\t<div class=\"elementor-widget-container\">\n\t\t\t\t\t<div class=\"elementor-text-editor elementor-clearfix\"><p style=\"text-align: left;\"><br><\/p><p style=\"text-align: left;\">Gill trabaja internacionalmente como facilitadora de Trabajo de Procesos, formadora, coach y consultora. Gracias a su formaci\u00f3n en Processwork trabaja con un enfoque interdisciplinar facilitando el Liderazgo y el cambio en variedad de sectores; a nivel individual, organizacional y comunitario.<\/p>\n<p style=\"text-align: left;\">Como educadora Gill ha impartido cursos en educaci\u00f3n secundaria y universitaria en Europa, Asia, y Am\u00e9rica Latina. Se especializa en Programas intensivos en torno a temas como el Liderazgo, diversidad, facilitaci\u00f3n de conflictos y construcci\u00f3n de comunidades. Tambi\u00e9n colabora con redes locales, ONGs, y facilitando el di\u00e1logo en diversos sectores.<\/p>\n<p style=\"text-align: left;\">Tiene especial inter\u00e9s en la experiencia humana y c\u00f3mo esta se relaciona con los procesos de cambio social, la diversidad y la inclusi\u00f3n. Esto significa trabajar con din\u00e1micas de rango y poder en conexi\u00f3n con la experiencia corporal. Su deseo es ayudar a individuos, organizaciones y comunidades a reconocer y apoyar todo su potencial.<\/p>\n<p style=\"text-align: left;\">Gill est\u00e1 formada por el Instituto de Process Work, en Oregon (EEU) y en el Research Society for Process Oriented Psychology UK (Londres), Realiz\u00f3 du doctorado PhD en Dise\u00f1o Natural en la Universidad de Dundee (Escocia). Es terapeuta reconocida por UKCP (Reino Unido), supervisora y formadora de formadores. Gill es miembro fundadora del Instituto de Psicolog\u00eda Orientada a Procesos de Barcelona. Tambi\u00e9n ense\u00f1a en Reino Unido y en escuelas de Trabajo de Procesos en Italia.<\/p>\n<p style=\"text-align: left;\">Gill vive en Escocia y en Espa\u00f1a. En Findhorn, Escocia, es miembro fundadora de un peque\u00f1o proyecto ecol\u00f3gico de co-vivienda, de bajas emisiones de carbono.&nbsp; Es miembro de la Eco Aldea y Fundaci\u00f3n Findhorn, donde ha dise\u00f1ado e impartido cursos en facilitaci\u00f3n de conflictos y programas de Liderazgo para hu\u00e9spedes y l\u00edderes internacionales.<\/p>\n<p style=\"text-align: left;\">La fundaci\u00f3n de Findhorn es una ONG y un centro educativo respaldado por las Naciones Unidas, centr\u00e1ndose en temas de relevancia global, como sostenibilidad, medio ambiente, paz y asilo.<\/p>\n<p style=\"text-align: left;\">Donde sea que Gill se encuentre, nunca pierde la oportunidad de perderse en la naturaleza, de salir a caminar, navegar y hacer kayak.<\/p>\n<p style=\"text-align: left;\"><br><\/p>\n<p style=\"text-align: left;\"><br><\/p><\/div>\n\t\t\t\t<\/div>\n\t\t\t\t<\/div>\n\t\t\t\t\t\t<\/div>\n\t\t\t\t\t<\/div>\n\t\t<\/div>\n\t\t\t\t\t\t\t\t<\/div>\n\t\t\t\t\t<\/div>\n\t\t<\/section>\n\t\t\t\t\t\t<\/div>\n\t\t\t\t\t\t<\/div>\n\t\t\t\t\t<\/div>\n\t\t","protected":false},"excerpt":{"rendered":"<p>Gill trabaja internacionalmente como facilitadora de Trabajo de Procesos, formadora, coach y consultora. Gracias a su formaci\u00f3n en Processwork trabaja con un enfoque interdisciplinar facilitando el Liderazgo y el cambio en variedad de sectores; a nivel individual, organizacional y comunitario. Como educadora Gill ha impartido cursos en educaci\u00f3n secundaria y universitaria en Europa, Asia, y [&hellip;]<\/p>\n","protected":false},"author":2,"featured_media":0,"parent":518,"menu_order":0,"comment_status":"closed","ping_status":"closed","template":"","meta":{"footnotes":""},"class_list":["post-830","page","type-page","status-publish","hentry"],"yoast_head":"<!-- This site is optimized with the Yoast SEO plugin v15.4 - https:\/\/yoast.com\/wordpress\/plugins\/seo\/ -->\n<title>Gill Emslie - Trabajo de Procesos<\/title>\n<meta name=\"robots\" content=\"index, follow, max-snippet:-1, max-image-preview:large, max-video-preview:-1\" \/>\n<link rel=\"canonical\" href=\"https:\/\/www.trabajodeprocesos.net\/es\/profesorado\/gill-emslie\/\" \/>\n<meta property=\"og:locale\" content=\"es_ES\" \/>\n<meta property=\"og:type\" content=\"article\" \/>\n<meta property=\"og:title\" content=\"Gill Emslie - Trabajo de Procesos\" \/>\n<meta property=\"og:description\" content=\"Gill trabaja internacionalmente como facilitadora de Trabajo de Procesos, formadora, coach y consultora. Gracias a su formaci\u00f3n en Processwork trabaja con un enfoque interdisciplinar facilitando el Liderazgo y el cambio en variedad de sectores; a nivel individual, organizacional y comunitario. Como educadora Gill ha impartido cursos en educaci\u00f3n secundaria y universitaria en Europa, Asia, y [&hellip;]\" \/>\n<meta property=\"og:url\" content=\"https:\/\/www.trabajodeprocesos.net\/es\/profesorado\/gill-emslie\/\" \/>\n<meta property=\"og:site_name\" content=\"Trabajo de Procesos\" \/>\n<meta property=\"article:modified_time\" content=\"2020-11-25T11:13:30+00:00\" \/>\n<meta property=\"og:image\" content=\"http:\/\/www.trabajodeprocesos.net\/wp-content\/uploads\/2019\/12\/gill-emslie.jpg\" \/>\n<meta name=\"twitter:card\" content=\"summary_large_image\" \/>\n<meta name=\"twitter:label1\" content=\"Escrito por\">\n\t<meta name=\"twitter:data1\" content=\"Whads Media Studios\">\n\t<meta name=\"twitter:label2\" content=\"Tiempo de lectura\">\n\t<meta name=\"twitter:data2\" content=\"1 minuto\">\n<script type=\"application\/ld+json\" class=\"yoast-schema-graph\">{\"@context\":\"https:\/\/schema.org\",\"@graph\":[{\"@type\":\"WebSite\",\"@id\":\"https:\/\/www.trabajodeprocesos.net\/es\/#website\",\"url\":\"https:\/\/www.trabajodeprocesos.net\/es\/\",\"name\":\"Trabajo de Procesos\",\"description\":\"\",\"potentialAction\":[{\"@type\":\"SearchAction\",\"target\":\"https:\/\/www.trabajodeprocesos.net\/es\/?s={search_term_string}\",\"query-input\":\"required name=search_term_string\"}],\"inLanguage\":\"es\"},{\"@type\":\"ImageObject\",\"@id\":\"https:\/\/www.trabajodeprocesos.net\/es\/profesorado\/gill-emslie\/#primaryimage\",\"inLanguage\":\"es\",\"url\":\"http:\/\/www.trabajodeprocesos.net\/wp-content\/uploads\/2019\/12\/gill-emslie.jpg\"},{\"@type\":\"WebPage\",\"@id\":\"https:\/\/www.trabajodeprocesos.net\/es\/profesorado\/gill-emslie\/#webpage\",\"url\":\"https:\/\/www.trabajodeprocesos.net\/es\/profesorado\/gill-emslie\/\",\"name\":\"Gill Emslie - Trabajo de Procesos\",\"isPartOf\":{\"@id\":\"https:\/\/www.trabajodeprocesos.net\/es\/#website\"},\"primaryImageOfPage\":{\"@id\":\"https:\/\/www.trabajodeprocesos.net\/es\/profesorado\/gill-emslie\/#primaryimage\"},\"datePublished\":\"2020-02-26T15:32:24+00:00\",\"dateModified\":\"2020-11-25T11:13:30+00:00\",\"inLanguage\":\"es\",\"potentialAction\":[{\"@type\":\"ReadAction\",\"target\":[\"https:\/\/www.trabajodeprocesos.net\/es\/profesorado\/gill-emslie\/\"]}]}]}<\/script>\n<!-- \/ Yoast SEO plugin. -->","_links":{"self":[{"href":"https:\/\/www.trabajodeprocesos.net\/es\/wp-json\/wp\/v2\/pages\/830","targetHints":{"allow":["GET"]}}],"collection":[{"href":"https:\/\/www.trabajodeprocesos.net\/es\/wp-json\/wp\/v2\/pages"}],"about":[{"href":"https:\/\/www.trabajodeprocesos.net\/es\/wp-json\/wp\/v2\/types\/page"}],"author":[{"embeddable":true,"href":"https:\/\/www.trabajodeprocesos.net\/es\/wp-json\/wp\/v2\/users\/2"}],"replies":[{"embeddable":true,"href":"https:\/\/www.trabajodeprocesos.net\/es\/wp-json\/wp\/v2\/comments?post=830"}],"version-history":[{"count":8,"href":"https:\/\/www.trabajodeprocesos.net\/es\/wp-json\/wp\/v2\/pages\/830\/revisions"}],"predecessor-version":[{"id":7429,"href":"https:\/\/www.trabajodeprocesos.net\/es\/wp-json\/wp\/v2\/pages\/830\/revisions\/7429"}],"up":[{"embeddable":true,"href":"https:\/\/www.trabajodeprocesos.net\/es\/wp-json\/wp\/v2\/pages\/518"}],"wp:attachment":[{"href":"https:\/\/www.trabajodeprocesos.net\/es\/wp-json\/wp\/v2\/media?parent=830"}],"curies":[{"name":"wp","href":"https:\/\/api.w.org\/{rel}","templated":true}]}}