{"id":7587,"date":"2020-11-16T19:15:53","date_gmt":"2020-11-16T17:15:53","guid":{"rendered":"http:\/\/www.trabajodeprocesos.net\/?page_id=7587"},"modified":"2022-05-24T15:31:59","modified_gmt":"2022-05-24T13:31:59","slug":"sergio-barrientos","status":"publish","type":"page","link":"https:\/\/www.trabajodeprocesos.net\/es\/sergio-barrientos\/","title":{"rendered":"Sergio Barrientos"},"content":{"rendered":"\t\t<div data-elementor-type=\"wp-page\" data-elementor-id=\"7587\" class=\"elementor elementor-7587\" data-elementor-settings=\"[]\">\n\t\t\t\t\t\t<div class=\"elementor-inner\">\n\t\t\t\t\t\t\t<div class=\"elementor-section-wrap\">\n\t\t\t\t\t\t\t<section class=\"elementor-section elementor-top-section elementor-element elementor-element-b9f3863 elementor-section-boxed elementor-section-height-default elementor-section-height-default\" data-id=\"b9f3863\" data-element_type=\"section\">\n\t\t\t\t\t\t<div class=\"elementor-container elementor-column-gap-default\">\n\t\t\t\t\t\t\t<div class=\"elementor-row\">\n\t\t\t\t\t<div class=\"elementor-column elementor-col-100 elementor-top-column elementor-element elementor-element-4caf81b\" data-id=\"4caf81b\" data-element_type=\"column\">\n\t\t\t<div class=\"elementor-column-wrap elementor-element-populated\">\n\t\t\t\t\t\t\t<div class=\"elementor-widget-wrap\">\n\t\t\t\t\t\t<div class=\"elementor-element elementor-element-c98c407 elementor-widget elementor-widget-image\" data-id=\"c98c407\" data-element_type=\"widget\" data-widget_type=\"image.default\">\n\t\t\t\t<div class=\"elementor-widget-container\">\n\t\t\t\t\t<div class=\"elementor-image\">\n\t\t\t\t\t\t\t\t\t\t<img loading=\"lazy\" decoding=\"async\" width=\"150\" height=\"150\" src=\"https:\/\/www.trabajodeprocesos.net\/wp-content\/uploads\/2022\/05\/sergi-barrientos-150x150.jpg\" class=\"attachment-thumbnail size-thumbnail\" alt=\"\" \/>\t\t\t\t\t\t\t\t\t\t\t<\/div>\n\t\t\t\t<\/div>\n\t\t\t\t<\/div>\n\t\t\t\t\t\t<\/div>\n\t\t\t\t\t<\/div>\n\t\t<\/div>\n\t\t\t\t\t\t\t\t<\/div>\n\t\t\t\t\t<\/div>\n\t\t<\/section>\n\t\t\t\t<section class=\"elementor-section elementor-top-section elementor-element elementor-element-607a5fb elementor-section-narrow_boxed elementor-section-height-default elementor-section-height-default\" data-id=\"607a5fb\" data-element_type=\"section\">\n\t\t\t\t\t\t<div class=\"elementor-container elementor-column-gap-default\">\n\t\t\t\t\t\t\t<div class=\"elementor-row\">\n\t\t\t\t\t<div class=\"elementor-column elementor-col-100 elementor-top-column elementor-element elementor-element-0f823dd\" data-id=\"0f823dd\" data-element_type=\"column\">\n\t\t\t<div class=\"elementor-column-wrap elementor-element-populated\">\n\t\t\t\t\t\t\t<div class=\"elementor-widget-wrap\">\n\t\t\t\t\t\t<div class=\"elementor-element elementor-element-7b17742 elementor-widget elementor-widget-text-editor\" data-id=\"7b17742\" data-element_type=\"widget\" data-widget_type=\"text-editor.default\">\n\t\t\t\t<div class=\"elementor-widget-container\">\n\t\t\t\t\t<div class=\"elementor-text-editor elementor-clearfix\"><p>Diplomado en Trabajo de Procesos, Facilitador, Formador y Terapeuta, me apasiona el trabajo entorno a la diversidad, la transformaci\u00f3n comunitaria y organizacional, el poder y la resiliencia.<\/p><p>Una larga experiencia en movimientos sociales y proyectos entorno a la justicia social, as\u00ed como a\u00f1os viviendo y trabajando en diferentes partes del mundo con m\u00faltiples organizaciones y comunidades me han dado una consciencia transcultural y de las din\u00e1micas de privilegio, poder y marginaci\u00f3n.<\/p><p>Miembro fundador del Proyecto Go Deep reconocido con el GENE Global Education Innovation Award \u201817, trabajo actualmente con organizaciones, refugiados y temas relacionados con los hombres, la relaci\u00f3n entre hombres y la violencia.\u00a0<\/p><p>Amo el estudio y la investigaci\u00f3n de los diferentes m\u00e9todos y perspectivas de facilitaci\u00f3n, del arte y de la monta\u00f1a.<\/p><p><strong>Email: sergiproces@gmail.com<\/strong><\/p><p><a href=\"https:\/\/www.linkedin.com\/in\/sergi-barrientos-299a2a161\">linkedin.com\/in\/sergi-barrientos-299a2a161<\/a><\/p><p><a href=\"https:\/\/godeepproject.org\/\">https:\/\/godeepproject.org\/<\/a><\/p><\/div>\n\t\t\t\t<\/div>\n\t\t\t\t<\/div>\n\t\t\t\t\t\t<\/div>\n\t\t\t\t\t<\/div>\n\t\t<\/div>\n\t\t\t\t\t\t\t\t<\/div>\n\t\t\t\t\t<\/div>\n\t\t<\/section>\n\t\t\t\t<section class=\"elementor-section elementor-top-section elementor-element elementor-element-893573f elementor-section-boxed elementor-section-height-default elementor-section-height-default\" data-id=\"893573f\" data-element_type=\"section\">\n\t\t\t\t\t\t<div class=\"elementor-container elementor-column-gap-default\">\n\t\t\t\t\t\t\t<div class=\"elementor-row\">\n\t\t\t\t\t<div class=\"elementor-column elementor-col-100 elementor-top-column elementor-element elementor-element-71b5090\" data-id=\"71b5090\" data-element_type=\"column\">\n\t\t\t<div class=\"elementor-column-wrap elementor-element-populated\">\n\t\t\t\t\t\t\t<div class=\"elementor-widget-wrap\">\n\t\t\t\t\t\t<div class=\"elementor-element elementor-element-e716783 elementor-widget elementor-widget-spacer\" data-id=\"e716783\" data-element_type=\"widget\" data-widget_type=\"spacer.default\">\n\t\t\t\t<div class=\"elementor-widget-container\">\n\t\t\t\t\t<div class=\"elementor-spacer\">\n\t\t\t<div class=\"elementor-spacer-inner\"><\/div>\n\t\t<\/div>\n\t\t\t\t<\/div>\n\t\t\t\t<\/div>\n\t\t\t\t\t\t<\/div>\n\t\t\t\t\t<\/div>\n\t\t<\/div>\n\t\t\t\t\t\t\t\t<\/div>\n\t\t\t\t\t<\/div>\n\t\t<\/section>\n\t\t\t\t\t\t<\/div>\n\t\t\t\t\t\t<\/div>\n\t\t\t\t\t<\/div>\n\t\t","protected":false},"excerpt":{"rendered":"<p>Diplomado en Trabajo de Procesos, Facilitador, Formador y Terapeuta, me apasiona el trabajo entorno a la diversidad, la transformaci\u00f3n comunitaria y organizacional, el poder y la resiliencia. Una larga experiencia en movimientos sociales y proyectos entorno a la justicia social, as\u00ed como a\u00f1os viviendo y trabajando en diferentes partes del mundo con m\u00faltiples organizaciones y [&hellip;]<\/p>\n","protected":false},"author":2,"featured_media":0,"parent":0,"menu_order":0,"comment_status":"closed","ping_status":"closed","template":"","meta":{"footnotes":""},"class_list":["post-7587","page","type-page","status-publish","hentry"],"yoast_head":"<!-- This site is optimized with the Yoast SEO plugin v15.4 - https:\/\/yoast.com\/wordpress\/plugins\/seo\/ -->\n<title>Sergio Barrientos - Trabajo de Procesos<\/title>\n<meta name=\"robots\" content=\"index, follow, max-snippet:-1, max-image-preview:large, max-video-preview:-1\" \/>\n<link rel=\"canonical\" href=\"https:\/\/www.trabajodeprocesos.net\/es\/sergio-barrientos\/\" \/>\n<meta property=\"og:locale\" content=\"es_ES\" \/>\n<meta property=\"og:type\" content=\"article\" \/>\n<meta property=\"og:title\" content=\"Sergio Barrientos - Trabajo de Procesos\" \/>\n<meta property=\"og:description\" content=\"Diplomado en Trabajo de Procesos, Facilitador, Formador y Terapeuta, me apasiona el trabajo entorno a la diversidad, la transformaci\u00f3n comunitaria y organizacional, el poder y la resiliencia. Una larga experiencia en movimientos sociales y proyectos entorno a la justicia social, as\u00ed como a\u00f1os viviendo y trabajando en diferentes partes del mundo con m\u00faltiples organizaciones y [&hellip;]\" \/>\n<meta property=\"og:url\" content=\"https:\/\/www.trabajodeprocesos.net\/es\/sergio-barrientos\/\" \/>\n<meta property=\"og:site_name\" content=\"Trabajo de Procesos\" \/>\n<meta property=\"article:modified_time\" content=\"2022-05-24T13:31:59+00:00\" \/>\n<meta property=\"og:image\" content=\"http:\/\/www.trabajodeprocesos.net\/wp-content\/uploads\/2022\/05\/sergi-barrientos-150x150.jpg\" \/>\n<meta name=\"twitter:card\" content=\"summary_large_image\" \/>\n<meta name=\"twitter:label1\" content=\"Escrito por\">\n\t<meta name=\"twitter:data1\" content=\"Whads Media Studios\">\n\t<meta name=\"twitter:label2\" content=\"Tiempo de lectura\">\n\t<meta name=\"twitter:data2\" content=\"1 minuto\">\n<script type=\"application\/ld+json\" class=\"yoast-schema-graph\">{\"@context\":\"https:\/\/schema.org\",\"@graph\":[{\"@type\":\"WebSite\",\"@id\":\"https:\/\/www.trabajodeprocesos.net\/es\/#website\",\"url\":\"https:\/\/www.trabajodeprocesos.net\/es\/\",\"name\":\"Trabajo de Procesos\",\"description\":\"\",\"potentialAction\":[{\"@type\":\"SearchAction\",\"target\":\"https:\/\/www.trabajodeprocesos.net\/es\/?s={search_term_string}\",\"query-input\":\"required name=search_term_string\"}],\"inLanguage\":\"es\"},{\"@type\":\"ImageObject\",\"@id\":\"https:\/\/www.trabajodeprocesos.net\/es\/sergio-barrientos\/#primaryimage\",\"inLanguage\":\"es\",\"url\":\"http:\/\/www.trabajodeprocesos.net\/wp-content\/uploads\/2022\/05\/sergi-barrientos-150x150.jpg\"},{\"@type\":\"WebPage\",\"@id\":\"https:\/\/www.trabajodeprocesos.net\/es\/sergio-barrientos\/#webpage\",\"url\":\"https:\/\/www.trabajodeprocesos.net\/es\/sergio-barrientos\/\",\"name\":\"Sergio Barrientos - Trabajo de Procesos\",\"isPartOf\":{\"@id\":\"https:\/\/www.trabajodeprocesos.net\/es\/#website\"},\"primaryImageOfPage\":{\"@id\":\"https:\/\/www.trabajodeprocesos.net\/es\/sergio-barrientos\/#primaryimage\"},\"datePublished\":\"2020-11-16T17:15:53+00:00\",\"dateModified\":\"2022-05-24T13:31:59+00:00\",\"inLanguage\":\"es\",\"potentialAction\":[{\"@type\":\"ReadAction\",\"target\":[\"https:\/\/www.trabajodeprocesos.net\/es\/sergio-barrientos\/\"]}]}]}<\/script>\n<!-- \/ Yoast SEO plugin. -->","_links":{"self":[{"href":"https:\/\/www.trabajodeprocesos.net\/es\/wp-json\/wp\/v2\/pages\/7587","targetHints":{"allow":["GET"]}}],"collection":[{"href":"https:\/\/www.trabajodeprocesos.net\/es\/wp-json\/wp\/v2\/pages"}],"about":[{"href":"https:\/\/www.trabajodeprocesos.net\/es\/wp-json\/wp\/v2\/types\/page"}],"author":[{"embeddable":true,"href":"https:\/\/www.trabajodeprocesos.net\/es\/wp-json\/wp\/v2\/users\/2"}],"replies":[{"embeddable":true,"href":"https:\/\/www.trabajodeprocesos.net\/es\/wp-json\/wp\/v2\/comments?post=7587"}],"version-history":[{"count":8,"href":"https:\/\/www.trabajodeprocesos.net\/es\/wp-json\/wp\/v2\/pages\/7587\/revisions"}],"predecessor-version":[{"id":14193,"href":"https:\/\/www.trabajodeprocesos.net\/es\/wp-json\/wp\/v2\/pages\/7587\/revisions\/14193"}],"wp:attachment":[{"href":"https:\/\/www.trabajodeprocesos.net\/es\/wp-json\/wp\/v2\/media?parent=7587"}],"curies":[{"name":"wp","href":"https:\/\/api.w.org\/{rel}","templated":true}]}}