{"id":639,"date":"2019-12-09T13:16:59","date_gmt":"2019-12-09T11:16:59","guid":{"rendered":"http:\/\/www.trabajodeprocesos.net\/?page_id=639"},"modified":"2025-01-27T12:17:20","modified_gmt":"2025-01-27T10:17:20","slug":"curso-trienal-de-facilitacion","status":"publish","type":"page","link":"https:\/\/www.trabajodeprocesos.net\/es\/programas-de-formacion\/curso-trienal-de-facilitacion\/","title":{"rendered":"Curso trienal de Facilitaci\u00f3n"},"content":{"rendered":"\t\t<div data-elementor-type=\"wp-page\" data-elementor-id=\"639\" class=\"elementor elementor-639\" data-elementor-settings=\"[]\">\n\t\t\t\t\t\t<div class=\"elementor-inner\">\n\t\t\t\t\t\t\t<div class=\"elementor-section-wrap\">\n\t\t\t\t\t\t\t<section class=\"elementor-section elementor-top-section elementor-element elementor-element-189366d elementor-section-narrow_boxed elementor-section-height-default elementor-section-height-default\" data-id=\"189366d\" data-element_type=\"section\">\n\t\t\t\t\t\t<div class=\"elementor-container elementor-column-gap-default\">\n\t\t\t\t\t\t\t<div class=\"elementor-row\">\n\t\t\t\t\t<div class=\"elementor-column elementor-col-100 elementor-top-column elementor-element elementor-element-70b265b\" data-id=\"70b265b\" data-element_type=\"column\">\n\t\t\t<div class=\"elementor-column-wrap elementor-element-populated\">\n\t\t\t\t\t\t\t<div class=\"elementor-widget-wrap\">\n\t\t\t\t\t\t<div class=\"elementor-element elementor-element-013cdad elementor-widget elementor-widget-heading\" data-id=\"013cdad\" data-element_type=\"widget\" data-widget_type=\"heading.default\">\n\t\t\t\t<div class=\"elementor-widget-container\">\n\t\t\t<h2 class=\"elementor-heading-title elementor-size-default\">Descripci\u00f3n del curso<\/h2>\t\t<\/div>\n\t\t\t\t<\/div>\n\t\t\t\t<div class=\"elementor-element elementor-element-12de674 elementor-widget elementor-widget-text-editor\" data-id=\"12de674\" data-element_type=\"widget\" data-widget_type=\"text-editor.default\">\n\t\t\t\t<div class=\"elementor-widget-container\">\n\t\t\t\t\t<div class=\"elementor-text-editor elementor-clearfix\"><blockquote><p><strong>7\u00aa edici\u00f3n<\/strong><\/p><\/blockquote><blockquote><p><strong style=\"font-family: inherit; font-size: inherit;\">Facilitaci\u00f3n de grupos. Aportando conciencia y creciendo con la diversidad<\/strong><\/p><\/blockquote><p>En 2025 iniciamos el s\u00e9ptimo a\u00f1o del Curso Trienal de Facilitaci\u00f3n de Grupos: Aportando conciencia y creciendo con la diversidad.<\/p><p>Desde hace a\u00f1os, Fil a l&#8217;agulla hemos impartido cursos de introducci\u00f3n y anuales de facilitaci\u00f3n de grupos. La gran respuesta y entusiasmo que han recibido estas formaciones, la demanda de profundizar m\u00e1s de muchas participantes, as\u00ed como la necesidad que vemos en la situaci\u00f3n pol\u00edtica y social actual de ofrecer herramientas que ayuden a promover soluciones que vayan a la ra\u00edz de los problemas y capaces de trabajar en un ambiente altamente polarizado, es lo que nos motiva a ofrecer esa formaci\u00f3n.<\/p><p>Estos estudios de 3 a\u00f1os son una coproducci\u00f3n de Fil a l&#8217;agulla y la Escuela del Instituto de Trabajo de Procesos y Democracia Profunda, instituci\u00f3n pionera en la formaci\u00f3n en Trabajo de Procesos en el Estado y cuenta con el apoyo de profesorado con larga experiencia en la docencia y en la pr\u00e1ctica de la facilitaci\u00f3n en todo tipo de contextos.<\/p><p>Se trata de una formaci\u00f3n arraigada en el territorio, enriquecida con visiones y experiencias de otras realidades y contextos.<\/p><p>Queremos que contribuya a la creciente necesidad de alimentar y complementar las diversas metodolog\u00edas y planteamientos de la participaci\u00f3n ciudadana, el desarrollo organizacional y la gesti\u00f3n de conflictos con un paradigma que, m\u00e1s all\u00e1 de la b\u00fasqueda de soluciones inmediatas, pueda tambi\u00e9n facilitar la toma de conciencia y, con ella, promover salidas sostenibles y de largo plazo a los problemas y retos de las organizaciones, comunidades, grupos y sociedad.<\/p><p><strong>Estructura<\/strong><\/p><p>Formaci\u00f3n de 3 a\u00f1os y 3 meses con espacios te\u00f3ricos y pr\u00e1cticos, grupos de iguales, sesiones individuales, mentor\u00edas, espacios de pr\u00e1cticas y supervisiones, trabajo final y ex\u00e1menes. La duraci\u00f3n est\u00e1 condicionada al cumplimiento de los requisitos.<\/p><p><span style=\"color: inherit; font-family: inherit; font-size: inherit; font-weight: inherit;\">Si necesitas m\u00e1s informaci\u00f3n, puedes escribir directamente a <\/span><a style=\"background-color: #ffffff;\" href=\"https:\/\/filalagulla.org\/es\/formacions\/curso-trienal-de-facilitacion-de-grupos-barcelona\/escolafil@filalagulla.org\">escolafil@filalagulla.org<\/a><\/p><\/div>\n\t\t\t\t<\/div>\n\t\t\t\t<\/div>\n\t\t\t\t<div class=\"elementor-element elementor-element-0b772b7 elementor-aspect-ratio-169 elementor-widget elementor-widget-video\" data-id=\"0b772b7\" data-element_type=\"widget\" data-settings=\"{&quot;aspect_ratio&quot;:&quot;169&quot;}\" data-widget_type=\"video.default\">\n\t\t\t\t<div class=\"elementor-widget-container\">\n\t\t\t\t\t<div class=\"elementor-wrapper elementor-fit-aspect-ratio elementor-open-inline\">\n\t\t\t<iframe class=\"elementor-video-iframe\" allowfullscreen title=\"Reproductor de v\u00eddeo youtube\" src=\"https:\/\/www.youtube.com\/embed\/sr9fxUyIN40?feature=oembed&amp;start&amp;end&amp;wmode=opaque&amp;loop=0&amp;controls=1&amp;mute=0&amp;rel=0&amp;modestbranding=0\"><\/iframe>\t\t<\/div>\n\t\t\t\t<\/div>\n\t\t\t\t<\/div>\n\t\t\t\t\t\t<\/div>\n\t\t\t\t\t<\/div>\n\t\t<\/div>\n\t\t\t\t\t\t\t\t<\/div>\n\t\t\t\t\t<\/div>\n\t\t<\/section>\n\t\t\t\t<section class=\"elementor-section elementor-top-section elementor-element elementor-element-ccfc71e elementor-section-narrow_boxed elementor-section-height-default elementor-section-height-default\" data-id=\"ccfc71e\" data-element_type=\"section\" data-settings=\"{&quot;background_background&quot;:&quot;classic&quot;}\">\n\t\t\t\t\t\t<div class=\"elementor-container elementor-column-gap-default\">\n\t\t\t\t\t\t\t<div class=\"elementor-row\">\n\t\t\t\t\t<div class=\"elementor-column elementor-col-100 elementor-top-column elementor-element elementor-element-7b80884\" data-id=\"7b80884\" data-element_type=\"column\">\n\t\t\t<div class=\"elementor-column-wrap elementor-element-populated\">\n\t\t\t\t\t\t\t<div class=\"elementor-widget-wrap\">\n\t\t\t\t\t\t<div class=\"elementor-element elementor-element-3666f90 elementor-widget elementor-widget-heading\" data-id=\"3666f90\" data-element_type=\"widget\" data-widget_type=\"heading.default\">\n\t\t\t\t<div class=\"elementor-widget-container\">\n\t\t\t<h2 class=\"elementor-heading-title elementor-size-default\">A qui\u00e9n va dirigida y requisitos de entrada<\/h2>\t\t<\/div>\n\t\t\t\t<\/div>\n\t\t\t\t<div class=\"elementor-element elementor-element-592cb1f elementor-widget elementor-widget-image\" data-id=\"592cb1f\" data-element_type=\"widget\" data-widget_type=\"image.default\">\n\t\t\t\t<div class=\"elementor-widget-container\">\n\t\t\t\t\t<div class=\"elementor-image\">\n\t\t\t\t\t\t\t\t\t\t<img loading=\"lazy\" decoding=\"async\" width=\"1024\" height=\"1024\" src=\"https:\/\/www.trabajodeprocesos.net\/wp-content\/uploads\/2025\/01\/triennal-1-1024x1024.png\" class=\"attachment-large size-large\" alt=\"\" srcset=\"https:\/\/www.trabajodeprocesos.net\/wp-content\/uploads\/2025\/01\/triennal-1-1024x1024.png 1024w, https:\/\/www.trabajodeprocesos.net\/wp-content\/uploads\/2025\/01\/triennal-1-300x300.png 300w, https:\/\/www.trabajodeprocesos.net\/wp-content\/uploads\/2025\/01\/triennal-1-150x150.png 150w, https:\/\/www.trabajodeprocesos.net\/wp-content\/uploads\/2025\/01\/triennal-1-768x768.png 768w, https:\/\/www.trabajodeprocesos.net\/wp-content\/uploads\/2025\/01\/triennal-1.png 1080w\" sizes=\"auto, (max-width: 1024px) 100vw, 1024px\" \/>\t\t\t\t\t\t\t\t\t\t\t<\/div>\n\t\t\t\t<\/div>\n\t\t\t\t<\/div>\n\t\t\t\t<div class=\"elementor-element elementor-element-a2f8e5d elementor-widget elementor-widget-text-editor\" data-id=\"a2f8e5d\" data-element_type=\"widget\" data-widget_type=\"text-editor.default\">\n\t\t\t\t<div class=\"elementor-widget-container\">\n\t\t\t\t\t<div class=\"elementor-text-editor elementor-clearfix\"><section style=\"box-sizing: inherit; margin-top: 2.35294rem; margin-bottom: 2.35294rem; color: #1d1c19; font-family: Roboto, sans-serif; font-size: 17px; background-color: #ffffff;\"><div style=\"box-sizing: inherit; margin: 0px auto; padding: 0px; max-width: 64.7059rem; display: flex; flex-flow: row wrap;\"><div style=\"box-sizing: inherit; margin: 0px; padding: 0px 1.17647rem; flex: 0 0 100%; min-width: 0px; max-width: 100%;\"><p style=\"box-sizing: inherit; margin-right: 0px; margin-bottom: 1rem; margin-left: 0px; padding: 0px; line-height: 1.35em; text-rendering: optimizelegibility;\"><span style=\"box-sizing: inherit; font-size: 18pt;\"><strong style=\"box-sizing: inherit; line-height: inherit;\">A qui\u00e9n va dirigida y requisitos de entrada<\/strong><\/span><\/p><p>Esta formaci\u00f3n va dirigida a personas que deseen desarrollarse profesional y personalmente para incluir la facilitaci\u00f3n y nuevas herramientas de liderazgo en sus contextos.<\/p><p>Personas que trabajan en el \u00e1mbito social, comunitario o de la participaci\u00f3n ciudadana, en el \u00e1mbito de la educaci\u00f3n, personas que lideran o coordinan equipos y\/u organizaciones, miembros de organizaciones y colectivos que quieren promover la democracia interna y la autogesti\u00f3n, personas emprendedoras, consultoras y coach, y personas que trabajan por el cambio social, entre otros.<\/p><p>Esta formaci\u00f3n es para ti si quieres incluir las herramientas de la facilitaci\u00f3n y el liderazgo consciente en tu vida y que te apoye el desarrollo personal y de tu rol profesional.<\/p><p>El proceso de admisi\u00f3n consta de una entrevista y, a partir de ah\u00ed, se toma una decisi\u00f3n sobre la admisi\u00f3n de la persona al curso. \u00c9sta tiene un coste de 65 euros.<\/p><\/div><\/div><\/section><section style=\"box-sizing: inherit; margin-top: 2.35294rem; margin-bottom: 2.35294rem; color: #1d1c19; font-family: Roboto, sans-serif; font-size: 17px; background-color: #ffffff;\"><div style=\"box-sizing: inherit; margin: 0px auto; padding: 0px; max-width: 64.7059rem; display: flex; flex-flow: row wrap;\"><div style=\"box-sizing: inherit; margin: 0px; padding: 0px 1.17647rem; flex: 0 0 100%; min-width: 0px; max-width: 100%;\"><p style=\"box-sizing: inherit; margin-right: 0px; margin-bottom: 1rem; margin-left: 0px; padding: 0px; line-height: 1.35em; text-rendering: optimizelegibility;\"><span style=\"box-sizing: inherit; font-size: 18pt;\"><strong style=\"box-sizing: inherit; line-height: inherit;\">Programa y calendario<\/strong><\/span><\/p><\/div><\/div><\/section><div style=\"box-sizing: inherit; padding: 0px; font-size: 17px; color: #1d1c19; font-family: Roboto, sans-serif; background-color: #ffffff; margin: -30px !important 0px 21.7391px 0px;\"><div style=\"box-sizing: inherit; margin: 0px; padding: 0px 0px 0px 24.2px; cursor: pointer; position: relative; user-select: none;\"><p>La formaci\u00f3n ofrece un conocimiento profundo y completo de la facilitaci\u00f3n orientada a procesos, en contextos de grupo y de diversidad, teniendo en cuenta la interseccionalidad y la mirada restaurativa. La formaci\u00f3n est\u00e1 orientada a la pr\u00e1ctica y en contacto con la realidad actual para facilitar la aplicaci\u00f3n de todo lo que vayamos aprendiendo.<\/p><p>Cada a\u00f1o el contenido versa en diferentes \u00e1reas clave para el desarrollo de las habilidades y conocimientos necesarios. Durante 2025 trabajaremos la distinci\u00f3n entre la facilitaci\u00f3n orientada a objetivos concretos hacia la facilitaci\u00f3n de procesos que tiene como objetivo la toma de conciencia y el trabajo momento a momento.<\/p><p>Introduciremos la idea del campo que sue\u00f1a (\u201cdreaming field\u201d), los procesos m\u00edticos y su importancia a la hora de acompa\u00f1ar a los grupos. Pondremos el foco en la relaci\u00f3n entre el mundo interior y el mundo exterior, y c\u00f3mo esta relaci\u00f3n es fundamental para poder facilitar.<\/p><p>Daremos herramientas y marcos \u00fatiles para trabajar con organizaciones de todo tipo (ONG, administraciones, entidades, empresas\u2026) en torno a diferentes temas: trabajo en equipo, roles m\u00faltiples, sue\u00f1os y mitos de la organizaci\u00f3n.<\/p><\/div><div style=\"box-sizing: inherit; margin: 1em 0px 21.7391px; padding: 0px 0px 0px 24.2px; overflow: hidden;\"><p style=\"box-sizing: inherit; margin-right: 0px; margin-bottom: 1rem; margin-left: 0px; padding: 0px; line-height: 1.35em; text-rendering: optimizelegibility;\">Trabajaremos la distinci\u00f3n entre la facilitaci\u00f3n orientada a objetivos concretos hacia la facilitaci\u00f3n de procesos que tiene como objetivo la toma de conciencia y el trabajo momento a momento. Tambi\u00e9n se trabajar\u00e1 la conciencia de los sue\u00f1os altos y su relaci\u00f3n con los sue\u00f1os bajos y la desesperanza. Introduciremos la idea del campo que sue\u00f1a (\u201cdreaming field\u201d), los procesos m\u00edticos y su importancia a la hora de acompa\u00f1ar a los grupos. Por \u00faltimo, tambi\u00e9n la relaci\u00f3n entre el mundo interior y el mundo exterior, y c\u00f3mo esta relaci\u00f3n es fundamental para poder facilitar.<\/p><p style=\"margin-top: 0px; margin-bottom: 1rem; letter-spacing: 0.15px; font-weight: 400; overflow-wrap: break-word !important; font-family: Inter, sans-serif !important; font-size: 18px !important; line-height: 32px !important; color: #233d41 !important;\"><span style=\"font-weight: bolder;\">&gt;&gt;&gt; Consulta aqu\u00ed el\u00a0<\/span><a href=\"https:\/\/filalagulla.org\/web\/content\/59863?unique=25c07794fe452b29175f8f5bdd98fa96fc6c1ec8\" target=\"_blank\" rel=\"noopener\">programa del curso<\/a><span style=\"font-weight: bolder;\"><u>.<\/u><u><\/u><\/span><\/p><p style=\"margin-top: 0px; margin-bottom: 1rem; letter-spacing: 0.15px; font-weight: 400; overflow-wrap: break-word !important; font-family: Inter, sans-serif !important; font-size: 18px !important; line-height: 32px !important; color: #233d41 !important;\"><strong style=\"font-family: inherit; font-size: inherit;\">&gt;&gt;&gt;\u00a0Consulta aqu\u00ed el <\/strong><a href=\"https:\/\/filalagulla.org\/curs-triennal-de-facilitacio-de-grups-continguts-pedagogics\">Contenido pedag\u00f3gico<\/a><\/p><p style=\"margin-top: 0px; margin-bottom: 1rem; letter-spacing: 0.15px; font-weight: 400; overflow-wrap: break-word !important; font-family: Inter, sans-serif !important; font-size: 18px !important; line-height: 32px !important; color: #233d41 !important;\"><strong style=\"font-family: inherit; font-size: inherit;\">M\u00f3dulos y d\u00edas de formaci\u00f3n 2025:<\/strong><\/p><p style=\"margin-top: 0px; margin-bottom: 1rem; letter-spacing: 0.15px; font-weight: 400; overflow-wrap: break-word !important; font-family: Inter, sans-serif !important; font-size: 18px !important; line-height: 32px !important; color: #233d41 !important;\"><span style=\"color: inherit; font-family: inherit; font-size: inherit; font-weight: inherit;\">Jueves 16 de enero de 16h a 18h: espacio de bienvenida para las nuevas estudiantes<\/span><\/p><\/div><div style=\"box-sizing: inherit; margin: 0px; padding: 0px 0px 0px 24.2px; cursor: pointer; position: relative; user-select: none;\"><p>M\u00f3dulo 1 \u21d2 \u201cLas ra\u00edces del trabajo de procesos aplicado a la facilitaci\u00f3n de grupos y el trabajo interior de quien facilita\u201d<\/p><p>Viernes 17 y s\u00e1bado 18 de enero<\/p><p>D\u00eda de formaci\u00f3n 1: \u00abHerramientas para seguir el proceso e identificar la estructura\u00bb<\/p><p>Viernes 7 de febrero<\/p><p>M\u00f3dulo 2 \u21d2 \u201cEl propio conflicto y el trabajo con los cr\u00edticos\u201d<\/p><p>Viernes 28 de febrero y s\u00e1bado 1 de marzo<\/p><p>D\u00eda de formaci\u00f3n 2: \u00abPracticando el propio conflicto\u00bb<\/p><p>Viernes 11 de abril<\/p><p>M\u00f3dulo 3 \u21d2 \u201cEl grupo como sistema: el trabajo con los roles y el campo grupal\u201d<\/p><p>Viernes 9 y s\u00e1bado 10 de mayo<\/p><p>D\u00eda de formaci\u00f3n 3: \u201cEntrenando la facilitaci\u00f3n de un proceso de grupo\u201d<\/p><p>Viernes 6 de junio<\/p><p>M\u00f3dulo 4 \u21d2 \u201cPrepar\u00e1ndose para facilitar: los roles m\u00faltiples y el trabajo en equipo\u201d<\/p><p>Viernes 19 y s\u00e1bado 20 de septiembre<\/p><p>D\u00eda de formaci\u00f3n 4: \u00abPreparando el terreno para facilitar\u201c<\/p><p>Viernes 17 de octubre<\/p><p>M\u00f3dulo 5 \u21d2 \u201cEl trabajo con el mito\u201d<\/p><p>Viernes 7 y s\u00e1bado 8 de noviembre.<\/p><p>D\u00eda de formaci\u00f3n 5: Espacio de supervisi\u00f3n en vivo y examen te\u00f3rico.<\/p><p>Viernes 12 de diciembre<\/p><p>Grupos de supervisi\u00f3n en vivo:<\/p><p>Grupo de supervisi\u00f3n en vivo 1 : S\u00e1bado 12 de abril<br \/>Grupo de supervisi\u00f3n en vivo 2: S\u00e1bado 7 de junio <br \/>Grupo de supervisi\u00f3n en vivo 3: S\u00e1bado 18 de octubre <br \/>Grupo de supervisi\u00f3n en vivo 4: Domingo 9 de noviembre <br \/>Grupo de supervisi\u00f3n en vivo 5: S\u00e1bado 13 de diciembre<\/p><\/div><\/div><section style=\"box-sizing: inherit; margin-top: 2.35294rem; margin-bottom: 2.35294rem; background-color: #ffffff;\"><div style=\"box-sizing: inherit; margin: 0px auto; padding: 0px; max-width: 64.7059rem; display: flex; flex-flow: wrap;\"><div style=\"box-sizing: inherit; margin: 0px; padding: 0px 1.17647rem; flex: 0 0 100%; min-width: 0px; max-width: 100%;\"><p style=\"color: #1d1c19; font-family: Roboto, sans-serif; font-size: 17px; box-sizing: inherit; margin-right: 0px; margin-bottom: 1rem; margin-left: 0px; padding: 0px; line-height: 1.35em; text-rendering: optimizelegibility;\"><span style=\"box-sizing: inherit; font-size: 18pt;\"><strong style=\"box-sizing: inherit; line-height: inherit;\">Precios y opciones de pago<\/strong><\/span><\/p><p style=\"box-sizing: inherit; margin: 0px 0px 1rem; padding: 0px; line-height: 1.35em; text-rendering: optimizelegibility;\"><span style=\"color: #1d1c19; font-family: Roboto, sans-serif;\"><span style=\"font-size: 17px;\">Precios:<\/span><\/span><\/p><p style=\"box-sizing: inherit; margin: 0px 0px 1rem; padding: 0px; line-height: 1.35em; text-rendering: optimizelegibility;\"><span style=\"font-size: 17px; color: #1d1c19; font-family: Roboto, sans-serif; font-weight: inherit;\">Matr\u00edcula anual: 250 \u20ac (necesario para formalizar la inscripci\u00f3n al curso)<\/span><\/p><p style=\"box-sizing: inherit; margin: 0px 0px 1rem; padding: 0px; line-height: 1.35em; text-rendering: optimizelegibility;\"><span style=\"color: #1d1c19; font-family: Roboto, sans-serif;\"><span style=\"font-size: 17px;\">\u00a0<\/span><\/span><\/p><p style=\"box-sizing: inherit; margin: 0px 0px 1rem; padding: 0px; line-height: 1.35em; text-rendering: optimizelegibility;\"><span style=\"color: #1d1c19; font-family: Roboto, sans-serif;\"><span style=\"font-size: 17px;\">A\u00f1o 1: 2.935 \u20ac\u00a0<\/span><\/span><\/p><p style=\"box-sizing: inherit; margin: 0px 0px 1rem; padding: 0px; line-height: 1.35em; text-rendering: optimizelegibility;\"><span style=\"color: #1d1c19; font-family: Roboto, sans-serif;\"><span style=\"font-size: 17px;\">A\u00f1o 2: 3.625 \u20ac\u00a0<\/span><\/span><\/p><p style=\"box-sizing: inherit; margin: 0px 0px 1rem; padding: 0px; line-height: 1.35em; text-rendering: optimizelegibility;\"><span style=\"color: #1d1c19; font-family: Roboto, sans-serif;\"><span style=\"font-size: 17px;\">A\u00f1o 3: 3.975 \u20ac<\/span><\/span><\/p><p style=\"box-sizing: inherit; margin: 0px 0px 1rem; padding: 0px; line-height: 1.35em; text-rendering: optimizelegibility;\"><span style=\"color: #1d1c19; font-family: Roboto, sans-serif;\"><span style=\"font-size: 17px;\">Ex\u00e1menes finales: 630 \u20ac<\/span><\/span><\/p><p style=\"box-sizing: inherit; margin: 0px 0px 1rem; padding: 0px; line-height: 1.35em; text-rendering: optimizelegibility;\"><span style=\"color: #1d1c19; font-family: Roboto, sans-serif;\"><span style=\"font-size: 17px;\">\u00a0<\/span><\/span><\/p><p style=\"box-sizing: inherit; margin: 0px 0px 1rem; padding: 0px; line-height: 1.35em; text-rendering: optimizelegibility;\"><span style=\"color: #1d1c19; font-family: Roboto, sans-serif;\"><span style=\"font-size: 17px;\">El precio total (11.915\u20ac) puede variar ligeramente seg\u00fan el itinerario formativo seguido.\u00a0<\/span><\/span><\/p><p style=\"box-sizing: inherit; margin: 0px 0px 1rem; padding: 0px; line-height: 1.35em; text-rendering: optimizelegibility;\"><span style=\"color: #1d1c19; font-family: Roboto, sans-serif;\"><span style=\"font-size: 17px;\">\u00a0<\/span><\/span><\/p><p style=\"box-sizing: inherit; margin: 0px 0px 1rem; padding: 0px; line-height: 1.35em; text-rendering: optimizelegibility;\"><span style=\"color: #1d1c19; font-family: Roboto, sans-serif;\"><span style=\"font-size: 17px;\">Fraccionamiento:\u00a0<\/span><\/span><\/p><p style=\"box-sizing: inherit; margin: 0px 0px 1rem; padding: 0px; line-height: 1.35em; text-rendering: optimizelegibility;\"><span style=\"color: #1d1c19; font-family: Roboto, sans-serif;\"><span style=\"font-size: 17px;\">\u00a0<\/span><\/span><\/p><p style=\"box-sizing: inherit; margin: 0px 0px 1rem; padding: 0px; line-height: 1.35em; text-rendering: optimizelegibility;\"><span style=\"color: #1d1c19; font-family: Roboto, sans-serif;\"><span style=\"font-size: 17px;\">Ofrecemos la posibilidad de fraccionar en 10 cuotas el coste del curso, sin coste adicional:\u00a0<\/span><\/span><\/p><p style=\"box-sizing: inherit; margin: 0px 0px 1rem; padding: 0px; line-height: 1.35em; text-rendering: optimizelegibility;\"><span style=\"color: #1d1c19; font-family: Roboto, sans-serif;\"><span style=\"font-size: 17px;\">\u00a0<\/span><\/span><\/p><p style=\"box-sizing: inherit; margin: 0px 0px 1rem; padding: 0px; line-height: 1.35em; text-rendering: optimizelegibility;\"><span style=\"color: #1d1c19; font-family: Roboto, sans-serif;\"><span style=\"font-size: 17px;\">A\u00f1o 1: 10 cuotas de 293,5 \u20ac\u00a0<\/span><\/span><\/p><p style=\"box-sizing: inherit; margin: 0px 0px 1rem; padding: 0px; line-height: 1.35em; text-rendering: optimizelegibility;\"><span style=\"color: #1d1c19; font-family: Roboto, sans-serif;\"><span style=\"font-size: 17px;\">A\u00f1o 2: 10 cuotas de 362,5 \u20ac<\/span><\/span><\/p><p style=\"box-sizing: inherit; margin: 0px 0px 1rem; padding: 0px; line-height: 1.35em; text-rendering: optimizelegibility;\"><span style=\"color: #1d1c19; font-family: Roboto, sans-serif;\"><span style=\"font-size: 17px;\">A\u00f1o 3: 10 cuotas de 397,5 \u20ac<\/span><\/span><\/p><p style=\"box-sizing: inherit; margin: 0px 0px 1rem; padding: 0px; line-height: 1.35em; text-rendering: optimizelegibility;\"><span style=\"color: #1d1c19; font-family: Roboto, sans-serif;\"><span style=\"font-size: 17px;\">Importante: este precio est\u00e1 basado en un m\u00ednimo de requisitos, y debe tenerse en cuenta que, seg\u00fan el itinerario formativo, el coste puede cambiar.<\/span><\/span><\/p><p style=\"box-sizing: inherit; margin: 0px 0px 1rem; padding: 0px; line-height: 1.35em; text-rendering: optimizelegibility;\"><span style=\"color: #1d1c19; font-family: Roboto, sans-serif;\"><span style=\"font-size: 17px;\">\u00a0<\/span><\/span><\/p><p style=\"box-sizing: inherit; margin: 0px 0px 1rem; padding: 0px; line-height: 1.35em; text-rendering: optimizelegibility;\"><span style=\"color: #1d1c19; font-family: Roboto, sans-serif;\"><span style=\"font-size: 17px;\">Proceso de admisi\u00f3n:<\/span><\/span><\/p><p style=\"box-sizing: inherit; margin: 0px 0px 1rem; padding: 0px; line-height: 1.35em; text-rendering: optimizelegibility;\"><span style=\"color: #1d1c19; font-family: Roboto, sans-serif;\"><span style=\"font-size: 17px;\">\u00a0<\/span><\/span><\/p><p style=\"box-sizing: inherit; margin: 0px 0px 1rem; padding: 0px; line-height: 1.35em; text-rendering: optimizelegibility;\"><span style=\"color: #1d1c19; font-family: Roboto, sans-serif;\"><span style=\"font-size: 17px;\">Para acceder al curso, es necesario realizar una entrevista de admisi\u00f3n. \u00c9sta tiene un coste de 65 \u20ac.\u00a0<\/span><\/span><\/p><p style=\"box-sizing: inherit; margin: 0px 0px 1rem; padding: 0px; line-height: 1.35em; text-rendering: optimizelegibility;\"><span style=\"color: #1d1c19; font-family: Roboto, sans-serif;\"><span style=\"font-size: 17px;\">\u00a0<\/span><\/span><\/p><p style=\"box-sizing: inherit; margin: 0px 0px 1rem; padding: 0px; line-height: 1.35em; text-rendering: optimizelegibility;\"><span style=\"color: #1d1c19; font-family: Roboto, sans-serif;\"><span style=\"font-size: 17px;\">Solic\u00edtala a trav\u00e9s de este formulario: https:\/\/filalagulla.org\/trienal-formulari<\/span><\/span><\/p><p style=\"box-sizing: inherit; margin: 0px 0px 1rem; padding: 0px; line-height: 1.35em; text-rendering: optimizelegibility;\"><span style=\"color: #1d1c19; font-family: Roboto, sans-serif;\"><span style=\"font-size: 17px;\">\u00a0<\/span><\/span><\/p><p style=\"box-sizing: inherit; margin: 0px 0px 1rem; padding: 0px; line-height: 1.35em; text-rendering: optimizelegibility;\"><span style=\"color: #1d1c19; font-family: Roboto, sans-serif;\"><span style=\"font-size: 17px;\">\u00bfTienes dudas? Escr\u00edbenos a escolafil@filalagulla.org<\/span><\/span><\/p><\/div><\/div><\/section><section style=\"box-sizing: inherit; margin-top: 2.35294rem; margin-bottom: 2.35294rem; color: #1d1c19; font-family: Roboto, sans-serif; font-size: 17px; background-color: #ffffff;\"><div style=\"box-sizing: inherit; margin: 0px auto; padding: 0px; max-width: 64.7059rem; display: flex; flex-flow: row wrap;\"><div style=\"box-sizing: inherit; margin: 0px; padding: 0px 1.17647rem; flex: 0 0 100%; min-width: 0px; max-width: 100%;\">\u00a0<\/div><\/div><\/section><\/div>\n\t\t\t\t<\/div>\n\t\t\t\t<\/div>\n\t\t\t\t<div class=\"elementor-element elementor-element-2b7e44b elementor-widget elementor-widget-text-editor\" data-id=\"2b7e44b\" data-element_type=\"widget\" data-widget_type=\"text-editor.default\">\n\t\t\t\t<div class=\"elementor-widget-container\">\n\t\t\t\t\t<div class=\"elementor-text-editor elementor-clearfix\"><blockquote><p><span style=\"color: inherit; font-family: inherit; font-size: inherit; font-weight: inherit;\">Si necesitas m\u00e1s informaci\u00f3n, puedes escribir directamente a <\/span><a style=\"background-color: #ffffff;\" href=\"https:\/\/filalagulla.org\/es\/formacions\/curso-trienal-de-facilitacion-de-grupos-barcelona\/escolafil@filalagulla.org\">escolafil@filalagulla.org<\/a><\/p><\/blockquote><\/div>\n\t\t\t\t<\/div>\n\t\t\t\t<\/div>\n\t\t\t\t<div class=\"elementor-element elementor-element-8c77507 elementor-widget elementor-widget-text-editor\" data-id=\"8c77507\" data-element_type=\"widget\" data-widget_type=\"text-editor.default\">\n\t\t\t\t<div class=\"elementor-widget-container\">\n\t\t\t\t\t<div class=\"elementor-text-editor elementor-clearfix\"><section class=\"text-column\" style=\"box-sizing: inherit; margin-top: 2.35294rem; margin-bottom: 2.35294rem; color: rgb(29, 28, 25); font-family: Roboto, sans-serif; font-size: 17px; background-color: rgb(255, 255, 255);\">\n<div class=\"row\" style=\"box-sizing: inherit; margin: 0px auto; padding: 0px; max-width: 64.7059rem; display: flex; flex-flow: row wrap;\">\n<div class=\"small-12 columns\" style=\"box-sizing: inherit; margin: 0px; padding: 0px 1.17647rem; flex: 0 0 100%; min-width: 0px; max-width: 100%;\">\n<ul style=\"margin: 0px 0px 1rem 1.25rem; padding: 0px; list-style-position: outside; line-height: 1.6; list-style-type: disc;\">\n<li style=\"box-sizing: inherit; margin-top: 0px; margin-right: 0px; margin-left: 0px; padding: 0px;\"><a dir=\"ltr\" href=\"https:\/\/t.co\/NHalJt6Krh\" rel=\"noopener noreferrer nofollow\" target=\"_blank\" role=\"link\" class=\"css-4rbku5 css-18t94o4 css-901oao css-16my406 r-1cvl2hr r-1loqt21 r-poiln3 r-bcqeeo r-qvutc0\" style=\"background-color: rgba(0, 0, 0, 0.03); color: rgb(29, 155, 240); font-variant-numeric: inherit; font-variant-east-asian: inherit; font-weight: 400; font-stretch: inherit; font-size: 15px; font-family: TwitterChirp, -apple-system, BlinkMacSystemFont, &quot;Segoe UI&quot;, Roboto, Helvetica, Arial, sans-serif; list-style: none; margin: 0px; cursor: pointer; border: 0px solid black; display: inline; padding: 0px; white-space: pre-wrap; overflow-wrap: break-word; min-width: 0px;\"><span aria-hidden=\"true\" class=\"css-901oao css-16my406 r-poiln3 r-hiw28u r-qvk6io r-bcqeeo r-qvutc0\" style=\"border: 0px solid black; color: inherit; display: inline; font-style: inherit; font-variant: inherit; font-weight: inherit; font-stretch: inherit; font-size: 0px; line-height: 0px; font-family: inherit; margin: 0px; padding: 0px; white-space: inherit; overflow-wrap: break-word; min-width: 0px;\">https<\/span>youtu.be\/sr9fxUyIN40<\/a><br><\/li>\n<\/ul>\n<\/div>\n<\/div>\n<\/section>\n<section class=\"text-column\" style=\"box-sizing: inherit; margin-top: 2.35294rem; margin-bottom: 2.35294rem; color: rgb(29, 28, 25); font-family: Roboto, sans-serif; font-size: 17px; background-color: rgb(255, 255, 255);\">\n<div class=\"row\" style=\"box-sizing: inherit; margin: 0px auto; padding: 0px; max-width: 64.7059rem; display: flex; flex-flow: row wrap;\">\n<div class=\"small-12 columns\" style=\"box-sizing: inherit; margin: 0px; padding: 0px 1.17647rem; flex: 0 0 100%; min-width: 0px; max-width: 100%;\">\n<\/div>\n<\/div>\n<\/section><\/div>\n\t\t\t\t<\/div>\n\t\t\t\t<\/div>\n\t\t\t\t\t\t<\/div>\n\t\t\t\t\t<\/div>\n\t\t<\/div>\n\t\t\t\t\t\t\t\t<\/div>\n\t\t\t\t\t<\/div>\n\t\t<\/section>\n\t\t\t\t<section class=\"elementor-section elementor-top-section elementor-element elementor-element-207fbec elementor-section-narrow_boxed elementor-section-height-default elementor-section-height-default\" data-id=\"207fbec\" data-element_type=\"section\">\n\t\t\t\t\t\t<div class=\"elementor-container elementor-column-gap-default\">\n\t\t\t\t\t\t\t<div class=\"elementor-row\">\n\t\t\t\t\t<div class=\"elementor-column elementor-col-100 elementor-top-column elementor-element elementor-element-6e6f2e8\" data-id=\"6e6f2e8\" data-element_type=\"column\">\n\t\t\t<div class=\"elementor-column-wrap elementor-element-populated\">\n\t\t\t\t\t\t\t<div class=\"elementor-widget-wrap\">\n\t\t\t\t\t\t<div class=\"elementor-element elementor-element-27970cd elementor-widget elementor-widget-heading\" data-id=\"27970cd\" data-element_type=\"widget\" data-widget_type=\"heading.default\">\n\t\t\t\t<div class=\"elementor-widget-container\">\n\t\t\t<h2 class=\"elementor-heading-title elementor-size-default\">Equipo docente<\/h2>\t\t<\/div>\n\t\t\t\t<\/div>\n\t\t\t\t<div class=\"elementor-element elementor-element-6a607e4 elementor-widget elementor-widget-text-editor\" data-id=\"6a607e4\" data-element_type=\"widget\" data-widget_type=\"text-editor.default\">\n\t\t\t\t<div class=\"elementor-widget-container\">\n\t\t\t\t\t<div class=\"elementor-text-editor elementor-clearfix\"><p style=\"box-sizing: inherit; margin: 0px 0px 1rem; padding: 0px; font-size: 17px; line-height: 1.35em; text-rendering: optimizelegibility; color: #1d1c19; font-family: Roboto, sans-serif; font-weight: 400;\"><span style=\"box-sizing: inherit; font-size: 18pt;\"><b style=\"box-sizing: inherit; line-height: inherit;\"><strong style=\"box-sizing: inherit; line-height: inherit;\">\u00a0<\/strong><\/b><\/span><\/p><p style=\"box-sizing: inherit; margin: 0px 0px 1rem; padding: 0px; font-size: 17px; line-height: 1.35em; text-rendering: optimizelegibility; color: #1d1c19; font-family: Roboto, sans-serif; font-weight: 400;\">El equipo de profesorado, terapeutas, mentoras y supervisoras est\u00e1 formado por personas diplomadas en Trabajo de Procesos y con experiencia en el campo del trabajo con grupos y con el mundo.<\/p><p style=\"box-sizing: inherit; margin: 0px 0px 1rem; padding: 0px; font-size: 17px; line-height: 1.35em; text-rendering: optimizelegibility; color: #1d1c19; font-family: Roboto, sans-serif; font-weight: 400;\">A continuaci\u00f3n se detalla el nombre de las personas del equipo, en qu\u00e9 rol est\u00e1n o se ofrecen, en qu\u00e9 lengua trabajan y si las sesiones pueden ser presenciales o virtuales y d\u00f3nde.<\/p><p><strong>Consulta la informaci\u00f3n completa del <a href=\"https:\/\/acrobat.adobe.com\/id\/urn:aaid:sc:EU:70062a07-1dc5-417f-9fd4-3117826480cf\">equipo docente<\/a><\/strong><\/p><\/div>\n\t\t\t\t<\/div>\n\t\t\t\t<\/div>\n\t\t\t\t<div class=\"elementor-element elementor-element-22526b1 elementor-widget elementor-widget-spacer\" data-id=\"22526b1\" data-element_type=\"widget\" data-widget_type=\"spacer.default\">\n\t\t\t\t<div class=\"elementor-widget-container\">\n\t\t\t\t\t<div class=\"elementor-spacer\">\n\t\t\t<div class=\"elementor-spacer-inner\"><\/div>\n\t\t<\/div>\n\t\t\t\t<\/div>\n\t\t\t\t<\/div>\n\t\t\t\t<div class=\"elementor-element elementor-element-9f789a0 elementor-widget elementor-widget-text-editor\" data-id=\"9f789a0\" data-element_type=\"widget\" data-widget_type=\"text-editor.default\">\n\t\t\t\t<div class=\"elementor-widget-container\">\n\t\t\t\t\t<div class=\"elementor-text-editor elementor-clearfix\"><section class=\"text-column\">\n<div class=\"row\">\n<div class=\"small-12 columns\">\n<p><span lang=\"ES\">La Escuela del Instituto Trabajo de Procesos es solamente la tramitadora del curso, cualquier&nbsp;reclamaci\u00f3n respecto a las condiciones de contrataci\u00f3n que se aceptan por el usuario&nbsp;<\/span><span style=\"color: inherit; font-family: inherit; font-size: inherit; font-weight: inherit;\">deben dirigirse a Fil a l\u2019Agulla, SCCL,. El Instituto Trabajo de Procesos est\u00e1 totalmente exenta de&nbsp;<\/span><span style=\"color: inherit; font-family: inherit; font-size: inherit; font-weight: inherit;\">responsabilidad.<\/span><br><\/p>\n<\/div>\n<\/div>\n<\/section><\/div>\n\t\t\t\t<\/div>\n\t\t\t\t<\/div>\n\t\t\t\t\t\t<\/div>\n\t\t\t\t\t<\/div>\n\t\t<\/div>\n\t\t\t\t\t\t\t\t<\/div>\n\t\t\t\t\t<\/div>\n\t\t<\/section>\n\t\t\t\t<section class=\"elementor-section elementor-top-section elementor-element elementor-element-3ebaed9 elementor-section-boxed elementor-section-height-default elementor-section-height-default\" data-id=\"3ebaed9\" data-element_type=\"section\">\n\t\t\t\t\t\t<div class=\"elementor-container elementor-column-gap-default\">\n\t\t\t\t\t\t\t<div class=\"elementor-row\">\n\t\t\t\t\t<div class=\"elementor-column elementor-col-100 elementor-top-column elementor-element elementor-element-638ec61\" data-id=\"638ec61\" data-element_type=\"column\">\n\t\t\t<div class=\"elementor-column-wrap elementor-element-populated\">\n\t\t\t\t\t\t\t<div class=\"elementor-widget-wrap\">\n\t\t\t\t\t\t<div class=\"elementor-element elementor-element-82cb334 elementor-align-center elementor-widget elementor-widget-button\" data-id=\"82cb334\" data-element_type=\"widget\" data-widget_type=\"button.default\">\n\t\t\t\t<div class=\"elementor-widget-container\">\n\t\t\t\t\t<div class=\"elementor-button-wrapper\">\n\t\t\t<a href=\"https:\/\/filalagulla.org\/triennal-formulari\" target=\"_blank\" class=\"elementor-button-link elementor-button elementor-size-md\" role=\"button\">\n\t\t\t\t\t\t<span class=\"elementor-button-content-wrapper\">\n\t\t\t\t\t\t<span class=\"elementor-button-text\">Inscripci\u00f3n Curso Trienal de Facilitaci\u00f3n <\/span>\n\t\t<\/span>\n\t\t\t\t\t<\/a>\n\t\t<\/div>\n\t\t\t\t<\/div>\n\t\t\t\t<\/div>\n\t\t\t\t\t\t<\/div>\n\t\t\t\t\t<\/div>\n\t\t<\/div>\n\t\t\t\t\t\t\t\t<\/div>\n\t\t\t\t\t<\/div>\n\t\t<\/section>\n\t\t\t\t<section class=\"elementor-section elementor-top-section elementor-element elementor-element-1519088 elementor-section-boxed elementor-section-height-default elementor-section-height-default\" data-id=\"1519088\" data-element_type=\"section\">\n\t\t\t\t\t\t<div class=\"elementor-container elementor-column-gap-default\">\n\t\t\t\t\t\t\t<div class=\"elementor-row\">\n\t\t\t\t\t<div class=\"elementor-column elementor-col-100 elementor-top-column elementor-element elementor-element-3b4b7a1\" data-id=\"3b4b7a1\" data-element_type=\"column\">\n\t\t\t<div class=\"elementor-column-wrap elementor-element-populated\">\n\t\t\t\t\t\t\t<div class=\"elementor-widget-wrap\">\n\t\t\t\t\t\t<div class=\"elementor-element elementor-element-cdd357c elementor-widget elementor-widget-spacer\" data-id=\"cdd357c\" data-element_type=\"widget\" data-widget_type=\"spacer.default\">\n\t\t\t\t<div class=\"elementor-widget-container\">\n\t\t\t\t\t<div class=\"elementor-spacer\">\n\t\t\t<div class=\"elementor-spacer-inner\"><\/div>\n\t\t<\/div>\n\t\t\t\t<\/div>\n\t\t\t\t<\/div>\n\t\t\t\t\t\t<\/div>\n\t\t\t\t\t<\/div>\n\t\t<\/div>\n\t\t\t\t\t\t\t\t<\/div>\n\t\t\t\t\t<\/div>\n\t\t<\/section>\n\t\t\t\t\t\t<\/div>\n\t\t\t\t\t\t<\/div>\n\t\t\t\t\t<\/div>\n\t\t","protected":false},"excerpt":{"rendered":"<p>Descripci\u00f3n del curso 7\u00aa edici\u00f3n Facilitaci\u00f3n de grupos. Aportando conciencia y creciendo con la diversidad En 2025 iniciamos el s\u00e9ptimo a\u00f1o del Curso Trienal de Facilitaci\u00f3n de Grupos: Aportando conciencia y creciendo con la diversidad. Desde hace a\u00f1os, Fil a l&#8217;agulla hemos impartido cursos de introducci\u00f3n y anuales de facilitaci\u00f3n de grupos. La gran respuesta [&hellip;]<\/p>\n","protected":false},"author":6,"featured_media":587,"parent":486,"menu_order":0,"comment_status":"closed","ping_status":"closed","template":"","meta":{"footnotes":""},"class_list":["post-639","page","type-page","status-publish","has-post-thumbnail","hentry"],"yoast_head":"<!-- This site is optimized with the Yoast SEO plugin v15.4 - https:\/\/yoast.com\/wordpress\/plugins\/seo\/ -->\n<title>Curso trienal de Facilitaci\u00f3n - Trabajo de Procesos<\/title>\n<meta name=\"robots\" content=\"index, follow, max-snippet:-1, max-image-preview:large, max-video-preview:-1\" \/>\n<link rel=\"canonical\" href=\"https:\/\/www.trabajodeprocesos.net\/es\/programas-de-formacion\/curso-trienal-de-facilitacion\/\" \/>\n<meta property=\"og:locale\" content=\"es_ES\" \/>\n<meta property=\"og:type\" content=\"article\" \/>\n<meta property=\"og:title\" content=\"Curso trienal de Facilitaci\u00f3n - Trabajo de Procesos\" \/>\n<meta property=\"og:description\" content=\"Descripci\u00f3n del curso 7\u00aa edici\u00f3n Facilitaci\u00f3n de grupos. Aportando conciencia y creciendo con la diversidad En 2025 iniciamos el s\u00e9ptimo a\u00f1o del Curso Trienal de Facilitaci\u00f3n de Grupos: Aportando conciencia y creciendo con la diversidad. Desde hace a\u00f1os, Fil a l&#8217;agulla hemos impartido cursos de introducci\u00f3n y anuales de facilitaci\u00f3n de grupos. La gran respuesta [&hellip;]\" \/>\n<meta property=\"og:url\" content=\"https:\/\/www.trabajodeprocesos.net\/es\/programas-de-formacion\/curso-trienal-de-facilitacion\/\" \/>\n<meta property=\"og:site_name\" content=\"Trabajo de Procesos\" \/>\n<meta property=\"article:modified_time\" content=\"2025-01-27T10:17:20+00:00\" \/>\n<meta property=\"og:image\" content=\"https:\/\/www.trabajodeprocesos.net\/wp-content\/uploads\/2019\/12\/formacion-talleres.jpg\" \/>\n\t<meta property=\"og:image:width\" content=\"1920\" \/>\n\t<meta property=\"og:image:height\" content=\"470\" \/>\n<meta name=\"twitter:card\" content=\"summary_large_image\" \/>\n<meta name=\"twitter:label1\" content=\"Escrito por\">\n\t<meta name=\"twitter:data1\" content=\"Admin\">\n\t<meta name=\"twitter:label2\" content=\"Tiempo de lectura\">\n\t<meta name=\"twitter:data2\" content=\"5 minutos\">\n<script type=\"application\/ld+json\" class=\"yoast-schema-graph\">{\"@context\":\"https:\/\/schema.org\",\"@graph\":[{\"@type\":\"WebSite\",\"@id\":\"https:\/\/www.trabajodeprocesos.net\/es\/#website\",\"url\":\"https:\/\/www.trabajodeprocesos.net\/es\/\",\"name\":\"Trabajo de Procesos\",\"description\":\"\",\"potentialAction\":[{\"@type\":\"SearchAction\",\"target\":\"https:\/\/www.trabajodeprocesos.net\/es\/?s={search_term_string}\",\"query-input\":\"required name=search_term_string\"}],\"inLanguage\":\"es\"},{\"@type\":\"ImageObject\",\"@id\":\"https:\/\/www.trabajodeprocesos.net\/es\/programas-de-formacion\/curso-trienal-de-facilitacion\/#primaryimage\",\"inLanguage\":\"es\",\"url\":\"https:\/\/www.trabajodeprocesos.net\/wp-content\/uploads\/2019\/12\/formacion-talleres.jpg\",\"width\":1920,\"height\":470},{\"@type\":\"WebPage\",\"@id\":\"https:\/\/www.trabajodeprocesos.net\/es\/programas-de-formacion\/curso-trienal-de-facilitacion\/#webpage\",\"url\":\"https:\/\/www.trabajodeprocesos.net\/es\/programas-de-formacion\/curso-trienal-de-facilitacion\/\",\"name\":\"Curso trienal de Facilitaci\\u00f3n - Trabajo de Procesos\",\"isPartOf\":{\"@id\":\"https:\/\/www.trabajodeprocesos.net\/es\/#website\"},\"primaryImageOfPage\":{\"@id\":\"https:\/\/www.trabajodeprocesos.net\/es\/programas-de-formacion\/curso-trienal-de-facilitacion\/#primaryimage\"},\"datePublished\":\"2019-12-09T11:16:59+00:00\",\"dateModified\":\"2025-01-27T10:17:20+00:00\",\"inLanguage\":\"es\",\"potentialAction\":[{\"@type\":\"ReadAction\",\"target\":[\"https:\/\/www.trabajodeprocesos.net\/es\/programas-de-formacion\/curso-trienal-de-facilitacion\/\"]}]}]}<\/script>\n<!-- \/ Yoast SEO plugin. -->","_links":{"self":[{"href":"https:\/\/www.trabajodeprocesos.net\/es\/wp-json\/wp\/v2\/pages\/639","targetHints":{"allow":["GET"]}}],"collection":[{"href":"https:\/\/www.trabajodeprocesos.net\/es\/wp-json\/wp\/v2\/pages"}],"about":[{"href":"https:\/\/www.trabajodeprocesos.net\/es\/wp-json\/wp\/v2\/types\/page"}],"author":[{"embeddable":true,"href":"https:\/\/www.trabajodeprocesos.net\/es\/wp-json\/wp\/v2\/users\/6"}],"replies":[{"embeddable":true,"href":"https:\/\/www.trabajodeprocesos.net\/es\/wp-json\/wp\/v2\/comments?post=639"}],"version-history":[{"count":89,"href":"https:\/\/www.trabajodeprocesos.net\/es\/wp-json\/wp\/v2\/pages\/639\/revisions"}],"predecessor-version":[{"id":22248,"href":"https:\/\/www.trabajodeprocesos.net\/es\/wp-json\/wp\/v2\/pages\/639\/revisions\/22248"}],"up":[{"embeddable":true,"href":"https:\/\/www.trabajodeprocesos.net\/es\/wp-json\/wp\/v2\/pages\/486"}],"wp:featuredmedia":[{"embeddable":true,"href":"https:\/\/www.trabajodeprocesos.net\/es\/wp-json\/wp\/v2\/media\/587"}],"wp:attachment":[{"href":"https:\/\/www.trabajodeprocesos.net\/es\/wp-json\/wp\/v2\/media?parent=639"}],"curies":[{"name":"wp","href":"https:\/\/api.w.org\/{rel}","templated":true}]}}