{"id":9939,"date":"2021-02-01T23:00:00","date_gmt":"2021-02-01T21:00:00","guid":{"rendered":"http:\/\/www.trabajodeprocesos.net\/event\/lenguaje-y-estructura-del-proceso-ii\/"},"modified":"2021-02-08T18:03:56","modified_gmt":"2021-02-08T16:03:56","slug":"lenguaje-y-estructura-del-proceso-ii","status":"publish","type":"tdp_event","link":"https:\/\/www.trabajodeprocesos.net\/ca\/event\/lenguaje-y-estructura-del-proceso-ii\/","title":{"rendered":"Llenguatge i Estructura del proc\u00e9s II"},"content":{"rendered":"\n<p><strong>Llenguatge i Estructura del proc\u00e9s<\/strong> \u00e9s una s\u00e8rie que est\u00e0 dividida en dues classes: <em>Llenguatge i Estructura del Proc\u00e9s I i Llenguatge i Estructura del Proc\u00e9s II.<\/em> <strong>Per a registrar-se a la Classe 2, \u00e9s un prerequisit registrar-se a la Classe 1.<\/strong> A baix trobar\u00e0s el registre per a la classe II.<\/p>\n\n\n\n<p style=\"font-size:32px\"><strong>Objectius:<\/strong><\/p>\n\n\n\n<p>&nbsp;&nbsp; \u00b7 Con\u00e8ixer qui ets<br>&nbsp;&nbsp; \u00b7 Con\u00e8ixer qui no ets<br>&nbsp;&nbsp; \u00b7 El treball de processos \u00e9s un treball de relaci\u00f3 \u2013 all\u00f2 conegut, i all\u00f2 desconegut, el que esdev\u00e9 conegut, i com poden ballar junts<br>&nbsp;&nbsp; \u00b7 Trobar humilitat en front de la complexitat<br>&nbsp;&nbsp; \u00b7 Patrons i contingut<br>&nbsp;&nbsp; \u00b7 Tend\u00e8ncies per a relacionar-se amb diferents tipus d\u2019informaci\u00f3<br>&nbsp;&nbsp; \u00b7 Algunes metahabilitats: curiositat, ment de principiant, donar la benvinguda\u2026<\/p>\n\n\n\n<p style=\"font-size:25px\"><strong>Classe 1:<\/strong><\/p>\n\n\n\n<p>&nbsp;\u2014  Com passa el somni en el moment?<br>&nbsp;\u2014  Per qu\u00e8 haur\u00edem de tenir en compte l\u2019estructura?<br>&nbsp;\u2014  Teoria de la informaci\u00f3: senyals, canals i parts<br>&nbsp;\u2014  Estructures anal\u00f2giques i digitals<br>&nbsp;\u2014 El concepte d\u2019emerg\u00e8ncia: senyals i presenyals<br>&nbsp;\u2014 Desenvolupant una hip\u00f2tesi<br>&nbsp;\u2014 AIAI: Consci\u00e8ncia, Identitat, Ag\u00e8ncia i Intenci\u00f3 (Awareness, Identity, Agency and Intention)<br><\/p>\n\n\n\n<p style=\"font-size:25px\"><strong>Classe 2:<\/strong><\/p>\n\n\n\n<p>&nbsp;\u2014 La hip\u00f2tesi no \u00e9s l\u2019objectiu sin\u00f3 un buscador de direcci\u00f3: un planificador de rutes<br>&nbsp;\u2014 Treballar amb forats, identificar l\u00edmits, ment de principiant, rutes cap a all\u00f2 desconegut i esdeveniments misteriosos<br>&nbsp;\u2014 Pros\u00f2dia, ironia, sarcasme i estructures t\u00edpiques<br>&nbsp;\u2014 M\u00e9s enll\u00e0 d\u2019aquest punt hi ha dracs\u2026 oracions perdudes i aix\u00ed successivament. Derrida, Morton i els Hiper-objectes.<br><\/p>\n\n\n\n<p style=\"font-size:21px\"><strong>Idioma<\/strong><\/p>\n\n\n\n<p>La classe ser\u00e0 en angl\u00e8s amb traducci\u00f3 al castell\u00e0<\/p>\n\n\n\n<p style=\"font-size:25px\"><strong>Preu de la classe<\/strong><\/p>\n\n\n\n<p>40\u20ac (cada classe)<\/p>\n\n\n\n<p><em>*Si necessites una reducci\u00f3 de matr\u00edcula, comunica\u2019t amb el professor de la classe. Algunes beques poden estar disponibles a la Comissi\u00f3 de Beques: comisionbecastp@gmail.com<\/em><\/p>\n\n\n\n<p style=\"font-size:25px\"><strong>Horaris<\/strong><\/p>\n\n\n\n<p>Classe 1: 10 de febrer @ 17:30 \u2013 20:30 CET (Barcelona, Roma, Par\u00eds, Z\u00farich, etc\u2026)<br>Classe 2: 10 de mar\u00e7 @ 17:30 \u2013 20:30 CET (Barcelona, Roma, Par\u00eds, Z\u00farich, etc\u2026)<br>**<strong>Aquestes dues classes formen part d&#8217;una mateixa s\u00e8rie. Pari registrar-se a la Classe 2, \u00e9s un prerequisit registrar-se a la Classe 1.<\/strong><\/p>\n\n\n\n<p style=\"font-size:21px\">Aqu\u00ed registre  classe 2<\/p>\n","protected":false},"featured_media":9878,"template":"","class_list":["post-9939","tdp_event","type-tdp_event","status-publish","has-post-thumbnail","hentry"],"yoast_head":"<!-- This site is optimized with the Yoast SEO plugin v15.4 - https:\/\/yoast.com\/wordpress\/plugins\/seo\/ -->\n<title>Llenguatge i Estructura del proc\u00e9s II - Trabajo de Procesos<\/title>\n<meta name=\"robots\" content=\"index, follow, max-snippet:-1, max-image-preview:large, max-video-preview:-1\" \/>\n<link rel=\"canonical\" href=\"https:\/\/www.trabajodeprocesos.net\/ca\/event\/lenguaje-y-estructura-del-proceso-ii\/\" \/>\n<meta property=\"og:locale\" content=\"ca_ES\" \/>\n<meta property=\"og:type\" content=\"article\" \/>\n<meta property=\"og:title\" content=\"Llenguatge i Estructura del proc\u00e9s II - Trabajo de Procesos\" \/>\n<meta property=\"og:description\" content=\"Llenguatge i Estructura del proc\u00e9s \u00e9s una s\u00e8rie que est\u00e0 dividida en dues classes: Llenguatge i Estructura del Proc\u00e9s I i Llenguatge i Estructura del Proc\u00e9s II. Per a registrar-se a la Classe 2, \u00e9s un prerequisit registrar-se a la Classe 1. A baix trobar\u00e0s el registre per a la classe II. Objectius: &nbsp;&nbsp; \u00b7 [&hellip;]\" \/>\n<meta property=\"og:url\" content=\"https:\/\/www.trabajodeprocesos.net\/ca\/event\/lenguaje-y-estructura-del-proceso-ii\/\" \/>\n<meta property=\"og:site_name\" content=\"Trabajo de Procesos\" \/>\n<meta property=\"article:modified_time\" content=\"2021-02-08T16:03:56+00:00\" \/>\n<meta property=\"og:image\" content=\"https:\/\/www.trabajodeprocesos.net\/wp-content\/uploads\/2021\/02\/1_Language-and-process-structure-photo.jpg\" \/>\n\t<meta property=\"og:image:width\" content=\"640\" \/>\n\t<meta property=\"og:image:height\" content=\"336\" \/>\n<meta name=\"twitter:card\" content=\"summary_large_image\" \/>\n<meta name=\"twitter:label1\" content=\"Escrit per\">\n\t<meta name=\"twitter:data1\" content=\"Instituto\">\n\t<meta name=\"twitter:label2\" content=\"Temps estimat de lectura\">\n\t<meta name=\"twitter:data2\" content=\"1 minut\">\n<script type=\"application\/ld+json\" class=\"yoast-schema-graph\">{\"@context\":\"https:\/\/schema.org\",\"@graph\":[{\"@type\":\"WebSite\",\"@id\":\"https:\/\/www.trabajodeprocesos.net\/ca\/#website\",\"url\":\"https:\/\/www.trabajodeprocesos.net\/ca\/\",\"name\":\"Trabajo de Procesos\",\"description\":\"\",\"potentialAction\":[{\"@type\":\"SearchAction\",\"target\":\"https:\/\/www.trabajodeprocesos.net\/ca\/?s={search_term_string}\",\"query-input\":\"required name=search_term_string\"}],\"inLanguage\":\"ca\"},{\"@type\":\"ImageObject\",\"@id\":\"https:\/\/www.trabajodeprocesos.net\/ca\/event\/lenguaje-y-estructura-del-proceso-ii\/#primaryimage\",\"inLanguage\":\"ca\",\"url\":\"https:\/\/www.trabajodeprocesos.net\/wp-content\/uploads\/2021\/02\/1_Language-and-process-structure-photo.jpg\",\"width\":640,\"height\":336},{\"@type\":\"WebPage\",\"@id\":\"https:\/\/www.trabajodeprocesos.net\/ca\/event\/lenguaje-y-estructura-del-proceso-ii\/#webpage\",\"url\":\"https:\/\/www.trabajodeprocesos.net\/ca\/event\/lenguaje-y-estructura-del-proceso-ii\/\",\"name\":\"Llenguatge i Estructura del proc\\u00e9s II - Trabajo de Procesos\",\"isPartOf\":{\"@id\":\"https:\/\/www.trabajodeprocesos.net\/ca\/#website\"},\"primaryImageOfPage\":{\"@id\":\"https:\/\/www.trabajodeprocesos.net\/ca\/event\/lenguaje-y-estructura-del-proceso-ii\/#primaryimage\"},\"datePublished\":\"2021-02-01T21:00:00+00:00\",\"dateModified\":\"2021-02-08T16:03:56+00:00\",\"inLanguage\":\"ca\",\"potentialAction\":[{\"@type\":\"ReadAction\",\"target\":[\"https:\/\/www.trabajodeprocesos.net\/ca\/event\/lenguaje-y-estructura-del-proceso-ii\/\"]}]}]}<\/script>\n<!-- \/ Yoast SEO plugin. -->","_links":{"self":[{"href":"https:\/\/www.trabajodeprocesos.net\/ca\/wp-json\/wp\/v2\/tdp_event\/9939","targetHints":{"allow":["GET"]}}],"collection":[{"href":"https:\/\/www.trabajodeprocesos.net\/ca\/wp-json\/wp\/v2\/tdp_event"}],"about":[{"href":"https:\/\/www.trabajodeprocesos.net\/ca\/wp-json\/wp\/v2\/types\/tdp_event"}],"version-history":[{"count":15,"href":"https:\/\/www.trabajodeprocesos.net\/ca\/wp-json\/wp\/v2\/tdp_event\/9939\/revisions"}],"predecessor-version":[{"id":10081,"href":"https:\/\/www.trabajodeprocesos.net\/ca\/wp-json\/wp\/v2\/tdp_event\/9939\/revisions\/10081"}],"wp:featuredmedia":[{"embeddable":true,"href":"https:\/\/www.trabajodeprocesos.net\/ca\/wp-json\/wp\/v2\/media\/9878"}],"wp:attachment":[{"href":"https:\/\/www.trabajodeprocesos.net\/ca\/wp-json\/wp\/v2\/media?parent=9939"}],"curies":[{"name":"wp","href":"https:\/\/api.w.org\/{rel}","templated":true}]}}