{"id":17141,"date":"2023-03-24T17:08:11","date_gmt":"2023-03-24T15:08:11","guid":{"rendered":"http:\/\/www.trabajodeprocesos.net\/?post_type=tdp_event&#038;p=17141"},"modified":"2023-04-26T20:01:41","modified_gmt":"2023-04-26T18:01:41","slug":"mes-enlla-del-collapse-el-poder-de-la-natura","status":"publish","type":"tdp_event","link":"https:\/\/www.trabajodeprocesos.net\/ca\/event\/mes-enlla-del-collapse-el-poder-de-la-natura\/","title":{"rendered":"M\u00e9s enll\u00e0 del col\u00b7lapse. El Poder de la Natura"},"content":{"rendered":"\n<p>Davant del context de crisi ecosocial que estem vivint, sorgeix la necessitat de moure&#8217;ns, de canviar de rumb, d&#8217;arribar a acords com a societat per mitigar els impactes a tots els nivells. Les postures van des de la pura negaci\u00f3 de la realitat fins a la certesa de la destrucci\u00f3 de la societat, i fan que sembli impossible que ens puguem entendre i arribar a acords.<\/p>\n\n\n\n<p>Davant d&#8217;aquestes dificultats, \u00e9s molt normal desbordar-se: la par\u00e0lisi, la desesperan\u00e7a, el cinisme, l&#8217;ansietat, el crema i l&#8217;estr\u00e8s, s\u00f3n estats pels quals anem transitant i que sovint ens impedeixen aportar el nostre granet de sorra per al canvi.<\/p>\n\n\n\n<p>Aquest seminari pret\u00e9n ser un espai on poder estudiar, entendre i aprendre a processar els diferents fen\u00f2mens i veus que es donen en aquest context complex, i aix\u00ed poder facilitar el di\u00e0leg necessari.<\/p>\n\n\n\n<p>Un espai on, utilitzant la mirada del Treball de Processos, explorarem profundament les nostres reaccions i estats davant la crisi ecosocial, trobant llocs (en la teva pr\u00f2pia Natura) des d&#8217;on poder contribuir d&#8217;una manera m\u00e9s sostenible i efica\u00e7.<\/p>\n\n\n\n<blockquote class=\"wp-block-quote is-layout-flow wp-block-quote-is-layout-flow\"><p>Estem fent un cicle de seminaris, un mateix seminari a tres llocs diferents de l&#8217;estat amb l&#8217;objectiu d&#8217;abordar el tema del Col\u00b7lapse i alhora difondre el Treball de Processos. Un cop acabem els tres seminaris presencials hi haur\u00e0 una \u00faltima trobada online de tancament amb totes les persones participants als diferents seminaris.<\/p><p>Cada seminari est\u00e0 facilitat per diverses <a href=\"https:\/\/www.trabajodeprocesos.net\/ca\/professorat\/\">diplomades de l&#8217;Escola de Treball de Processos.<\/a><\/p><\/blockquote>\n\n\n\n<p>Preu especial: Des de 60 \u20ac a 90\u20ac<\/p>\n\n\n\n<p>(Es tracta d&#8217;un preu redu\u00eft ja que ens interessa difondre el Treball de Processos i fer-lo accessible a un nombre m\u00e9s gran de persones possible i que el cost no sigui un element de desigualtat d&#8217;oportunitats)<\/p>\n\n\n\n<blockquote class=\"wp-block-quote is-layout-flow wp-block-quote-is-layout-flow\"><p><\/p><\/blockquote>\n\n\n\n<blockquote class=\"wp-block-quote is-layout-flow wp-block-quote-is-layout-flow\"><p><strong>BARCELONA posposat  <\/strong>amb Eva S\u00e1nchez i Mar\u00eda Rosendo<\/p><p>Lloc: a confirmar<\/p><p><\/p><p><strong>SEVILLA (dates a concretar)<\/strong> amb Anna Pujol i Sergi Barrientos<\/p><p>Lloc: a confirmar<\/p><\/blockquote>\n\n\n\n<p><strong>TEO, A CORU\u00d1A  <strong>(dates a concretar)<\/strong><\/strong>, amb C\u00e9sar Fern\u00e1ndez i Barbara Rabinad<\/p>\n\n\n\n<p>Lloc: <a href=\"Lloc: a confirmar\">Lloc: a confirmar<\/a><\/p>\n\n\n\n<blockquote class=\"wp-block-quote is-layout-flow wp-block-quote-is-layout-flow\"><p><\/p><\/blockquote>\n\n\n\n<p><strong>Data l\u00edmit inscripci\u00f3:<\/strong> sent conscients que anem amb una mica de retard a les inscripcions per a aquesta primera classe, la data l\u00edmit en aquest cas ser\u00e0 fins al mateix dia de la classe.<\/p>\n\n\n\n<p><\/p>\n","protected":false},"featured_media":17137,"template":"","class_list":["post-17141","tdp_event","type-tdp_event","status-publish","has-post-thumbnail","hentry"],"yoast_head":"<!-- This site is optimized with the Yoast SEO plugin v15.4 - https:\/\/yoast.com\/wordpress\/plugins\/seo\/ -->\n<title>M\u00e9s enll\u00e0 del col\u00b7lapse. El Poder de la Natura - Trabajo de Procesos<\/title>\n<meta name=\"robots\" content=\"index, follow, max-snippet:-1, max-image-preview:large, max-video-preview:-1\" \/>\n<link rel=\"canonical\" href=\"https:\/\/www.trabajodeprocesos.net\/ca\/event\/mes-enlla-del-collapse-el-poder-de-la-natura\/\" \/>\n<meta property=\"og:locale\" content=\"ca_ES\" \/>\n<meta property=\"og:type\" content=\"article\" \/>\n<meta property=\"og:title\" content=\"M\u00e9s enll\u00e0 del col\u00b7lapse. El Poder de la Natura - Trabajo de Procesos\" \/>\n<meta property=\"og:description\" content=\"Davant del context de crisi ecosocial que estem vivint, sorgeix la necessitat de moure&#8217;ns, de canviar de rumb, d&#8217;arribar a acords com a societat per mitigar els impactes a tots els nivells. Les postures van des de la pura negaci\u00f3 de la realitat fins a la certesa de la destrucci\u00f3 de la societat, i fan [&hellip;]\" \/>\n<meta property=\"og:url\" content=\"https:\/\/www.trabajodeprocesos.net\/ca\/event\/mes-enlla-del-collapse-el-poder-de-la-natura\/\" \/>\n<meta property=\"og:site_name\" content=\"Trabajo de Procesos\" \/>\n<meta property=\"article:modified_time\" content=\"2023-04-26T18:01:41+00:00\" \/>\n<meta property=\"og:image\" content=\"https:\/\/www.trabajodeprocesos.net\/wp-content\/uploads\/2023\/03\/IMG_6917.jpg\" \/>\n\t<meta property=\"og:image:width\" content=\"276\" \/>\n\t<meta property=\"og:image:height\" content=\"183\" \/>\n<meta name=\"twitter:card\" content=\"summary_large_image\" \/>\n<meta name=\"twitter:label1\" content=\"Escrit per\">\n\t<meta name=\"twitter:data1\" content=\"Admin\">\n\t<meta name=\"twitter:label2\" content=\"Temps estimat de lectura\">\n\t<meta name=\"twitter:data2\" content=\"1 minut\">\n<script type=\"application\/ld+json\" class=\"yoast-schema-graph\">{\"@context\":\"https:\/\/schema.org\",\"@graph\":[{\"@type\":\"WebSite\",\"@id\":\"https:\/\/www.trabajodeprocesos.net\/ca\/#website\",\"url\":\"https:\/\/www.trabajodeprocesos.net\/ca\/\",\"name\":\"Trabajo de Procesos\",\"description\":\"\",\"potentialAction\":[{\"@type\":\"SearchAction\",\"target\":\"https:\/\/www.trabajodeprocesos.net\/ca\/?s={search_term_string}\",\"query-input\":\"required name=search_term_string\"}],\"inLanguage\":\"ca\"},{\"@type\":\"ImageObject\",\"@id\":\"https:\/\/www.trabajodeprocesos.net\/ca\/event\/mes-enlla-del-collapse-el-poder-de-la-natura\/#primaryimage\",\"inLanguage\":\"ca\",\"url\":\"https:\/\/www.trabajodeprocesos.net\/wp-content\/uploads\/2023\/03\/IMG_6917.jpg\",\"width\":276,\"height\":183},{\"@type\":\"WebPage\",\"@id\":\"https:\/\/www.trabajodeprocesos.net\/ca\/event\/mes-enlla-del-collapse-el-poder-de-la-natura\/#webpage\",\"url\":\"https:\/\/www.trabajodeprocesos.net\/ca\/event\/mes-enlla-del-collapse-el-poder-de-la-natura\/\",\"name\":\"M\\u00e9s enll\\u00e0 del col\\u00b7lapse. El Poder de la Natura - Trabajo de Procesos\",\"isPartOf\":{\"@id\":\"https:\/\/www.trabajodeprocesos.net\/ca\/#website\"},\"primaryImageOfPage\":{\"@id\":\"https:\/\/www.trabajodeprocesos.net\/ca\/event\/mes-enlla-del-collapse-el-poder-de-la-natura\/#primaryimage\"},\"datePublished\":\"2023-03-24T15:08:11+00:00\",\"dateModified\":\"2023-04-26T18:01:41+00:00\",\"inLanguage\":\"ca\",\"potentialAction\":[{\"@type\":\"ReadAction\",\"target\":[\"https:\/\/www.trabajodeprocesos.net\/ca\/event\/mes-enlla-del-collapse-el-poder-de-la-natura\/\"]}]}]}<\/script>\n<!-- \/ Yoast SEO plugin. -->","_links":{"self":[{"href":"https:\/\/www.trabajodeprocesos.net\/ca\/wp-json\/wp\/v2\/tdp_event\/17141","targetHints":{"allow":["GET"]}}],"collection":[{"href":"https:\/\/www.trabajodeprocesos.net\/ca\/wp-json\/wp\/v2\/tdp_event"}],"about":[{"href":"https:\/\/www.trabajodeprocesos.net\/ca\/wp-json\/wp\/v2\/types\/tdp_event"}],"version-history":[{"count":14,"href":"https:\/\/www.trabajodeprocesos.net\/ca\/wp-json\/wp\/v2\/tdp_event\/17141\/revisions"}],"predecessor-version":[{"id":17371,"href":"https:\/\/www.trabajodeprocesos.net\/ca\/wp-json\/wp\/v2\/tdp_event\/17141\/revisions\/17371"}],"wp:featuredmedia":[{"embeddable":true,"href":"https:\/\/www.trabajodeprocesos.net\/ca\/wp-json\/wp\/v2\/media\/17137"}],"wp:attachment":[{"href":"https:\/\/www.trabajodeprocesos.net\/ca\/wp-json\/wp\/v2\/media?parent=17141"}],"curies":[{"name":"wp","href":"https:\/\/api.w.org\/{rel}","templated":true}]}}