{"id":1280,"date":"2020-07-01T15:35:01","date_gmt":"2020-07-01T13:35:01","guid":{"rendered":"http:\/\/www.trabajodeprocesos.net\/politica-de-privacitat\/"},"modified":"2022-03-25T15:17:37","modified_gmt":"2022-03-25T13:17:37","slug":"politica-de-privacitat","status":"publish","type":"page","link":"https:\/\/www.trabajodeprocesos.net\/ca\/politica-de-privacitat\/","title":{"rendered":"Pol\u00edtica de privacitat"},"content":{"rendered":"\t\t<div data-elementor-type=\"wp-page\" data-elementor-id=\"1280\" class=\"elementor elementor-1280 elementor-475\" data-elementor-settings=\"[]\">\n\t\t\t\t\t\t<div class=\"elementor-inner\">\n\t\t\t\t\t\t\t<div class=\"elementor-section-wrap\">\n\t\t\t\t\t\t\t<section class=\"elementor-section elementor-top-section elementor-element elementor-element-4d7c646b elementor-section-boxed elementor-section-height-default elementor-section-height-default\" data-id=\"4d7c646b\" data-element_type=\"section\">\n\t\t\t\t\t\t<div class=\"elementor-container elementor-column-gap-default\">\n\t\t\t\t\t\t\t<div class=\"elementor-row\">\n\t\t\t\t\t<div class=\"elementor-column elementor-col-100 elementor-top-column elementor-element elementor-element-55c734e1\" data-id=\"55c734e1\" data-element_type=\"column\">\n\t\t\t<div class=\"elementor-column-wrap elementor-element-populated\">\n\t\t\t\t\t\t\t<div class=\"elementor-widget-wrap\">\n\t\t\t\t\t\t<div class=\"elementor-element elementor-element-47650856 elementor-widget elementor-widget-text-editor\" data-id=\"47650856\" data-element_type=\"widget\" data-widget_type=\"text-editor.default\">\n\t\t\t\t<div class=\"elementor-widget-container\">\n\t\t\t\t\t<div class=\"elementor-text-editor elementor-clearfix\"><p><\/p>\n<h3>I<strong>NTRODUCCI\u00d3<\/strong><\/h3>\n<p><\/p>\n<p>La seva privacitat \u00e9s important per a nosaltres, aix\u00ed que mitjan\u00e7ant aquest document us expliquem quines dades recollim dels usuaris, com els utilitzem i per a qu\u00e8, entre d&#8217;altres indicacions.<\/p>\n<p><\/p>\n<p>Per a la seva informaci\u00f3, mai demanarem m\u00e9s informaci\u00f3 de la que realment necessitarem per als serveis requerits; mai la compartirem amb tercers, excepte per obligaci\u00f3 legal o amb la seva autoritzaci\u00f3 pr\u00e8via; i mai utilitzarem les seves dades per a una altra finalitat no<br \/>indicada pr\u00e8viament.<\/p>\n<p><\/p>\n<p>Com a usuaris, haur\u00e0 de llegir atentament aquesta Pol\u00edtica de privacitat de manera regular, i sempre que introdueixi les seves dades personals, ja que aquest document pot patir modificacions ja que el prestador pot modificar qualsevol tipus d&#8217;informaci\u00f3 que pogu\u00e9s apar\u00e8ixer al web per complir amb la normativa o actualitzar la pol\u00edtica, i sense que hi hagi l&#8217;obligaci\u00f3 de pre-avisar o posar en coneixement dels usuaris aquestes obligacions, sent suficients la publicaci\u00f3 al lloc web del prestador.<\/p>\n<p><\/p>\n<h3>RESPONSABLE DEL TRACTAMENT:<\/h3>\n<p><\/p>\n<ul>\n<li>Identitat: <strong>ASOCIACI\u00d3N INSTITUTO TRABAJO DE PROCESOS Y DEMOCRACIA PROFUNDA<\/strong> (tamb\u00e9 el prestador)<\/li>\n<li>NIF: <strong>G66067372<\/strong><\/li>\n<li>Direcci\u00f3 postal: Carrer La Palma 11,\u00a0 entresol 1,\u00a0 \u00a0 08011 Barcelona<\/li>\n<li>Correu electr\u00f2nic: <strong>info@trabajodeprocesos.net<\/strong><\/li>\n<\/ul>\n<p><\/p>\n<p><strong>ASOCIACI\u00d3N INSTITUTO TRABAJO DE PROCESOS Y DEMOCRACIA PROFUNDA<\/strong>, c om a responsable del lloc web, de conformitat amb el que disposa el Reglament (UE) 2016\/679 de 27 d&#8217;abril de 2016 (RGPD) relatiu a la protecci\u00f3 de les persones f\u00edsiques pel que fa al tractament de dades personals i a la lliure circulaci\u00f3 d&#8217;aquestes dades i per la Llei 34\/2002, de 11 de juliol, de Serveis de la Societat de la Informaci\u00f3 i del Comer\u00e7 Electr\u00f2nic (LSSICE), li informa que t\u00e9 implementades les mesures de seguretat necess\u00e0ries, d\u2019\u00edndole t\u00e8cnica i organitzatives, per a garantir i protegir la confidencialitat, integritat i disponibilitat de les dades introdu\u00efdes.<\/p>\n<p><\/p>\n<h3>M\u00c8TODE D&#8217;OBTENCI\u00d3 DE LES DADES i DADES QUE RECAPTEM:<\/h3>\n<p><\/p>\n<p>Les dades que recollim i la manera com les obtenim \u00e9s la seg\u00fcent:<\/p>\n<p><\/p>\n<ol>\n<li>mitjan\u00e7ant el <strong>formulari de contacte<\/strong>: nom, email, asunto<\/li>\n<li>mitjan\u00e7ant el <strong>formulari de registre<\/strong>: nom, email, estudis, treball, DNI, que esperes del curs, tel\u00e8fono de contacte i idioma<\/li>\n<li>mitjan\u00e7ant el <strong>formulari de subscripci\u00f3 a la newsletter<\/strong>: email<\/li>\n<\/ol>\n<p><\/p>\n<p>No es tracten categories de dades especialment protegides.<\/p>\n<p><\/p>\n<h3>FINALITAT DEL TRACTAMENT:<\/h3>\n<p><\/p>\n<p>Les seves dades personals nom\u00e9s s&#8217;utilitzaran per a les seg\u00fcents finalitats, prestant el seu consentiment per a cadascuna de les finalitats en l&#8217;apartat corresponent de la web:<\/p>\n<p><\/p>\n<ol>\n<li><strong>formulari de contacte<\/strong>: per respondre a les consultes i \/ o proporcionar informacions requerides per l&#8217;Usuari;<\/li>\n<li><strong>formulari de registre<\/strong>: per a la creaci\u00f3 d&#8217;un compte d&#8217;usuari i pugui accedir a les funcionalitats del web;<\/li>\n<li><strong>formulari de subscripci\u00f3 a la newsletter<\/strong>: per remetre les comunicacions comercials publicit\u00e0ries per email, SMS, comunitats socials o qualsevol altre mitj\u00e0 electr\u00f2nic o f\u00edsic, en cas que l&#8217;Usuari ho hagi consentit expressament;<\/li>\n<li><strong>Altres finalitats<\/strong>:\n<ul>\n<li>Realitzar les gestions comercials, administratives, fiscals, comptables que siguin necess\u00e0ries en virtut de la legislaci\u00f3 vigent;<\/li>\n<li>Realitzaci\u00f3 d&#8217;an\u00e0lisi de perfils i d&#8217;usabilitat del web, a trav\u00e9s de les cookies (esmentades en la pol\u00edtica de cookies);<\/li>\n<li>Xarxes socials: en l&#8217;apartat corresponent s&#8217;especifica l&#8217;\u00fas de les xarxes socials.<\/li>\n<\/ul>\n<\/li>\n<\/ol>\n<p><\/p>\n<p>Les fotografies que estiguin penjades al web s\u00f3n propietat de <strong>ASOCIACI\u00d3N INSTITUTO TRABAJO DE PROCESOS Y DEMOCRACIA PROFUNDA<\/strong>.<\/p>\n<p><\/p>\n<p>Pot revocar en qualsevol moment el seu consentiment remetent un escrit amb l&#8217;assumpte &#8220;Baixa&#8221; a l\u2019 EMAIL.<\/p>\n<p><\/p>\n<p>D&#8217;acord amb la LSSICE, <strong>ASOCIACI\u00d3N INSTITUTO TRABAJO DE PROCESOS Y DEMOCRACIA PROFUNDA<\/strong> no realitza pr\u00e0ctiques de SPAM, per tant, no envia correus comercials per e-mail que no hagin estat pr\u00e8viament sol\u00b7licitats o autoritzats per l&#8217;Usuari. En conseq\u00fc\u00e8ncia, en totes les comunicacions que rebr\u00e0 del prestador, l&#8217;usuari t\u00e9 la possibilitat de cancel\u00b7lar el seu consentiment expr\u00e9s per rebre les nostres comunicacions.<\/p>\n<p><\/p>\n<p>No tractarem les seves dades personals per a cap altra finalitat de les descrites excepte per obligaci\u00f3 legal o requeriment judicial.<\/p>\n<p><\/p>\n<p>No ser\u00e0 objecte de decisions basades en tractaments automatitzats que produeixin efectes sobre les seves dades.<\/p>\n<p><\/p>\n<h3>LEGITIMACI\u00d3 DEL TRACTAMENT<\/h3>\n<p><\/p>\n<p>La base legal per al tractament de les dades \u00e9s el seu c onsentiment atorgat en el moment de donar les seves dades en el formulari corresponent per dur a terme les finalitats, en el moment de marcatge de la casella de verificaci\u00f3.<\/p>\n<p><\/p>\n<p>El no facilitar les dades personals sol\u00b7licitades o el no acceptar la present pol\u00edtica de privacitat suposa la impossibilitat d&#8217;aconseguir les finalitats anteriorment descrites.<\/p>\n<p><\/p>\n<p>En els casos en qu\u00e8 hi hagi una pr\u00e8via relaci\u00f3 contractual entre les parts, la legitimaci\u00f3 per al desenvolupament de les obligacions administratives, fiscals, comptables i laborals que siguin necess\u00e0ries en virtut de la legislaci\u00f3 vigent ser\u00e0 l &#8216;exist\u00e8ncia pr\u00e8via de la relaci\u00f3 comercial establerta entre les parts.<\/p>\n<p><\/p>\n<p>L&#8217;oferta prospectiva o comercial de productes i serveis est\u00e0 basada en el consentiment que se li sol\u00b7licita, sense que en cap cas la retirada d&#8217;aquest consentiment condicioni l&#8217;execuci\u00f3 del contracte de subscripci\u00f3.<\/p>\n<p><\/p>\n<h3>TERMINI DE CONSERVACI\u00d3 DE LES DADES:<\/h3>\n<p><\/p>\n<p>Les seves dades es conservaran mentre duri la relaci\u00f3 comercial amb nosaltres o exerceix el seu dret de cancel\u00b7laci\u00f3 o oposici\u00f3, o limitaci\u00f3 al tractament. Tanmateix, conservarem les vostres dades en els terminis legalment previstos en les disposicions aplicables.<\/p>\n<p><\/p>\n<h3>DESTINATARIS DE CESSIONS O TRANSFER\u00c8NCIES:<\/h3>\n<p><\/p>\n<p><strong>ASOCIACI\u00d3N INSTITUTO TRABAJO DE PROCESOS Y DEMOCRACIA PROFUNDA<\/strong> no porta a terme cap cessi\u00f3 o comunicaci\u00f3 de dades ni dins ni fora de la UE. El prestador \u00fanicament facilitar\u00e0 informaci\u00f3 a les forces i cossos de seguretat sota ordre judicial o per obligaci\u00f3 d&#8217;una norma legal, sense perjudici de poder bloquejar o cancel\u00b7lar el seu compte si pot haver-hi indicis de la comissi\u00f3 d&#8217;algun delicte per part de l&#8217;usuari. La informaci\u00f3 facilitada ser\u00e0 nom\u00e9s la que disposi en aquest moment el prestador.<\/p>\n<p><\/p>\n<p>La informaci\u00f3 que vost\u00e8 ens proporcioni tant a trav\u00e9s ser\u00e0 allotjada en els servidors propis de <strong>ASOCIACI\u00d3N INSTITUTO TRABAJO DE PROCESOS Y DEMOCRACIA PROFUNDA<\/strong>.<\/p>\n<p><\/p>\n<p>Aix\u00ed mateix, el prestador utilitza determinades eines per prestar serveis necessaris per al desenvolupament de l&#8217;activitat, podent emmagatzemar les seves dades. Aquestes eines s\u00f3n les seg\u00fcents:<\/p>\n<p><\/p>\n<p><strong>Google Analytics<\/strong>: per realitzar un an\u00e0lisi i m\u00e8trica de l&#8217;\u00fas que els usuaris fan del web a trav\u00e9s de les cookies. La informaci\u00f3 que generen i recopilen aquestes cookies sobre l&#8217;\u00fas (incloent l&#8217;adre\u00e7a IP) ser\u00e0 directament transmesa i arxivada per Google Inc, situada a Delaware, 1600 Amphitheatre Parkway, Muntain View (Calif\u00f2rnia), CA 94043 d&#8217;Estats Units (&#8220;Google&#8221;) , en els seus servidors d&#8217;Estats Units.<\/p>\n<p><\/p>\n<h3>DRETS DE LES PERSONES INTERESSADES:<\/h3>\n<p><\/p>\n<p>Com a usuari-interessat, pot sol\u00b7licitar l&#8217;exercici dels seg\u00fcents drets davant <strong>ASOCIACI\u00d3N INSTITUTO TRABAJO DE PROCESOS Y DEMOCRACIA PROFUNDA<\/strong> presentant un escrit a l&#8217;adre\u00e7a postal de l&#8217;encap\u00e7alament o enviant un correu electr\u00f2nic a info@trabajodeprocesos.net, indicant com Assumpte: &#8220;PROTECCI\u00d3 DE DADES: DRETS DELS AFECTATS&#8221;, i adjuntant fotoc\u00f2pia del seu DNI o qualsevol mitj\u00e0 an\u00e0leg en dret, tal com indica la llei.<\/p>\n<p><\/p>\n<p>Drets:<\/p>\n<p><\/p>\n<ul>\n<li><strong>Dret d&#8217;acc\u00e9s<\/strong>: permet a l&#8217;interessat con\u00e8ixer i obtenir informaci\u00f3 sobre les seves dades de car\u00e0cter personal sotmeses a tractament.<\/li>\n<li><strong>Dret de rectificaci\u00f3<\/strong>: permet corregir errors i modificar les dades que resultin ser inexactes o incompletes.<\/li>\n<li><strong>Dret de cancel\u00b7laci\u00f3 o supressi\u00f3 \/ a l&#8217;oblit<\/strong>: permet que se suprimeixin les dades que siguin inadequades o excessives.<\/li>\n<li><strong>Dret d&#8217;oposici\u00f3<\/strong>: dret de l&#8217;interessat a que no es dugui a terme el tractament de les seves dades de car\u00e0cter personal o se cessi en el mateix.<\/li>\n<li><strong>Limitaci\u00f3 del tractament<\/strong>: comporta el marcat de les dades personals conservats, amb la finalitat de limitar el seu futur tractament, per a l&#8217;exercici o la defensa de reclamacions.<\/li>\n<li><strong>Portabilitat de les dades<\/strong>: facilitaci\u00f3 de les dades objecte de tractament a l&#8217;interessat, per tal que aquest pugui transmetre a un altre responsable, sense impediments.<\/li>\n<li><strong>Dret a no ser objecte de decisions individuals automatitzades (inclosa l&#8217;elaboraci\u00f3 de perfils)<\/strong>: dret a no ser objecte d&#8217;una decisi\u00f3 basada en el tractament automatitzat que produeixi efectes o afecti significativament.<\/li>\n<\/ul>\n<p><\/p>\n<p>Com a usuari, t\u00e9 dret a retirar el consentiment donat en qualsevol moment. La retirada del consentiment no afectar\u00e0 la licitud del tractament efectuat abans de la retirada del consentiment.<\/p>\n<p><\/p>\n<p>Tamb\u00e9 t\u00e9 dret a presentar una reclamaci\u00f3 davant l&#8217;autoritat de control si considera que poden haver-se vist vulnerats els seus drets en relaci\u00f3 a la protecci\u00f3 de les seves dades (aepd.es).<\/p>\n<p><\/p>\n<h2>INFORMACI\u00d3 ADDICIONAL<\/h2>\n<p><\/p>\n<h3>MESURES DE SEGURETAT:<\/h3>\n<p><\/p>\n<p>Les dades que ens faciliti es tractaran de forma confidencial. El prestador ha adoptat totes les mesures t\u00e8cniques i organitzatives i tots els nivells de protecci\u00f3 necessaris per a garantir la seguretat en el tractament de les dades i evitar la seva alteraci\u00f3, p\u00e8rdua, robatori, tractament o acc\u00e9s no autoritzat, d&#8217;acord l&#8217;estat de la tecnologia i naturalesa de les dades emmagatzemades. Aix\u00ed mateix, es garanteix tamb\u00e9 que el tractament i registre en fitxers, programes, sistemes o equips, locals i centres compleixen amb els requisits i condicions d&#8217;integritat i seguretat establertes en la normativa vigent.<\/p>\n<p><\/p>\n<h3>IDIOMA<\/h3>\n<p><\/p>\n<p>L&#8217;idioma aplicable a aquesta pol\u00edtica de privacitat \u00e9s el castell\u00e0. Per tant, en cas que hi hagu\u00e9s alguna contradicci\u00f3 en alguna de les versions facilitades en altres idiomes, prevaldr\u00e0 la versi\u00f3 en castell\u00e0.<\/p>\n<p><\/p>\n<h3>XARXES SOCIALS<\/h3>\n<p><\/p>\n<p>L&#8217;informem que <strong>ASOCIACI\u00d3N INSTITUTO TRABAJO DE PROCESOS Y DEMOCRACIA PROFUNDA<\/strong> pot tenir pres\u00e8ncia en xarxes socials. El tractament de les dades que es dugui a terme de les persones que es facin seguidores a les xarxes socials de les p\u00e0gines oficials de <strong>ASOCIACI\u00d3N INSTITUTO TRABAJO DE PROCESOS Y DEMOCRACIA PROFUNDA<\/strong> es regir\u00e0 per aquest apartat, aix\u00ed com per aquelles condicions d&#8217;\u00fas, pol\u00edtiques de privacitat i normatives d&#8217;acc\u00e9s que pertanyin a la xarxa social que procedeixi en cada cas i acceptades pr\u00e8viament per l&#8217;usuari.<\/p>\n<p><\/p>\n<p><strong>ASOCIACI\u00d3N INSTITUTO TRABAJO DE PROCESOS Y DEMOCRACIA PROFUNDA<\/strong> tractar\u00e0 les seves dades amb les finalitats d&#8217;administrar correctament la seva pres\u00e8ncia a la xarxa social, informant d&#8217;activitats, productes o serveis del prestador, aix\u00ed com per a qualsevol altra finalitat que les normatives de les Xarxes Socials permetin.<\/p>\n<p><\/p>\n<p>Queda prohibida la publicaci\u00f3 de continguts:<\/p>\n<p><\/p>\n<ul>\n<li>Que siguin presumptament il\u00b7l\u00edcits per la normativa nacional, comunit\u00e0ria o internacional o que realitzin activitats presumptament il\u00b7l\u00edcites o contravinguin els principis de la bona fe.<\/li>\n<li>Que atemptin contra els drets fonamentals de les persones, faltin a la cortesia a la xarxa, molestin o puguin generar opinions negatives en els nostres usuaris o tercers i en general qualssevol siguin els continguts que ASOCIACI\u00d3N INSTITUTO TRABAJO DE PROCESOS Y DEMOCRACIA PROFUNDA consideri inapropiats.<\/li>\n<li>I en general que contravinguin els principis de legalitat, honradesa, responsabilitat, protecci\u00f3 de la dignitat humana, protecci\u00f3 de menors, protecci\u00f3 de l&#8217;ordre p\u00fablic, la protecci\u00f3 de la vida privada, la protecci\u00f3 del consumidor i els drets de propietat intel\u00b7lectual i industrial.<\/li>\n<\/ul>\n<p><\/p>\n<p>Aix\u00ed mateix, <strong>ASOCIACI\u00d3N INSTITUTO TRABAJO DE PROCESOS Y DEMOCRACIA PROFUNDA<\/strong> es reserva la potestat de retirar, sense previ av\u00eds del lloc web o de la xarxa social corporativa aquells continguts que es consideren inadequats.<\/p>\n<p><\/p>\n<p>En tot cas, si V\u00e8. remet informaci\u00f3 personal a trav\u00e9s de la xarxa social, ASOCIACI\u00d3N INSTITUTO TRABAJO DE PROCESOS Y DEMOCRACIA PROFUNDA quedar\u00e0 exempt de responsabilitat en relaci\u00f3 a les mesures de seguretat aplicables a la present plataforma i l\u2019usuari, en cas de voler con\u00e8ixer-les, ha de consultar les corresponents condicions particulars de la xarxa en q\u00fcesti\u00f3.<\/p>\n<p><\/p>\n<h3>CANVIS EN LA PRESENT POL\u00cdTICA DE PRIVACITAT<\/h3>\n<p><\/p>\n<p><strong>ASOCIACI\u00d3N INSTITUTO TRABAJO DE PROCESOS Y DEMOCRACIA PROFUNDA<\/strong> es reserva el dret a modificar la present pol\u00edtica per adaptar-la a novetats legislatives o jurisprudencials.<\/p>\n<p><\/p>\n<h3>REVOCABILITAT<\/h3>\n<p><\/p>\n<p>El consentiment prestat, tant pel tractament com per a la cessi\u00f3 de les dades dels interessats, \u00e9s revocable en qualsevol moment comunicant-ho a <strong>ASOCIACI\u00d3N INSTITUTO TRABAJO DE PROCESOS Y DEMOCRACIA PROFUNDA<\/strong> en els termes que estableix aquesta Pol\u00edtica per a l&#8217;exercici dels drets. Aquesta revocaci\u00f3 en cap cas tindr\u00e0 car\u00e0cter<br \/>retroactiu.<\/p>\n<p><\/p>\n<h3>LEGISLACI\u00d3<\/h3>\n<p><\/p>\n<p>Amb car\u00e0cter general les relacions entre <strong>ASOCIACI\u00d3N INSTITUTO TRABAJO DE PROCESOS Y DEMOCRACIA PROFUNDA<\/strong> amb els Usuaris dels seus serveis telem\u00e0tics, presents en aquesta web, estan sotmesos a la legislaci\u00f3 i jurisdicci\u00f3 espanyola a la qual se sotmeten expressament les parts, sent competents per a la resoluci\u00f3 de tots els conflictes derivats o relacionats amb el seu \u00fas els Jutjats i Tribunals de Barcelona.<span style=\"background-color: #4e3980; color: #ffffff; font-size: 15px;\">Carrer La Palma 11,\u00a0 entresol 1,\u00a0 \u00a0 08011 Barcelona<\/span><\/p>\n<p><\/p><\/div>\n\t\t\t\t<\/div>\n\t\t\t\t<\/div>\n\t\t\t\t\t\t<\/div>\n\t\t\t\t\t<\/div>\n\t\t<\/div>\n\t\t\t\t\t\t\t\t<\/div>\n\t\t\t\t\t<\/div>\n\t\t<\/section>\n\t\t\t\t\t\t<\/div>\n\t\t\t\t\t\t<\/div>\n\t\t\t\t\t<\/div>\n\t\t","protected":false},"excerpt":{"rendered":"<p>INTRODUCCI\u00d3 La seva privacitat \u00e9s important per a nosaltres, aix\u00ed que mitjan\u00e7ant aquest document us expliquem quines dades recollim dels usuaris, com els utilitzem i per a qu\u00e8, entre d&#8217;altres indicacions. Per a la seva informaci\u00f3, mai demanarem m\u00e9s informaci\u00f3 de la que realment necessitarem per als serveis requerits; mai la compartirem amb tercers, excepte [&hellip;]<\/p>\n","protected":false},"author":6,"featured_media":0,"parent":0,"menu_order":0,"comment_status":"closed","ping_status":"closed","template":"","meta":{"footnotes":""},"class_list":["post-1280","page","type-page","status-publish","hentry"],"yoast_head":"<!-- This site is optimized with the Yoast SEO plugin v15.4 - https:\/\/yoast.com\/wordpress\/plugins\/seo\/ -->\n<title>Pol\u00edtica de privacitat - Trabajo de Procesos<\/title>\n<meta name=\"robots\" content=\"index, follow, max-snippet:-1, max-image-preview:large, max-video-preview:-1\" \/>\n<link rel=\"canonical\" href=\"https:\/\/www.trabajodeprocesos.net\/ca\/politica-de-privacitat\/\" \/>\n<meta property=\"og:locale\" content=\"ca_ES\" \/>\n<meta property=\"og:type\" content=\"article\" \/>\n<meta property=\"og:title\" content=\"Pol\u00edtica de privacitat - Trabajo de Procesos\" \/>\n<meta property=\"og:description\" content=\"INTRODUCCI\u00d3 La seva privacitat \u00e9s important per a nosaltres, aix\u00ed que mitjan\u00e7ant aquest document us expliquem quines dades recollim dels usuaris, com els utilitzem i per a qu\u00e8, entre d&#8217;altres indicacions. Per a la seva informaci\u00f3, mai demanarem m\u00e9s informaci\u00f3 de la que realment necessitarem per als serveis requerits; mai la compartirem amb tercers, excepte [&hellip;]\" \/>\n<meta property=\"og:url\" content=\"https:\/\/www.trabajodeprocesos.net\/ca\/politica-de-privacitat\/\" \/>\n<meta property=\"og:site_name\" content=\"Trabajo de Procesos\" \/>\n<meta property=\"article:modified_time\" content=\"2022-03-25T13:17:37+00:00\" \/>\n<meta name=\"twitter:card\" content=\"summary_large_image\" \/>\n<meta name=\"twitter:label1\" content=\"Escrit per\">\n\t<meta name=\"twitter:data1\" content=\"Admin\">\n\t<meta name=\"twitter:label2\" content=\"Temps estimat de lectura\">\n\t<meta name=\"twitter:data2\" content=\"8 minuts\">\n<script type=\"application\/ld+json\" class=\"yoast-schema-graph\">{\"@context\":\"https:\/\/schema.org\",\"@graph\":[{\"@type\":\"WebSite\",\"@id\":\"https:\/\/www.trabajodeprocesos.net\/ca\/#website\",\"url\":\"https:\/\/www.trabajodeprocesos.net\/ca\/\",\"name\":\"Trabajo de Procesos\",\"description\":\"\",\"potentialAction\":[{\"@type\":\"SearchAction\",\"target\":\"https:\/\/www.trabajodeprocesos.net\/ca\/?s={search_term_string}\",\"query-input\":\"required name=search_term_string\"}],\"inLanguage\":\"ca\"},{\"@type\":\"WebPage\",\"@id\":\"https:\/\/www.trabajodeprocesos.net\/ca\/politica-de-privacitat\/#webpage\",\"url\":\"https:\/\/www.trabajodeprocesos.net\/ca\/politica-de-privacitat\/\",\"name\":\"Pol\\u00edtica de privacitat - Trabajo de Procesos\",\"isPartOf\":{\"@id\":\"https:\/\/www.trabajodeprocesos.net\/ca\/#website\"},\"datePublished\":\"2020-07-01T13:35:01+00:00\",\"dateModified\":\"2022-03-25T13:17:37+00:00\",\"inLanguage\":\"ca\",\"potentialAction\":[{\"@type\":\"ReadAction\",\"target\":[\"https:\/\/www.trabajodeprocesos.net\/ca\/politica-de-privacitat\/\"]}]}]}<\/script>\n<!-- \/ Yoast SEO plugin. -->","_links":{"self":[{"href":"https:\/\/www.trabajodeprocesos.net\/ca\/wp-json\/wp\/v2\/pages\/1280","targetHints":{"allow":["GET"]}}],"collection":[{"href":"https:\/\/www.trabajodeprocesos.net\/ca\/wp-json\/wp\/v2\/pages"}],"about":[{"href":"https:\/\/www.trabajodeprocesos.net\/ca\/wp-json\/wp\/v2\/types\/page"}],"author":[{"embeddable":true,"href":"https:\/\/www.trabajodeprocesos.net\/ca\/wp-json\/wp\/v2\/users\/6"}],"replies":[{"embeddable":true,"href":"https:\/\/www.trabajodeprocesos.net\/ca\/wp-json\/wp\/v2\/comments?post=1280"}],"version-history":[{"count":5,"href":"https:\/\/www.trabajodeprocesos.net\/ca\/wp-json\/wp\/v2\/pages\/1280\/revisions"}],"predecessor-version":[{"id":13458,"href":"https:\/\/www.trabajodeprocesos.net\/ca\/wp-json\/wp\/v2\/pages\/1280\/revisions\/13458"}],"wp:attachment":[{"href":"https:\/\/www.trabajodeprocesos.net\/ca\/wp-json\/wp\/v2\/media?parent=1280"}],"curies":[{"name":"wp","href":"https:\/\/api.w.org\/{rel}","templated":true}]}}