{"id":1054,"date":"2020-06-29T10:04:09","date_gmt":"2020-06-29T08:04:09","guid":{"rendered":"http:\/\/www.trabajodeprocesos.net\/andy-smith\/"},"modified":"2020-06-29T10:04:10","modified_gmt":"2020-06-29T08:04:10","slug":"andy-smith","status":"publish","type":"page","link":"https:\/\/www.trabajodeprocesos.net\/ca\/professorat\/andy-smith\/","title":{"rendered":"Andy Smith"},"content":{"rendered":"\t\t<div data-elementor-type=\"wp-page\" data-elementor-id=\"1054\" class=\"elementor elementor-1054 elementor-860\" data-elementor-settings=\"[]\">\n\t\t\t\t\t\t<div class=\"elementor-inner\">\n\t\t\t\t\t\t\t<div class=\"elementor-section-wrap\">\n\t\t\t\t\t\t\t<section class=\"elementor-section elementor-top-section elementor-element elementor-element-b7b8846 elementor-section-boxed elementor-section-height-default elementor-section-height-default\" data-id=\"b7b8846\" data-element_type=\"section\">\n\t\t\t\t\t\t<div class=\"elementor-container elementor-column-gap-default\">\n\t\t\t\t\t\t\t<div class=\"elementor-row\">\n\t\t\t\t\t<div class=\"elementor-column elementor-col-100 elementor-top-column elementor-element elementor-element-9f66b9f\" data-id=\"9f66b9f\" data-element_type=\"column\">\n\t\t\t<div class=\"elementor-column-wrap elementor-element-populated\">\n\t\t\t\t\t\t\t<div class=\"elementor-widget-wrap\">\n\t\t\t\t\t\t<div class=\"elementor-element elementor-element-327a823 elementor-widget elementor-widget-image\" data-id=\"327a823\" data-element_type=\"widget\" data-widget_type=\"image.default\">\n\t\t\t\t<div class=\"elementor-widget-container\">\n\t\t\t\t\t<div class=\"elementor-image\">\n\t\t\t\t\t\t\t\t\t\t<img loading=\"lazy\" decoding=\"async\" width=\"211\" height=\"211\" src=\"https:\/\/www.trabajodeprocesos.net\/wp-content\/uploads\/2019\/12\/andy-smith.jpg\" class=\"attachment-full size-full\" alt=\"\" srcset=\"https:\/\/www.trabajodeprocesos.net\/wp-content\/uploads\/2019\/12\/andy-smith.jpg 211w, https:\/\/www.trabajodeprocesos.net\/wp-content\/uploads\/2019\/12\/andy-smith-150x150.jpg 150w\" sizes=\"auto, (max-width: 211px) 100vw, 211px\" \/>\t\t\t\t\t\t\t\t\t\t\t<\/div>\n\t\t\t\t<\/div>\n\t\t\t\t<\/div>\n\t\t\t\t\t\t<\/div>\n\t\t\t\t\t<\/div>\n\t\t<\/div>\n\t\t\t\t\t\t\t\t<\/div>\n\t\t\t\t\t<\/div>\n\t\t<\/section>\n\t\t\t\t<section class=\"elementor-section elementor-top-section elementor-element elementor-element-0831cc7 elementor-section-narrow_boxed elementor-section-height-default elementor-section-height-default\" data-id=\"0831cc7\" data-element_type=\"section\">\n\t\t\t\t\t\t<div class=\"elementor-container elementor-column-gap-default\">\n\t\t\t\t\t\t\t<div class=\"elementor-row\">\n\t\t\t\t\t<div class=\"elementor-column elementor-col-100 elementor-top-column elementor-element elementor-element-40718ad\" data-id=\"40718ad\" data-element_type=\"column\">\n\t\t\t<div class=\"elementor-column-wrap elementor-element-populated\">\n\t\t\t\t\t\t\t<div class=\"elementor-widget-wrap\">\n\t\t\t\t\t\t<div class=\"elementor-element elementor-element-378acab elementor-widget elementor-widget-text-editor\" data-id=\"378acab\" data-element_type=\"widget\" data-widget_type=\"text-editor.default\">\n\t\t\t\t<div class=\"elementor-widget-container\">\n\t\t\t\t\t<div class=\"elementor-text-editor elementor-clearfix\"><\/p>\n<p>Andy Smith El treball de l\u2019Andy es centra en el canvi i la transformaci\u00f3 comunit\u00e0ria i de les organitzacions, al democr\u00e0cia participativa, la inclusi\u00f3 i la diversitat.<\/p>\n<p><strong>Treball Principal<\/strong><\/p>\n<p>Amb la seva companya (Pat Black) va fundar Diversity Matters l\u2019any 2001; aquesta associaci\u00f3 treballa per una societat m\u00e9s inclusiva, especialment en la transformaci\u00f3 comunit\u00e0ria, l\u2019atenci\u00f3 social i el sistema sanitari, valorant i posant de relleu les aportacions de grups i identitats marginades per la societat i trobant noves maneres de motivar, educar i aprendre col\u00b7lectivament.<\/p>\n<p>Aquesta tasca ha tingut com a resultat tres premis internacionals sobre el disseny educatiu, tant a nivell universitari com elemental, amb premis per a la inclusi\u00f3, canvi del lloc de treball, aprenentatge continuat i innovaci\u00f3 global en educaci\u00f3.<\/p>\n<p>La seva visi\u00f3 i pr\u00e0ctica han iniciat i creat aliances amb l\u2019objectiu general d\u2019un m\u00f3n m\u00e9s inclusiu i creatiu, treballant amb grups governamentals i ONGs, centres socials i comunitats de base. S\u00f3n 25 anys d\u2019experi\u00e8ncia en consultoria organitzacional i ajudant a establir amb \u00e8xit un seguit d\u2019organitzacions volunt\u00e0ries a Esc\u00f2cia. La seva feina actual inclou col\u00b7laboracions amb el Govern d\u2019Esc\u00f2cia, el Consell de Serveis Socials d\u2019Esc\u00f2cia, organitzacions d\u2019atenci\u00f3 i cura a minories \u00e8tniques, administracions locals i una varietat de socis internacionals.<\/p>\n<p><strong>Professor<\/strong><\/p>\n<p>Com a professor de Treball de Processos, l\u2019Andy es centra en el Treball Global (Worldwork), la Democr\u00e0cia Profunda i altres enfocaments sist\u00e8mics, per\u00f2 tamb\u00e9 en explorar i acollir estats no ordinaris, alterats o extrems de consci\u00e8ncia Tamb\u00e9 porta enfocaments i mirades xam\u00e0niques, treball amb el cos i la malaltia. Tot aix\u00f2, amb un fort \u00e8mfasi en el Treball Interior i el desenvolupament personal, que vertebra tot el seu treball.<\/p>\n<p><strong>Acad\u00e8mic<\/strong><\/p>\n<p>L\u2019Andy \u00e9s psicoterapeuta, supervisor i supervisor de formacions registrat al UKCP al Regne Unit, aix\u00ed com membre de la facultat de Treball de Processos al Regne Unit. La seva tesi va prendre una perspectiva sist\u00e8mica i es va centrar en el Treball Interior i el canvi organitzacional. A m\u00e9s a m\u00e9s de dissenyar un curs universitari de postgrau en Lideratge, l\u2019Andy tamb\u00e9 va ser codissenyador i professor principal d\u2019un exit\u00f3s programa de formaci\u00f3 en educaci\u00f3 superior amb la Universitat Queen Margaret d\u2019Edimburg (Esc\u00f2cia).<\/p>\n<p><strong>Altres<\/strong><\/p>\n<p>L\u2019apassiona el ciclisme, acampar en llocs remots, escriure can\u00e7ons, els estats m\u00edstics, cantar a la dutxa i perdre\u2019s als n\u00favols mentre veu un partit de rugbi.<\/p><\/p>\n<\/div>\n\t\t\t\t<\/div>\n\t\t\t\t<\/div>\n\t\t\t\t\t\t<\/div>\n\t\t\t\t\t<\/div>\n\t\t<\/div>\n\t\t\t\t\t\t\t\t<\/div>\n\t\t\t\t\t<\/div>\n\t\t<\/section>\n\t\t\t\t\t\t<\/div>\n\t\t\t\t\t\t<\/div>\n\t\t\t\t\t<\/div>\n\t\t","protected":false},"excerpt":{"rendered":"<p>Andy Smith El treball de l\u2019Andy es centra en el canvi i la transformaci\u00f3 comunit\u00e0ria i de les organitzacions, al democr\u00e0cia participativa, la inclusi\u00f3 i la diversitat. Treball Principal Amb la seva companya (Pat Black) va fundar Diversity Matters l\u2019any 2001; aquesta associaci\u00f3 treballa per una societat m\u00e9s inclusiva, especialment en la transformaci\u00f3 comunit\u00e0ria, l\u2019atenci\u00f3 [&hellip;]<\/p>\n","protected":false},"author":2,"featured_media":0,"parent":928,"menu_order":0,"comment_status":"closed","ping_status":"closed","template":"","meta":{"footnotes":""},"class_list":["post-1054","page","type-page","status-publish","hentry"],"yoast_head":"<!-- This site is optimized with the Yoast SEO plugin v15.4 - https:\/\/yoast.com\/wordpress\/plugins\/seo\/ -->\n<title>Andy Smith - Trabajo de Procesos<\/title>\n<meta name=\"robots\" content=\"index, follow, max-snippet:-1, max-image-preview:large, max-video-preview:-1\" \/>\n<link rel=\"canonical\" href=\"https:\/\/www.trabajodeprocesos.net\/ca\/professorat\/andy-smith\/\" \/>\n<meta property=\"og:locale\" content=\"ca_ES\" \/>\n<meta property=\"og:type\" content=\"article\" \/>\n<meta property=\"og:title\" content=\"Andy Smith - Trabajo de Procesos\" \/>\n<meta property=\"og:description\" content=\"Andy Smith El treball de l\u2019Andy es centra en el canvi i la transformaci\u00f3 comunit\u00e0ria i de les organitzacions, al democr\u00e0cia participativa, la inclusi\u00f3 i la diversitat. Treball Principal Amb la seva companya (Pat Black) va fundar Diversity Matters l\u2019any 2001; aquesta associaci\u00f3 treballa per una societat m\u00e9s inclusiva, especialment en la transformaci\u00f3 comunit\u00e0ria, l\u2019atenci\u00f3 [&hellip;]\" \/>\n<meta property=\"og:url\" content=\"https:\/\/www.trabajodeprocesos.net\/ca\/professorat\/andy-smith\/\" \/>\n<meta property=\"og:site_name\" content=\"Trabajo de Procesos\" \/>\n<meta property=\"article:modified_time\" content=\"2020-06-29T08:04:10+00:00\" \/>\n<meta property=\"og:image\" content=\"http:\/\/www.trabajodeprocesos.net\/wp-content\/uploads\/2019\/12\/andy-smith.jpg\" \/>\n<meta name=\"twitter:card\" content=\"summary_large_image\" \/>\n<meta name=\"twitter:label1\" content=\"Escrit per\">\n\t<meta name=\"twitter:data1\" content=\"Whads Media Studios\">\n\t<meta name=\"twitter:label2\" content=\"Temps estimat de lectura\">\n\t<meta name=\"twitter:data2\" content=\"2 minuts\">\n<script type=\"application\/ld+json\" class=\"yoast-schema-graph\">{\"@context\":\"https:\/\/schema.org\",\"@graph\":[{\"@type\":\"WebSite\",\"@id\":\"https:\/\/www.trabajodeprocesos.net\/ca\/#website\",\"url\":\"https:\/\/www.trabajodeprocesos.net\/ca\/\",\"name\":\"Trabajo de Procesos\",\"description\":\"\",\"potentialAction\":[{\"@type\":\"SearchAction\",\"target\":\"https:\/\/www.trabajodeprocesos.net\/ca\/?s={search_term_string}\",\"query-input\":\"required name=search_term_string\"}],\"inLanguage\":\"ca\"},{\"@type\":\"ImageObject\",\"@id\":\"https:\/\/www.trabajodeprocesos.net\/ca\/professorat\/andy-smith\/#primaryimage\",\"inLanguage\":\"ca\",\"url\":\"http:\/\/www.trabajodeprocesos.net\/wp-content\/uploads\/2019\/12\/andy-smith.jpg\"},{\"@type\":\"WebPage\",\"@id\":\"https:\/\/www.trabajodeprocesos.net\/ca\/professorat\/andy-smith\/#webpage\",\"url\":\"https:\/\/www.trabajodeprocesos.net\/ca\/professorat\/andy-smith\/\",\"name\":\"Andy Smith - Trabajo de Procesos\",\"isPartOf\":{\"@id\":\"https:\/\/www.trabajodeprocesos.net\/ca\/#website\"},\"primaryImageOfPage\":{\"@id\":\"https:\/\/www.trabajodeprocesos.net\/ca\/professorat\/andy-smith\/#primaryimage\"},\"datePublished\":\"2020-06-29T08:04:09+00:00\",\"dateModified\":\"2020-06-29T08:04:10+00:00\",\"inLanguage\":\"ca\",\"potentialAction\":[{\"@type\":\"ReadAction\",\"target\":[\"https:\/\/www.trabajodeprocesos.net\/ca\/professorat\/andy-smith\/\"]}]}]}<\/script>\n<!-- \/ Yoast SEO plugin. -->","_links":{"self":[{"href":"https:\/\/www.trabajodeprocesos.net\/ca\/wp-json\/wp\/v2\/pages\/1054","targetHints":{"allow":["GET"]}}],"collection":[{"href":"https:\/\/www.trabajodeprocesos.net\/ca\/wp-json\/wp\/v2\/pages"}],"about":[{"href":"https:\/\/www.trabajodeprocesos.net\/ca\/wp-json\/wp\/v2\/types\/page"}],"author":[{"embeddable":true,"href":"https:\/\/www.trabajodeprocesos.net\/ca\/wp-json\/wp\/v2\/users\/2"}],"replies":[{"embeddable":true,"href":"https:\/\/www.trabajodeprocesos.net\/ca\/wp-json\/wp\/v2\/comments?post=1054"}],"version-history":[{"count":4,"href":"https:\/\/www.trabajodeprocesos.net\/ca\/wp-json\/wp\/v2\/pages\/1054\/revisions"}],"predecessor-version":[{"id":1058,"href":"https:\/\/www.trabajodeprocesos.net\/ca\/wp-json\/wp\/v2\/pages\/1054\/revisions\/1058"}],"up":[{"embeddable":true,"href":"https:\/\/www.trabajodeprocesos.net\/ca\/wp-json\/wp\/v2\/pages\/928"}],"wp:attachment":[{"href":"https:\/\/www.trabajodeprocesos.net\/ca\/wp-json\/wp\/v2\/media?parent=1054"}],"curies":[{"name":"wp","href":"https:\/\/api.w.org\/{rel}","templated":true}]}}