{"id":1019,"date":"2020-06-26T13:11:45","date_gmt":"2020-06-26T11:11:45","guid":{"rendered":"http:\/\/www.trabajodeprocesos.net\/programes-de-formacio\/any-base\/"},"modified":"2022-10-28T15:54:56","modified_gmt":"2022-10-28T13:54:56","slug":"any-base","status":"publish","type":"page","link":"https:\/\/www.trabajodeprocesos.net\/ca\/programes-de-formacio\/any-base\/","title":{"rendered":"Any Base"},"content":{"rendered":"\t\t<div data-elementor-type=\"wp-page\" data-elementor-id=\"1019\" class=\"elementor elementor-1019 elementor-632\" data-elementor-settings=\"[]\">\n\t\t\t\t\t\t<div class=\"elementor-inner\">\n\t\t\t\t\t\t\t<div class=\"elementor-section-wrap\">\n\t\t\t\t\t\t\t<section class=\"elementor-section elementor-top-section elementor-element elementor-element-2a0b2a1 elementor-section-narrow_boxed elementor-section-height-default elementor-section-height-default\" data-id=\"2a0b2a1\" data-element_type=\"section\">\n\t\t\t\t\t\t<div class=\"elementor-container elementor-column-gap-default\">\n\t\t\t\t\t\t\t<div class=\"elementor-row\">\n\t\t\t\t\t<div class=\"elementor-column elementor-col-100 elementor-top-column elementor-element elementor-element-f5b1f72\" data-id=\"f5b1f72\" data-element_type=\"column\">\n\t\t\t<div class=\"elementor-column-wrap elementor-element-populated\">\n\t\t\t\t\t\t\t<div class=\"elementor-widget-wrap\">\n\t\t\t\t\t\t<div class=\"elementor-element elementor-element-eaefea6 elementor-widget elementor-widget-text-editor\" data-id=\"eaefea6\" data-element_type=\"widget\" data-widget_type=\"text-editor.default\">\n\t\t\t\t<div class=\"elementor-widget-container\">\n\t\t\t\t\t<div class=\"elementor-text-editor elementor-clearfix\"><p><span style=\"font-weight: 400;\">El programa d&#8217;un any de durada (gener a desembre) es basa en tres fonaments d\u2019aprenentatge:<\/span><\/p><ul><li style=\"font-weight: 400;\"><span style=\"font-weight: 400;\">Aprendre en comunitat<\/span><\/li><li style=\"font-weight: 400;\"><span style=\"font-weight: 400;\">Unir els mons interiors i exteriors<\/span><\/li><li style=\"font-weight: 400;\"><span style=\"font-weight: 400;\">Mentoria i sessions individuals<\/span><\/li><\/ul><p><span style=\"font-weight: 400;\">Els i les estudiants treballen en un context grupal, formant grups de companys que progressen junts a trav\u00e9s del programa, com a part de la comunitat d\u2019aprenentatge.<\/span><\/p><p><span style=\"font-weight: 400;\">Aquest model de formaci\u00f3 accelera el proc\u00e9s d\u2019aprenentatge a trav\u00e9s del ric intercanvi d\u2019experi\u00e8ncies i idees que es donen en l\u2019entorn relacional i comunitari. La xarxa de suport entre estudiants segueix treballant junta entre seminaris i dies de formaci\u00f3 a trav\u00e9s de l\u2019aprenentatge en l\u00ednia, grups d\u2019afinitat i teleconfer\u00e8ncies.<\/span><\/p><p><span style=\"font-weight: 400;\">La facilitaci\u00f3 orientada al proc\u00e9s \u00e9s m\u00e9s que un conjunt d\u2019habilitats. \u00c9s un estil de vida d\u2019aprenentatge constant que connecta les nostres experi\u00e8ncies internes amb el m\u00f3n que ens envolta. El programa est\u00e0 dissenyat per a millorar les carreres de les estudiants i nodrir els seus objectius tant personals com professionals. Encoratja en l\u2019aplicaci\u00f3 creativa de les habilitats de facilitaci\u00f3 en els diferents \u00e0mbits d\u2019inter\u00e8s.<\/span><\/p><p><span style=\"font-weight: 400;\">Els participants en el programa s\u00f3n guiats al llarg dels estudis per un facilitador\/a individual i un mentor\/a. Aquestes dues relacions s\u00f3n una pedra angular per l\u2019aprenentatge. A trav\u00e9s de la facilitaci\u00f3 individual, els\/les estudiants aprendran sobre elles mateixes i el seu proc\u00e9s de vida d\u2019una manera m\u00e9s personal i el mentor\/a el recolzar\u00e0 en el desenvolupament d\u2019una perspectiva de treball de processos m\u00e9s orientada als problemes que afronta com a professional i tamb\u00e9 en el desenvolupament de les habilitats pr\u00e0ctiques que el recolzin en aquest \u00e0mbit.<\/span><\/p><\/div>\n\t\t\t\t<\/div>\n\t\t\t\t<\/div>\n\t\t\t\t\t\t<\/div>\n\t\t\t\t\t<\/div>\n\t\t<\/div>\n\t\t\t\t\t\t\t\t<\/div>\n\t\t\t\t\t<\/div>\n\t\t<\/section>\n\t\t\t\t<section class=\"elementor-section elementor-top-section elementor-element elementor-element-76ddcb6 elementor-section-narrow_boxed elementor-section-height-default elementor-section-height-default\" data-id=\"76ddcb6\" data-element_type=\"section\" data-settings=\"{&quot;background_background&quot;:&quot;classic&quot;}\">\n\t\t\t\t\t\t<div class=\"elementor-container elementor-column-gap-default\">\n\t\t\t\t\t\t\t<div class=\"elementor-row\">\n\t\t\t\t\t<div class=\"elementor-column elementor-col-100 elementor-top-column elementor-element elementor-element-7c5b0f8\" data-id=\"7c5b0f8\" data-element_type=\"column\">\n\t\t\t<div class=\"elementor-column-wrap elementor-element-populated\">\n\t\t\t\t\t\t\t<div class=\"elementor-widget-wrap\">\n\t\t\t\t\t\t<div class=\"elementor-element elementor-element-4092609 elementor-widget elementor-widget-heading\" data-id=\"4092609\" data-element_type=\"widget\" data-widget_type=\"heading.default\">\n\t\t\t\t<div class=\"elementor-widget-container\">\n\t\t\t<h2 class=\"elementor-heading-title elementor-size-default\">Recomanem la formaci\u00f3 d\u2019Any Base, si:\n<\/h2>\t\t<\/div>\n\t\t\t\t<\/div>\n\t\t\t\t<div class=\"elementor-element elementor-element-f6eeab9 elementor-widget elementor-widget-text-editor\" data-id=\"f6eeab9\" data-element_type=\"widget\" data-widget_type=\"text-editor.default\">\n\t\t\t\t<div class=\"elementor-widget-container\">\n\t\t\t\t\t<div class=\"elementor-text-editor elementor-clearfix\"><ul>\n<li style=\"font-weight: 400;\"><span style=\"font-weight: 400;\">Est\u00e0s interessat en con\u00e8ixer-te m\u00e9s com a ser hum\u00e0 i viure m\u00e9s aprop del teu potencial.<\/span><\/li>\n<li style=\"font-weight: 400;\"><span style=\"font-weight: 400;\">Est\u00e0s interessat en desenvolupar una perspectiva de treball de processos en la vida i els desafiaments que esdevenen a trav\u00e9s de les relacions; al formar part de grups o comunitats;<\/span><\/li>\n<li style=\"font-weight: 400;\"><span style=\"font-weight: 400;\">Est\u00e0s interessat en problemes de salut amb s\u00edmptomes en el cos; Estats alterats o extrems de consci\u00e8ncia i tamb\u00e9 somnis i fantasies.<\/span><\/li>\n<li style=\"font-weight: 400;\"><span style=\"font-weight: 400;\">Est\u00e0s interessat en el desenvolupament de moltes de les habilitats i meta-habilitats necess\u00e0ries per a facilitar situacions dif\u00edcils.<\/span><\/li>\n<li style=\"font-weight: 400;\"><span style=\"font-weight: 400;\">Est\u00e0s interessat com a professional en aprofundir en les teves habilitats per a facilitar processos individuals i\/o grupals<\/span><\/li>\n<\/ul>\n<\/div>\n\t\t\t\t<\/div>\n\t\t\t\t<\/div>\n\t\t\t\t\t\t<\/div>\n\t\t\t\t\t<\/div>\n\t\t<\/div>\n\t\t\t\t\t\t\t\t<\/div>\n\t\t\t\t\t<\/div>\n\t\t<\/section>\n\t\t\t\t<section class=\"elementor-section elementor-top-section elementor-element elementor-element-c8e64c5 elementor-section-narrow_boxed elementor-section-height-default elementor-section-height-default\" data-id=\"c8e64c5\" data-element_type=\"section\">\n\t\t\t\t\t\t<div class=\"elementor-container elementor-column-gap-default\">\n\t\t\t\t\t\t\t<div class=\"elementor-row\">\n\t\t\t\t\t<div class=\"elementor-column elementor-col-100 elementor-top-column elementor-element elementor-element-698140a\" data-id=\"698140a\" data-element_type=\"column\">\n\t\t\t<div class=\"elementor-column-wrap elementor-element-populated\">\n\t\t\t\t\t\t\t<div class=\"elementor-widget-wrap\">\n\t\t\t\t\t\t<div class=\"elementor-element elementor-element-977d7e4 elementor-widget elementor-widget-heading\" data-id=\"977d7e4\" data-element_type=\"widget\" data-widget_type=\"heading.default\">\n\t\t\t\t<div class=\"elementor-widget-container\">\n\t\t\t<h2 class=\"elementor-heading-title elementor-size-default\">Al final de l\u2019Any Base, els\/les estudiants hauran adquirit:\n<\/h2>\t\t<\/div>\n\t\t\t\t<\/div>\n\t\t\t\t<div class=\"elementor-element elementor-element-0c5c635 elementor-widget elementor-widget-text-editor\" data-id=\"0c5c635\" data-element_type=\"widget\" data-widget_type=\"text-editor.default\">\n\t\t\t\t<div class=\"elementor-widget-container\">\n\t\t\t\t\t<div class=\"elementor-text-editor elementor-clearfix\"><ul>\n<li style=\"font-weight: 400;\"><span style=\"font-weight: 400;\">Una comprensi\u00f3 dels marcs de treball i les estructures utilitzades en Treball de Processos per a \u201cmapejar\u201d els diferents processos i permitre l\u2019intervenci\u00f3 i la facilitaci\u00f3.<\/span><\/li>\n<li style=\"font-weight: 400;\"><span style=\"font-weight: 400;\">Coneixement de les diverses aplicacions del Treball de Processos.<\/span><\/li>\n<li style=\"font-weight: 400;\"><span style=\"font-weight: 400;\">Experi\u00e8ncia pr\u00e0ctica amb diferents eines i t\u00e8cniques de facilitaci\u00f3.<\/span><\/li>\n<li style=\"font-weight: 400;\"><span style=\"font-weight: 400;\">Tamb\u00e9 hauran apr\u00e8s a identificar aquelles amb les que es troba m\u00e9s a gust, haur\u00e0 adquirit un coneixement m\u00e9s profund dels seus l\u00edmits d\u2019aprenentatge i una connexi\u00f3 amb el nivell somnis.<\/span><\/li>\n<li style=\"font-weight: 400;\"><span style=\"font-weight: 400;\">Una major consci\u00e8ncia dels propis objetius personals i professionals i de propi proc\u00e9s d\u2019individuaci\u00f3 (o creixement personal), i de la relaci\u00f3 entre ambdos.<\/span><\/li>\n<\/ul>\n<\/div>\n\t\t\t\t<\/div>\n\t\t\t\t<\/div>\n\t\t\t\t\t\t<\/div>\n\t\t\t\t\t<\/div>\n\t\t<\/div>\n\t\t\t\t\t\t\t\t<\/div>\n\t\t\t\t\t<\/div>\n\t\t<\/section>\n\t\t\t\t<section class=\"elementor-section elementor-top-section elementor-element elementor-element-451b3d9 elementor-section-narrow_boxed elementor-section-height-default elementor-section-height-default\" data-id=\"451b3d9\" data-element_type=\"section\" data-settings=\"{&quot;background_background&quot;:&quot;classic&quot;}\">\n\t\t\t\t\t\t<div class=\"elementor-container elementor-column-gap-default\">\n\t\t\t\t\t\t\t<div class=\"elementor-row\">\n\t\t\t\t\t<div class=\"elementor-column elementor-col-100 elementor-top-column elementor-element elementor-element-e15e311\" data-id=\"e15e311\" data-element_type=\"column\">\n\t\t\t<div class=\"elementor-column-wrap elementor-element-populated\">\n\t\t\t\t\t\t\t<div class=\"elementor-widget-wrap\">\n\t\t\t\t\t\t<div class=\"elementor-element elementor-element-15d93e8 elementor-widget elementor-widget-image\" data-id=\"15d93e8\" data-element_type=\"widget\" data-widget_type=\"image.default\">\n\t\t\t\t<div class=\"elementor-widget-container\">\n\t\t\t\t\t<div class=\"elementor-image\">\n\t\t\t\t\t\t\t\t\t\t\t<a href=\"http:\/\/www.trabajodeprocesos.net\/wp-content\/uploads\/2022\/05\/AB2023-flyer8_CAT.pdf\">\n\t\t\t\t\t\t\t<img loading=\"lazy\" decoding=\"async\" width=\"1000\" height=\"600\" src=\"https:\/\/www.trabajodeprocesos.net\/wp-content\/uploads\/2022\/06\/Fundamentos-15.png\" class=\"attachment-large size-large\" alt=\"\" srcset=\"https:\/\/www.trabajodeprocesos.net\/wp-content\/uploads\/2022\/06\/Fundamentos-15.png 1000w, https:\/\/www.trabajodeprocesos.net\/wp-content\/uploads\/2022\/06\/Fundamentos-15-300x180.png 300w, https:\/\/www.trabajodeprocesos.net\/wp-content\/uploads\/2022\/06\/Fundamentos-15-768x461.png 768w\" sizes=\"auto, (max-width: 1000px) 100vw, 1000px\" \/>\t\t\t\t\t\t\t\t<\/a>\n\t\t\t\t\t\t\t\t\t\t\t<\/div>\n\t\t\t\t<\/div>\n\t\t\t\t<\/div>\n\t\t\t\t<div class=\"elementor-element elementor-element-fe41d8b elementor-widget elementor-widget-heading\" data-id=\"fe41d8b\" data-element_type=\"widget\" data-widget_type=\"heading.default\">\n\t\t\t\t<div class=\"elementor-widget-container\">\n\t\t\t<h2 class=\"elementor-heading-title elementor-size-default\">Proc\u00e8s d'admissi\u00f3 Any Base<br><\/h2>\t\t<\/div>\n\t\t\t\t<\/div>\n\t\t\t\t<div class=\"elementor-element elementor-element-ac5c976 elementor-widget elementor-widget-text-editor\" data-id=\"ac5c976\" data-element_type=\"widget\" data-widget_type=\"text-editor.default\">\n\t\t\t\t<div class=\"elementor-widget-container\">\n\t\t\t\t\t<div class=\"elementor-text-editor elementor-clearfix\"><ol>\n<li>Haver assistit al seminari FONAMENTS 4,5,6 de novembre del 2022.<\/li>\n<li>Empleneu el formulari d&#8217;inscripci\u00f3 de la web abans del 15 de novembre de 2022.<\/li>\n<li>Realitzar el pagament de l&#8217;entrevista d&#8217;admissi\u00f3 (150\u20ac)<\/li>\n<li>L&#8217;Escola us facilitar\u00e0 un llistat per a la sessi\u00f3 de ter\u00e0pia (60 -70 \u20ac aprox\/segons terapueta)<\/li>\n<li>L&#8217;Escola donar\u00e0 data per a l&#8217;entrevista<\/li>\n<li>Sessi\u00f3 de ter\u00e0pia amb un treballador\/a de Treball de Processos en qu\u00e8 la persona candidata explora en profunditat juntament amb el\/la terapeuta el seu ingr\u00e9s al programa (en videoconfer\u00e8ncia o de manera presencial) \u2013<\/li>\n<li>Escriure un resum de la sessi\u00f3 en ter\u00e0pia i enviar-lo al coordinador\/a d&#8217;estudiants info@trabajodeprocesos.net<\/li>\n<li>Enviar la documentaci\u00f3 definitiva abans de l&#8217;entrevista que heu d&#8217;incloure:<\/li>\n<\/ol>\n<ul>\n<li><span style=\"background-color: transparent; color: inherit; font-family: inherit; font-size: inherit; font-weight: inherit;\">&nbsp;dades personals,<\/span><\/li>\n<li><span style=\"background-color: transparent; color: inherit; font-family: inherit; font-size: inherit; font-weight: inherit;\">CV,<\/span><\/li>\n<li><span style=\"background-color: transparent; color: inherit; font-family: inherit; font-size: inherit; font-weight: inherit;\">resum de la sessi\u00f3 de ter\u00e0pia,<\/span><\/li>\n<li><span style=\"background-color: transparent; color: inherit; font-family: inherit; font-size: inherit; font-weight: inherit;\">descripci\u00f3 personal sobre la teva motivaci\u00f3 per estudiar Treball de Processos i<\/span><\/li>\n<li><span style=\"background-color: transparent; color: inherit; font-family: inherit; font-size: inherit; font-weight: inherit;\">dues refer\u00e8ncies professionals, establint antecedents i la predisposici\u00f3 per aprendre de manera orientada a processos.<\/span><\/li>\n<\/ul>\n<p>9.<span style=\"background-color: transparent; color: inherit; font-family: inherit; font-size: inherit; font-weight: inherit;\">Entrevista amb 2 Treballadors\/es de Processos (en videoconfer\u00e8ncia o presencialment).<\/span><\/p><p><span style=\"background-color: transparent; color: inherit; font-family: inherit; font-size: inherit; font-weight: inherit;\"><br><\/span><\/p><p><span style=\"background-color: transparent; color: inherit; font-family: inherit; font-size: inherit; font-weight: inherit;\"><br><\/span><\/p><p>Compte Corrent Caixa Enginyers: ES87 3025 0011 7114 0009 4123<\/p><p>NOTA: \u00c9s possible no passar el proc\u00e9s d&#8217;entrada, cosa que no d\u00f3na dret a la devoluci\u00f3 del cost.<\/p><p><span style=\"background-color: transparent;\"><\/span><\/p><p>La inscripci\u00f3 NO est\u00e0 confirmada fins que no passeu l&#8217;entrevista d&#8217;admissi\u00f3.<\/p>\n<p><\/p>\n<div><br><\/div><\/div>\n\t\t\t\t<\/div>\n\t\t\t\t<\/div>\n\t\t\t\t<div class=\"elementor-element elementor-element-8b409e1 elementor-aspect-ratio-169 elementor-widget elementor-widget-video\" data-id=\"8b409e1\" data-element_type=\"widget\" data-settings=\"{&quot;aspect_ratio&quot;:&quot;169&quot;}\" data-widget_type=\"video.default\">\n\t\t\t\t<div class=\"elementor-widget-container\">\n\t\t\t\t\t<div class=\"elementor-wrapper elementor-fit-aspect-ratio elementor-open-inline\">\n\t\t\t<iframe class=\"elementor-video-iframe\" allowfullscreen title=\"Reproductor de v\u00eddeo youtube\" src=\"https:\/\/www.youtube.com\/embed\/6wnsFnPUACE?feature=oembed&amp;autoplay=1&amp;playsinline=1&amp;start&amp;end&amp;wmode=opaque&amp;loop=0&amp;controls=0&amp;mute=0&amp;rel=0&amp;modestbranding=0\"><\/iframe>\t\t<\/div>\n\t\t\t\t<\/div>\n\t\t\t\t<\/div>\n\t\t\t\t<div class=\"elementor-element elementor-element-97b0f05 elementor-widget elementor-widget-spacer\" data-id=\"97b0f05\" data-element_type=\"widget\" data-widget_type=\"spacer.default\">\n\t\t\t\t<div class=\"elementor-widget-container\">\n\t\t\t\t\t<div class=\"elementor-spacer\">\n\t\t\t<div class=\"elementor-spacer-inner\"><\/div>\n\t\t<\/div>\n\t\t\t\t<\/div>\n\t\t\t\t<\/div>\n\t\t\t\t<div class=\"elementor-element elementor-element-37eda3d elementor-align-center elementor-widget elementor-widget-button\" data-id=\"37eda3d\" data-element_type=\"widget\" data-widget_type=\"button.default\">\n\t\t\t\t<div class=\"elementor-widget-container\">\n\t\t\t\t\t<div class=\"elementor-button-wrapper\">\n\t\t\t<a href=\"https:\/\/forms.gle\/P44WgR2HvhHuAsjx7\" class=\"elementor-button-link elementor-button elementor-size-sm\" role=\"button\">\n\t\t\t\t\t\t<span class=\"elementor-button-content-wrapper\">\n\t\t\t\t\t\t<span class=\"elementor-button-text\">Inscripci\u00f3 ANY BASE  2023<\/span>\n\t\t<\/span>\n\t\t\t\t\t<\/a>\n\t\t<\/div>\n\t\t\t\t<\/div>\n\t\t\t\t<\/div>\n\t\t\t\t<section class=\"elementor-section elementor-inner-section elementor-element elementor-element-bac2bc7 elementor-section-boxed elementor-section-height-default elementor-section-height-default\" data-id=\"bac2bc7\" data-element_type=\"section\">\n\t\t\t\t\t\t<div class=\"elementor-container elementor-column-gap-default\">\n\t\t\t\t\t\t\t<div class=\"elementor-row\">\n\t\t\t\t\t<div class=\"elementor-column elementor-col-100 elementor-inner-column elementor-element elementor-element-83bfd55\" data-id=\"83bfd55\" data-element_type=\"column\">\n\t\t\t<div class=\"elementor-column-wrap elementor-element-populated\">\n\t\t\t\t\t\t\t<div class=\"elementor-widget-wrap\">\n\t\t\t\t\t\t<div class=\"elementor-element elementor-element-153c21e elementor-align-center elementor-widget elementor-widget-button\" data-id=\"153c21e\" data-element_type=\"widget\" data-widget_type=\"button.default\">\n\t\t\t\t<div class=\"elementor-widget-container\">\n\t\t\t\t\t<div class=\"elementor-button-wrapper\">\n\t\t\t<a href=\"https:\/\/www.trabajodeprocesos.net\/ca\/calendari-estudiants\/\" class=\"elementor-button-link elementor-button elementor-size-sm\" role=\"button\">\n\t\t\t\t\t\t<span class=\"elementor-button-content-wrapper\">\n\t\t\t\t\t\t<span class=\"elementor-button-text\">CALENDARI ANY BASE 2023 <\/span>\n\t\t<\/span>\n\t\t\t\t\t<\/a>\n\t\t<\/div>\n\t\t\t\t<\/div>\n\t\t\t\t<\/div>\n\t\t\t\t\t\t<\/div>\n\t\t\t\t\t<\/div>\n\t\t<\/div>\n\t\t\t\t\t\t\t\t<\/div>\n\t\t\t\t\t<\/div>\n\t\t<\/section>\n\t\t\t\t<div class=\"elementor-element elementor-element-80ad74c elementor-widget elementor-widget-text-editor\" data-id=\"80ad74c\" data-element_type=\"widget\" data-widget_type=\"text-editor.default\">\n\t\t\t\t<div class=\"elementor-widget-container\">\n\t\t\t\t\t<div class=\"elementor-text-editor elementor-clearfix\"><\/div>\n\t\t\t\t<\/div>\n\t\t\t\t<\/div>\n\t\t\t\t<div class=\"elementor-element elementor-element-fabb204 elementor-widget elementor-widget-text-editor\" data-id=\"fabb204\" data-element_type=\"widget\" data-widget_type=\"text-editor.default\">\n\t\t\t\t<div class=\"elementor-widget-container\">\n\t\t\t\t\t<div class=\"elementor-text-editor elementor-clearfix\"><p style=\"margin-top: 16px; font-family: Poppins, sans-serif; font-weight: 400; font-size: 16px; color: #333333;\"><span style=\"font-weight: 600; color: inherit;\">INSCRIPCI\u00d3 PROC\u00c9S D&#8217;ADMISSI\u00d3<\/span><\/p><p style=\"margin-top: 16px; font-family: Poppins, sans-serif; font-weight: 400; font-size: 16px; color: #333333;\"><span style=\"background-color: transparent; color: inherit; font-family: inherit; font-size: inherit; font-weight: inherit;\">Un cop has realitzat el proc\u00e9s d&#8217;entrada i has estat adm\u00e8s\/a per formalitzar la inscripci\u00f3 cal pagar la matr\u00edcula del curs que comen\u00e7a al gener: 350 \u20ac\/anual \u2013 dades 2022. (*) a m\u00e9s dels 18 dies de formaci\u00f3 (80 \u20ac\/dia) sistema tot incl\u00f2s, escriure a info@trabajodeprocesos.net<\/span><\/p><p style=\"font-family: Poppins, sans-serif; font-weight: 400; font-size: 16px; color: #333333;\">El 2023 increment matr\u00edcula i preus 10% a causa de la inflaci\u00f3 actual.<\/p><p style=\"font-family: Poppins, sans-serif; font-weight: 400; font-size: 16px; color: #333333;\">\u00a0<\/p><p style=\"font-family: Poppins, sans-serif; font-weight: 400; font-size: 16px; color: #333333;\"><span style=\"font-weight: 600; color: inherit;\">MODALITAT DE LA FORMACI\u00d3:<\/span><\/p><ol style=\"font-size: 16px; background-color: #f6f6f6;\"><li>La formaci\u00f3 \u00e9s principalment presencial (requisits per superar l&#8217;any base:\u00a0<span style=\"font-weight: bold; color: inherit;\">18 dies<\/span>\u00a0d&#8217;entrenament presencials obligatoris) i biling\u00fce.<\/li><li>Les activitats de formaci\u00f3 s\u00f3n en angl\u00e8s i espanyol, sempre amb traducci\u00f3 simult\u00e0nia, per\u00f2 a mesura que avan\u00e7a la formaci\u00f3 hi ha molta informaci\u00f3 en angl\u00e8s, aix\u00ed que el coneixement d&#8217;aquest idioma us ser\u00e0 molt \u00fatil.<\/li><\/ol><\/div>\n\t\t\t\t<\/div>\n\t\t\t\t<\/div>\n\t\t\t\t<div class=\"elementor-element elementor-element-1d1a80d elementor-align-center elementor-widget elementor-widget-button\" data-id=\"1d1a80d\" data-element_type=\"widget\" data-widget_type=\"button.default\">\n\t\t\t\t<div class=\"elementor-widget-container\">\n\t\t\t\t\t<div class=\"elementor-button-wrapper\">\n\t\t\t<a href=\"https:\/\/www.trabajodeprocesos.net\/ca\/calendari-estudiants\/\" class=\"elementor-button-link elementor-button elementor-size-sm\" role=\"button\">\n\t\t\t\t\t\t<span class=\"elementor-button-content-wrapper\">\n\t\t\t\t\t\t<span class=\"elementor-button-text\">CALENDARI ANY BASE 2023 <\/span>\n\t\t<\/span>\n\t\t\t\t\t<\/a>\n\t\t<\/div>\n\t\t\t\t<\/div>\n\t\t\t\t<\/div>\n\t\t\t\t<div class=\"elementor-element elementor-element-19da737 elementor-align-center elementor-widget elementor-widget-button\" data-id=\"19da737\" data-element_type=\"widget\" data-widget_type=\"button.default\">\n\t\t\t\t<div class=\"elementor-widget-container\">\n\t\t\t\t\t<div class=\"elementor-button-wrapper\">\n\t\t\t<a href=\"https:\/\/forms.gle\/P44WgR2HvhHuAsjx7\" class=\"elementor-button-link elementor-button elementor-size-sm\" role=\"button\">\n\t\t\t\t\t\t<span class=\"elementor-button-content-wrapper\">\n\t\t\t\t\t\t<span class=\"elementor-button-text\">Inscripci\u00f3 ANY BASE  2023<\/span>\n\t\t<\/span>\n\t\t\t\t\t<\/a>\n\t\t<\/div>\n\t\t\t\t<\/div>\n\t\t\t\t<\/div>\n\t\t\t\t\t\t<\/div>\n\t\t\t\t\t<\/div>\n\t\t<\/div>\n\t\t\t\t\t\t\t\t<\/div>\n\t\t\t\t\t<\/div>\n\t\t<\/section>\n\t\t\t\t<section class=\"elementor-section elementor-top-section elementor-element elementor-element-99063d3 elementor-section-boxed elementor-section-height-default elementor-section-height-default\" data-id=\"99063d3\" data-element_type=\"section\">\n\t\t\t\t\t\t<div class=\"elementor-container elementor-column-gap-default\">\n\t\t\t\t\t\t\t<div class=\"elementor-row\">\n\t\t\t\t\t<div class=\"elementor-column elementor-col-100 elementor-top-column elementor-element elementor-element-b4db926\" data-id=\"b4db926\" data-element_type=\"column\">\n\t\t\t<div class=\"elementor-column-wrap elementor-element-populated\">\n\t\t\t\t\t\t\t<div class=\"elementor-widget-wrap\">\n\t\t\t\t\t\t<section class=\"elementor-section elementor-inner-section elementor-element elementor-element-0b4d804 elementor-section-boxed elementor-section-height-default elementor-section-height-default\" data-id=\"0b4d804\" data-element_type=\"section\">\n\t\t\t\t\t\t<div class=\"elementor-container elementor-column-gap-default\">\n\t\t\t\t\t\t\t<div class=\"elementor-row\">\n\t\t\t\t\t<div class=\"elementor-column elementor-col-50 elementor-inner-column elementor-element elementor-element-482a8fe\" data-id=\"482a8fe\" data-element_type=\"column\">\n\t\t\t<div class=\"elementor-column-wrap elementor-element-populated\">\n\t\t\t\t\t\t\t<div class=\"elementor-widget-wrap\">\n\t\t\t\t\t\t<div class=\"elementor-element elementor-element-2ae644d elementor-widget elementor-widget-text-editor\" data-id=\"2ae644d\" data-element_type=\"widget\" data-widget_type=\"text-editor.default\">\n\t\t\t\t<div class=\"elementor-widget-container\">\n\t\t\t\t\t<div class=\"elementor-text-editor elementor-clearfix\"><div class=\"fusion-title title fusion-sep-none fusion-title-size-three fusion-border-below-title\"><h3 class=\"title-heading-left\">Pr\u00f2xima obertura pre-inscripci\u00f3 Any Base\u00a0<\/h3><\/div><div class=\"fusion-text\"><div class=\"fusion-text\"><p><span lang=\"CA\"><strong>Si tens algun dubte sobre la formaci\u00f3 marca la casella al final del formulari<\/strong>\u00a0i ens posarem en contacte amb tu per a concertar una reuni\u00f3 per Skype o tel\u00e8fon.<\/span><\/p><p><span lang=\"CA\">Realitzarem el proc\u00e9s d\u2019entrada duant el mes de novembre i la formaci\u00f3 comen\u00e7ar\u00e0 al novembre amb FUNDAMENTOS.<\/span><\/p><\/div><div class=\"fusion-title title fusion-sep-none fusion-title-size-five fusion-border-below-title\"><h5 class=\"title-heading-left\"><a href=\"https:\/\/www.trabajodeprocesos.net\/ca\/politica-de-privacitat\/\" target=\"_blank\" rel=\"noopener\">Protecci\u00f3 de dades<\/a><\/h5><\/div><div class=\"fusion-text\"><p>Aquestes s\u00f3n les dades que et demanem per a preinscriure\u00b4t a la formaci\u00f3 de Treball de Processos. Respectems molt la teva privacitat, les teves dades seran utilitzades \u00fanicament per a aquesta finalitat i no els compatirem amb ning\u00fa m\u00e9s.<\/p><\/div><\/div><\/div>\n\t\t\t\t<\/div>\n\t\t\t\t<\/div>\n\t\t\t\t\t\t<\/div>\n\t\t\t\t\t<\/div>\n\t\t<\/div>\n\t\t\t\t<div class=\"elementor-column elementor-col-50 elementor-inner-column elementor-element elementor-element-7dbf0e3\" data-id=\"7dbf0e3\" data-element_type=\"column\">\n\t\t\t<div class=\"elementor-column-wrap elementor-element-populated\">\n\t\t\t\t\t\t\t<div class=\"elementor-widget-wrap\">\n\t\t\t\t\t\t<div class=\"elementor-element elementor-element-883162e elementor-widget elementor-widget-shortcode\" data-id=\"883162e\" data-element_type=\"widget\" data-widget_type=\"shortcode.default\">\n\t\t\t\t<div class=\"elementor-widget-container\">\n\t\t\t\t\t<div class=\"elementor-shortcode\"><div role=\"form\" class=\"wpcf7\" id=\"wpcf7-f7125-o1\" lang=\"ca\" dir=\"ltr\">\n<div class=\"screen-reader-response\"><p role=\"status\" aria-live=\"polite\" aria-atomic=\"true\"><\/p> <ul><\/ul><\/div>\n<form action=\"\/ca\/wp-json\/wp\/v2\/pages\/1019#wpcf7-f7125-o1\" method=\"post\" class=\"wpcf7-form init\" novalidate=\"novalidate\" data-status=\"init\">\n<div style=\"display: none;\">\n<input type=\"hidden\" name=\"_wpcf7\" value=\"7125\" \/>\n<input type=\"hidden\" name=\"_wpcf7_version\" value=\"5.3.2\" \/>\n<input type=\"hidden\" name=\"_wpcf7_locale\" value=\"ca\" \/>\n<input type=\"hidden\" name=\"_wpcf7_unit_tag\" value=\"wpcf7-f7125-o1\" \/>\n<input type=\"hidden\" name=\"_wpcf7_container_post\" value=\"0\" \/>\n<input type=\"hidden\" name=\"_wpcf7_posted_data_hash\" value=\"\" \/>\n<input type=\"hidden\" name=\"_wpcf7_recaptcha_response\" value=\"\" \/>\n<\/div>\n<p><span style=\"font-size:12px;\">Els camps amb * s\u00f3n obligatoris<\/span><\/p>\n<p><label> Nom i cognoms *<br \/>\n    <span class=\"wpcf7-form-control-wrap your-name\"><input type=\"text\" name=\"your-name\" value=\"\" size=\"40\" class=\"wpcf7-form-control wpcf7-text wpcf7-validates-as-required\" aria-required=\"true\" aria-invalid=\"false\" \/><\/span> <\/label><\/p>\n<p><label> Tel\u00e8fon *<br \/>\n   <span class=\"wpcf7-form-control-wrap your-telephone\"><input type=\"tel\" name=\"your-telephone\" value=\"\" size=\"40\" class=\"wpcf7-form-control wpcf7-text wpcf7-tel wpcf7-validates-as-required wpcf7-validates-as-tel\" aria-required=\"true\" aria-invalid=\"false\" \/><\/span> <\/label><\/p>\n<p><label> Correu electr\u00f2nic *<br \/>\n    <span class=\"wpcf7-form-control-wrap your-email\"><input type=\"email\" name=\"your-email\" value=\"\" size=\"40\" class=\"wpcf7-form-control wpcf7-text wpcf7-email wpcf7-validates-as-required wpcf7-validates-as-email\" aria-required=\"true\" aria-invalid=\"false\" \/><\/span> <\/label><\/p>\n<p><label> Direcci\u00f3 de Skype (si la tens)<br \/>\n    <span class=\"wpcf7-form-control-wrap your-skype\"><input type=\"text\" name=\"your-skype\" value=\"\" size=\"40\" class=\"wpcf7-form-control wpcf7-text\" aria-invalid=\"false\" \/><\/span> <\/label><\/p>\n<p><label> Assumpte<br \/>\n<span class=\"wpcf7-form-control-wrap your-subject\"><select name=\"your-subject\" class=\"wpcf7-form-control wpcf7-select wpcf7-validates-as-required\" aria-required=\"true\" aria-invalid=\"false\"><option value=\"Pre-inscripci\u00f3 Any Base\">Pre-inscripci\u00f3 Any Base<\/option><\/select><\/span><\/label><\/p>\n<p><label> Per qu\u00e8 est\u00e0s interessat en realitzar aquesta formaci\u00f3? *<br \/>\n    <span class=\"wpcf7-form-control-wrap your-message\"><textarea name=\"your-message\" cols=\"40\" rows=\"10\" class=\"wpcf7-form-control wpcf7-textarea wpcf7-validates-as-required\" aria-required=\"true\" aria-invalid=\"false\"><\/textarea><\/span> <\/label><\/p>\n<p><span class=\"wpcf7-form-control-wrap checkbox-199\"><span class=\"wpcf7-form-control wpcf7-checkbox\"><span class=\"wpcf7-list-item first\"><label><input type=\"checkbox\" name=\"checkbox-199[]\" value=\"Puc fer les sessiones de ter\u00e0pia\/mentoria en angl\u00e8s\" \/><span class=\"wpcf7-list-item-label\">Puc fer les sessiones de ter\u00e0pia\/mentoria en angl\u00e8s<\/span><\/label><\/span><span class=\"wpcf7-list-item\"><label><input type=\"checkbox\" name=\"checkbox-199[]\" value=\"M&#039;agradaria concretar una reuni\u00f3 per resoldre dubtes.\" \/><span class=\"wpcf7-list-item-label\">M&#039;agradaria concretar una reuni\u00f3 per resoldre dubtes.<\/span><\/label><\/span><span class=\"wpcf7-list-item\"><label><input type=\"checkbox\" name=\"checkbox-199[]\" value=\"AcCepto pol\u00edtica de protecci\u00f3 de dades. NOTA: si no acceptes no podrem gestionar la teva sol.licitud d&#039;informaci\u00f3.\" \/><span class=\"wpcf7-list-item-label\">AcCepto pol\u00edtica de protecci\u00f3 de dades. NOTA: si no acceptes no podrem gestionar la teva sol.licitud d&#039;informaci\u00f3.<\/span><\/label><\/span><span class=\"wpcf7-list-item last\"><label><input type=\"checkbox\" name=\"checkbox-199[]\" value=\"Autoritzo la suscripci\u00f3 al vostre butllet\u00ed.\" \/><span class=\"wpcf7-list-item-label\">Autoritzo la suscripci\u00f3 al vostre butllet\u00ed.<\/span><\/label><\/span><\/span><\/span><\/p>\n<p><input type=\"submit\" value=\"Enviar\" class=\"wpcf7-form-control wpcf7-submit\" \/><\/p>\n<div class=\"wpcf7-response-output\" aria-hidden=\"true\"><\/div><\/form><\/div><\/div>\n\t\t\t\t<\/div>\n\t\t\t\t<\/div>\n\t\t\t\t\t\t<\/div>\n\t\t\t\t\t<\/div>\n\t\t<\/div>\n\t\t\t\t\t\t\t\t<\/div>\n\t\t\t\t\t<\/div>\n\t\t<\/section>\n\t\t\t\t\t\t<\/div>\n\t\t\t\t\t<\/div>\n\t\t<\/div>\n\t\t\t\t\t\t\t\t<\/div>\n\t\t\t\t\t<\/div>\n\t\t<\/section>\n\t\t\t\t\t\t<\/div>\n\t\t\t\t\t\t<\/div>\n\t\t\t\t\t<\/div>\n\t\t","protected":false},"excerpt":{"rendered":"<p>El programa d&#8217;un any de durada (gener a desembre) es basa en tres fonaments d\u2019aprenentatge: Aprendre en comunitat Unir els mons interiors i exteriors Mentoria i sessions individuals Els i les estudiants treballen en un context grupal, formant grups de companys que progressen junts a trav\u00e9s del programa, com a part de la comunitat d\u2019aprenentatge. [&hellip;]<\/p>\n","protected":false},"author":6,"featured_media":588,"parent":1004,"menu_order":0,"comment_status":"closed","ping_status":"closed","template":"","meta":{"footnotes":""},"class_list":["post-1019","page","type-page","status-publish","has-post-thumbnail","hentry"],"yoast_head":"<!-- This site is optimized with the Yoast SEO plugin v15.4 - https:\/\/yoast.com\/wordpress\/plugins\/seo\/ -->\n<title>Any Base - Trabajo de Procesos<\/title>\n<meta name=\"robots\" content=\"index, follow, max-snippet:-1, max-image-preview:large, max-video-preview:-1\" \/>\n<link rel=\"canonical\" href=\"https:\/\/www.trabajodeprocesos.net\/ca\/programes-de-formacio\/any-base\/\" \/>\n<meta property=\"og:locale\" content=\"ca_ES\" \/>\n<meta property=\"og:type\" content=\"article\" \/>\n<meta property=\"og:title\" content=\"Any Base - Trabajo de Procesos\" \/>\n<meta property=\"og:description\" content=\"El programa d&#8217;un any de durada (gener a desembre) es basa en tres fonaments d\u2019aprenentatge: Aprendre en comunitat Unir els mons interiors i exteriors Mentoria i sessions individuals Els i les estudiants treballen en un context grupal, formant grups de companys que progressen junts a trav\u00e9s del programa, com a part de la comunitat d\u2019aprenentatge. [&hellip;]\" \/>\n<meta property=\"og:url\" content=\"https:\/\/www.trabajodeprocesos.net\/ca\/programes-de-formacio\/any-base\/\" \/>\n<meta property=\"og:site_name\" content=\"Trabajo de Procesos\" \/>\n<meta property=\"article:modified_time\" content=\"2022-10-28T13:54:56+00:00\" \/>\n<meta property=\"og:image\" content=\"https:\/\/www.trabajodeprocesos.net\/wp-content\/uploads\/2019\/12\/formacion-talleres.jpg\" \/>\n\t<meta property=\"og:image:width\" content=\"1920\" \/>\n\t<meta property=\"og:image:height\" content=\"470\" \/>\n<meta name=\"twitter:card\" content=\"summary_large_image\" \/>\n<meta name=\"twitter:label1\" content=\"Escrit per\">\n\t<meta name=\"twitter:data1\" content=\"Admin\">\n\t<meta name=\"twitter:label2\" content=\"Temps estimat de lectura\">\n\t<meta name=\"twitter:data2\" content=\"4 minuts\">\n<script type=\"application\/ld+json\" class=\"yoast-schema-graph\">{\"@context\":\"https:\/\/schema.org\",\"@graph\":[{\"@type\":\"WebSite\",\"@id\":\"https:\/\/www.trabajodeprocesos.net\/ca\/#website\",\"url\":\"https:\/\/www.trabajodeprocesos.net\/ca\/\",\"name\":\"Trabajo de Procesos\",\"description\":\"\",\"potentialAction\":[{\"@type\":\"SearchAction\",\"target\":\"https:\/\/www.trabajodeprocesos.net\/ca\/?s={search_term_string}\",\"query-input\":\"required name=search_term_string\"}],\"inLanguage\":\"ca\"},{\"@type\":\"ImageObject\",\"@id\":\"https:\/\/www.trabajodeprocesos.net\/ca\/programes-de-formacio\/any-base\/#primaryimage\",\"inLanguage\":\"ca\",\"url\":\"https:\/\/www.trabajodeprocesos.net\/wp-content\/uploads\/2019\/12\/formacion-talleres.jpg\",\"width\":1920,\"height\":470},{\"@type\":\"WebPage\",\"@id\":\"https:\/\/www.trabajodeprocesos.net\/ca\/programes-de-formacio\/any-base\/#webpage\",\"url\":\"https:\/\/www.trabajodeprocesos.net\/ca\/programes-de-formacio\/any-base\/\",\"name\":\"Any Base - Trabajo de Procesos\",\"isPartOf\":{\"@id\":\"https:\/\/www.trabajodeprocesos.net\/ca\/#website\"},\"primaryImageOfPage\":{\"@id\":\"https:\/\/www.trabajodeprocesos.net\/ca\/programes-de-formacio\/any-base\/#primaryimage\"},\"datePublished\":\"2020-06-26T11:11:45+00:00\",\"dateModified\":\"2022-10-28T13:54:56+00:00\",\"inLanguage\":\"ca\",\"potentialAction\":[{\"@type\":\"ReadAction\",\"target\":[\"https:\/\/www.trabajodeprocesos.net\/ca\/programes-de-formacio\/any-base\/\"]}]}]}<\/script>\n<!-- \/ Yoast SEO plugin. -->","_links":{"self":[{"href":"https:\/\/www.trabajodeprocesos.net\/ca\/wp-json\/wp\/v2\/pages\/1019","targetHints":{"allow":["GET"]}}],"collection":[{"href":"https:\/\/www.trabajodeprocesos.net\/ca\/wp-json\/wp\/v2\/pages"}],"about":[{"href":"https:\/\/www.trabajodeprocesos.net\/ca\/wp-json\/wp\/v2\/types\/page"}],"author":[{"embeddable":true,"href":"https:\/\/www.trabajodeprocesos.net\/ca\/wp-json\/wp\/v2\/users\/6"}],"replies":[{"embeddable":true,"href":"https:\/\/www.trabajodeprocesos.net\/ca\/wp-json\/wp\/v2\/comments?post=1019"}],"version-history":[{"count":112,"href":"https:\/\/www.trabajodeprocesos.net\/ca\/wp-json\/wp\/v2\/pages\/1019\/revisions"}],"predecessor-version":[{"id":15834,"href":"https:\/\/www.trabajodeprocesos.net\/ca\/wp-json\/wp\/v2\/pages\/1019\/revisions\/15834"}],"up":[{"embeddable":true,"href":"https:\/\/www.trabajodeprocesos.net\/ca\/wp-json\/wp\/v2\/pages\/1004"}],"wp:featuredmedia":[{"embeddable":true,"href":"https:\/\/www.trabajodeprocesos.net\/ca\/wp-json\/wp\/v2\/media\/588"}],"wp:attachment":[{"href":"https:\/\/www.trabajodeprocesos.net\/ca\/wp-json\/wp\/v2\/media?parent=1019"}],"curies":[{"name":"wp","href":"https:\/\/api.w.org\/{rel}","templated":true}]}}